{"id":30589,"date":"2023-12-13T14:44:57","date_gmt":"2023-12-13T12:44:57","guid":{"rendered":"https:\/\/polishwomen.md\/kladbishhe\/"},"modified":"2025-01-17T07:43:35","modified_gmt":"2025-01-17T05:43:35","slug":"kladbishhe","status":"publish","type":"page","link":"https:\/\/polishwomen.md\/ru\/kladbishhe\/","title":{"rendered":"\u041a\u041b\u0410\u0414\u0411\u0418\u0429\u0415"},"content":{"rendered":"\t\t<div data-elementor-type=\"wp-page\" data-elementor-id=\"30589\" class=\"elementor elementor-30589 elementor-29124\" data-elementor-post-type=\"page\">\n\t\t\t\t\t\t<section class=\"elementor-section elementor-top-section elementor-element elementor-element-091870c elementor-section-stretched elementor-section-boxed elementor-section-height-default elementor-section-height-default\" data-id=\"091870c\" data-element_type=\"section\" data-settings=\"{&quot;stretch_section&quot;:&quot;section-stretched&quot;,&quot;background_background&quot;:&quot;classic&quot;}\">\n\t\t\t\t\t\t<div class=\"elementor-container elementor-column-gap-default\">\n\t\t\t\t\t<div class=\"elementor-column elementor-col-50 elementor-top-column elementor-element elementor-element-87b1c31\" data-id=\"87b1c31\" data-element_type=\"column\">\n\t\t\t<div class=\"elementor-widget-wrap elementor-element-populated\">\n\t\t\t\t\t\t<div class=\"elementor-element elementor-element-8086a81 elementor-widget elementor-widget-rs-heading\" data-id=\"8086a81\" data-element_type=\"widget\" data-widget_type=\"rs-heading.default\">\n\t\t\t\t<div class=\"elementor-widget-container\">\n\t\t\t\n        <div class=\"prelements-heading style4 animate- \">\n        \t<div class=\"title-inner\"> \n\t        \t       \t\t      \t\t\n\t            <h1 class=\"title\"><span class=\"watermark\">Team<\/span>\u041a\u043b\u0430\u0434\u0431\u0438\u0449\u0435<\/h1><span class=\"sub-text\"> <\/span>\t\t\t\t\n\t\t\t\t\t        <\/div>\n\t                <\/div>\n        \t\t<\/div>\n\t\t\t\t<\/div>\n\t\t\t\t\t<\/div>\n\t\t<\/div>\n\t\t\t\t<div class=\"elementor-column elementor-col-50 elementor-top-column elementor-element elementor-element-0c8bae1\" data-id=\"0c8bae1\" data-element_type=\"column\">\n\t\t\t<div class=\"elementor-widget-wrap\">\n\t\t\t\t\t\t\t<\/div>\n\t\t<\/div>\n\t\t\t\t\t<\/div>\n\t\t<\/section>\n\t\t\t\t<section class=\"elementor-section elementor-top-section elementor-element elementor-element-1f656be elementor-section-boxed elementor-section-height-default elementor-section-height-default\" data-id=\"1f656be\" data-element_type=\"section\">\n\t\t\t\t\t\t<div class=\"elementor-container elementor-column-gap-default\">\n\t\t\t\t\t<div class=\"elementor-column elementor-col-100 elementor-top-column elementor-element elementor-element-29366ba\" data-id=\"29366ba\" data-element_type=\"column\">\n\t\t\t<div class=\"elementor-widget-wrap elementor-element-populated\">\n\t\t\t\t\t\t<div class=\"elementor-element elementor-element-fc0c688 elementor-widget elementor-widget-rs-heading\" data-id=\"fc0c688\" data-element_type=\"widget\" data-widget_type=\"rs-heading.default\">\n\t\t\t\t<div class=\"elementor-widget-container\">\n\t\t\t\n        <div class=\"prelements-heading style4 animate-default \">\n        \t<div class=\"title-inner\"> \n\t        \t       \t\t      \t\t\n\t            <h2 class=\"title\"><span class=\"watermark\"><\/span>\u041a\u043b\u0430\u0434\u0431\u0438\u0449\u0435 \u0431\u044b\u043b\u043e \u043e\u0441\u043d\u043e\u0432\u0430\u043d\u043e \u043e\u043a\u043e\u043b\u043e 1813 \u0433\u043e\u0434\u0430 \u043f\u043e \u0440\u0435\u0448\u0435\u043d\u0438\u044e \u043c\u0438\u0442\u0440\u043e\u043f\u043e\u043b\u0438\u0442\u0430 \u0411\u044d\u043d\u0443\u043b\u0435\u0441\u043a\u0443-\u0411\u043e\u0434\u043e\u043d\u0438.<\/h2>\t\t\t\t\n\t\t\t\t\t        <\/div>\n\t                    \t<div class=\"description\">\n            \t\t            \t\t<p>\u0417\u0434\u0435\u0441\u044c \u043f\u043e\u043a\u043e\u0438\u0442\u0441\u044f \u043f\u0440\u0430\u0445 \u0437\u043d\u0430\u043c\u0435\u043d\u0438\u0442\u044b\u0445 \u043c\u0435\u0446\u0435\u043d\u0430\u0442\u043e\u0432, \u0434\u0432\u043e\u0440\u044f\u043d, \u043a\u0443\u043f\u0446\u043e\u0432 \u0438 \u0430\u0440\u0445\u0438\u0442\u0435\u043a\u0442\u043e\u0440\u043e\u0432. \u0421\u0440\u0435\u0434\u0438 \u0441\u043e\u0432\u0440\u0435\u043c\u0435\u043d\u043d\u044b\u0445 \u0434\u0435\u044f\u0442\u0435\u043b\u0435\u0439 \u0437\u0434\u0435\u0441\u044c \u043f\u043e\u0445\u043e\u0440\u043e\u043d\u0435\u043d \u0412\u0430\u043b\u0435\u043d\u0442\u0438\u043d \u0412\u043e\u0439\u0446\u0435\u0445\u043e\u0432\u0441\u043a\u0438\u0439.<\/p><p>\u0420\u0435\u0435\u0441\u0442\u0440 \u043c\u043e\u0433\u0438\u043b \u0431\u044b\u043b \u043b\u044e\u0431\u0435\u0437\u043d\u043e \u043f\u0440\u0435\u0434\u043e\u0441\u0442\u0430\u0432\u043b\u0435\u043d \u0433-\u0436\u043e\u0439 \u0415\u043a\u0430\u0442\u0435\u0440\u0438\u043d\u043e\u0439 \u042f\u0436\u0433\u0443\u043d\u043e\u0432\u0438\u0447<\/p>  \n            \t<\/div>\n        \t        <\/div>\n        \t\t<\/div>\n\t\t\t\t<\/div>\n\t\t\t\t\t<\/div>\n\t\t<\/div>\n\t\t\t\t\t<\/div>\n\t\t<\/section>\n\t\t\t\t<section class=\"elementor-section elementor-top-section elementor-element elementor-element-ac6ae9a elementor-section-boxed elementor-section-height-default elementor-section-height-default\" data-id=\"ac6ae9a\" data-element_type=\"section\">\n\t\t\t\t\t\t<div class=\"elementor-container elementor-column-gap-default\">\n\t\t\t\t\t<div class=\"elementor-column elementor-col-100 elementor-top-column elementor-element elementor-element-736756b\" data-id=\"736756b\" data-element_type=\"column\">\n\t\t\t<div class=\"elementor-widget-wrap elementor-element-populated\">\n\t\t\t\t\t\t<div class=\"elementor-element elementor-element-4024643 sa-icon-direction-right elementor-widget elementor-widget-sky-advanced-accordion\" data-id=\"4024643\" data-element_type=\"widget\" data-widget_type=\"sky-advanced-accordion.default\">\n\t\t\t\t<div class=\"elementor-widget-container\">\n\t\t\t\n\t\t<div id=\"sa-advanced-acc-4024643\" class=\"sa-advanced-accordion\" data-settings=\"{&quot;id&quot;:&quot;sa-advanced-acc-4024643&quot;,&quot;duration&quot;:400,&quot;collapse&quot;:true,&quot;showMultiple&quot;:false,&quot;openOnInit&quot;:[]}\">\n\n\t\t\t\n\t\t\t\t<div class=\"sa-ac-item\">\n\t\t\t\t\t<div class=\"sa-ac-trigger\">\n\n\t\t\t\t\t\t<div class=\"sa-title-wrapper\">\n\t\t\t\t\t\t\t\t\t\t\t\t\t\t<h4 class=\"sa--title sa--text-title sa-ac-title sa-m-0 sa-p-0\"> 2 . \u2020 Arciszewska Olimpia (ok. 1835 \u2013 19.05.1902) <\/h4>\t\t\t\t\t\t<\/div>\n\t\t\t\t\t\t<span class=\"sa-trigger-icon sa-icon-wrapper sa-ac-icon-right\">\n\t\t\t\t\t\t\t<span class=\"sa-ac-icon-closed sa-icon-wrap\">\n\t\t\t\t\t\t\t\t<i class=\"fas fa-plus\"><\/i>\t\t\t\t\t\t\t<\/span>\n\t\t\t\t\t\t\t<span class=\"sa-ac-icon-opened sa-icon-wrap\">\n\t\t\t\t\t\t\t\t<i class=\"fas fa-minus\"><\/i>\t\t\t\t\t\t\t<\/span>\n\t\t\t\t\t\t<\/span>\n\t\t\t\t\t<\/div>\n\t\t\t\t\t<div class=\"sa-ac-panel\">\n\t\t\t\t\t\t<div class=\"sa-ac-content\">\n\t\t\t\t\t\t\t<p><div id='gallery-1' class='gallery galleryid-30589 gallery-columns-2 gallery-size-thumbnail'><figure class='gallery-item'>\n\t\t\t<div class='gallery-icon portrait'>\n\t\t\t\t<a href='https:\/\/polishwomen.md\/wp-content\/uploads\/2023\/12\/2-\u2020-arciszewska-olimpia-ok.-1835-\u2013-19.05.1902.jpg'><img decoding=\"async\" width=\"150\" height=\"150\" src=\"https:\/\/polishwomen.md\/wp-content\/uploads\/2023\/12\/2-\u2020-arciszewska-olimpia-ok.-1835-\u2013-19.05.1902-150x150.jpg\" class=\"attachment-thumbnail size-thumbnail\" alt=\"2 \u2020 Arciszewska Olimpia (ok. 1835 \u2013 19.05.1902)\" aria-describedby=\"gallery-1-29391\" \/><\/a>\n\t\t\t<\/div>\n\t\t\t\t<figcaption class='wp-caption-text gallery-caption' id='gallery-1-29391'>\n\t\t\t\t\u2020 Arciszewska Olimpia (ok. 1835 \u2013 19.05.1902)\n\t\t\t\t<\/figcaption><\/figure><figure class='gallery-item'>\n\t\t\t<div class='gallery-icon portrait'>\n\t\t\t\t<a href='https:\/\/polishwomen.md\/wp-content\/uploads\/2023\/12\/2-\u2020-arciszewska-olimpia-ok.-1835-\u2013-19.05.1902-_.jpg'><img decoding=\"async\" width=\"150\" height=\"150\" src=\"https:\/\/polishwomen.md\/wp-content\/uploads\/2023\/12\/2-\u2020-arciszewska-olimpia-ok.-1835-\u2013-19.05.1902-_-150x150.jpg\" class=\"attachment-thumbnail size-thumbnail\" alt=\"2 \u2020 Arciszewska Olimpia (ok. 1835 \u2013 19.05.1902) \" aria-describedby=\"gallery-1-29394\" \/><\/a>\n\t\t\t<\/div>\n\t\t\t\t<figcaption class='wp-caption-text gallery-caption' id='gallery-1-29394'>\n\t\t\t\t\u2020 Arciszewska Olimpia (ok. 1835 \u2013 19.05.1902)\n\t\t\t\t<\/figcaption><\/figure>\n\t\t<\/div>\n<\/p>\t\t\t\t\t\t<\/div>\n\t\t\t\t\t<\/div>\n\t\t\t\t<\/div>\n\n\t\t\t\n\t\t\t\t<div class=\"sa-ac-item\">\n\t\t\t\t\t<div class=\"sa-ac-trigger\">\n\n\t\t\t\t\t\t<div class=\"sa-title-wrapper\">\n\t\t\t\t\t\t\t\t\t\t\t\t\t\t<h4 class=\"sa--title sa--text-title sa-ac-title sa-m-0 sa-p-0\"> 4. \u2020 Awgustowska Anna (zm. 16 kwietnia 1888 r. w 67 roku \u017cycia)\n\u2020 Awgustowska Eleonora z Lubniewskich (zm. 20 sierpnia 1870 r. w 70 roku \n\u017cycia)\n\u2020 Belen di Ballu Rozalia z Awgustowskich (zm. w 70 roku \u017cycia) \n\u2020 Boyczewska Rozalia\n\u2020 Wasilewska R\u00f3\u017ca <\/h4>\t\t\t\t\t\t<\/div>\n\t\t\t\t\t\t<span class=\"sa-trigger-icon sa-icon-wrapper sa-ac-icon-right\">\n\t\t\t\t\t\t\t<span class=\"sa-ac-icon-closed sa-icon-wrap\">\n\t\t\t\t\t\t\t\t<i class=\"fas fa-plus\"><\/i>\t\t\t\t\t\t\t<\/span>\n\t\t\t\t\t\t\t<span class=\"sa-ac-icon-opened sa-icon-wrap\">\n\t\t\t\t\t\t\t\t<i class=\"fas fa-minus\"><\/i>\t\t\t\t\t\t\t<\/span>\n\t\t\t\t\t\t<\/span>\n\t\t\t\t\t<\/div>\n\t\t\t\t\t<div class=\"sa-ac-panel\">\n\t\t\t\t\t\t<div class=\"sa-ac-content\">\n\t\t\t\t\t\t\t<p><div id='gallery-2' class='gallery galleryid-30589 gallery-columns-4 gallery-size-medium'><figure class='gallery-item'>\n\t\t\t<div class='gallery-icon landscape'>\n\t\t\t\t<a href='https:\/\/polishwomen.md\/wp-content\/uploads\/2023\/12\/4-\u2020-awgustowska-eleonora-z-lubniewskich-zm.-20-sierpnia-1870-r.-w-70-roku-zycia.jpg'><img fetchpriority=\"high\" decoding=\"async\" width=\"300\" height=\"200\" src=\"https:\/\/polishwomen.md\/wp-content\/uploads\/2023\/12\/4-\u2020-awgustowska-eleonora-z-lubniewskich-zm.-20-sierpnia-1870-r.-w-70-roku-zycia-300x200.jpg\" class=\"attachment-medium size-medium\" alt=\"4 \u2020 Awgustowska Eleonora Z Lubniewskich (zm. 20 Sierpnia 1870 R. W 70 Roku \u017cycia)\" aria-describedby=\"gallery-2-29314\" \/><\/a>\n\t\t\t<\/div>\n\t\t\t\t<figcaption class='wp-caption-text gallery-caption' id='gallery-2-29314'>\n\t\t\t\t Awgustowska Eleonora z Lubniewskich (zm. 20 sierpnia 1870 r. w 70 roku \u017cycia)\n\t\t\t\t<\/figcaption><\/figure><figure class='gallery-item'>\n\t\t\t<div class='gallery-icon portrait'>\n\t\t\t\t<a href='https:\/\/polishwomen.md\/wp-content\/uploads\/2023\/12\/4-\u2020-belen-di-ballu-rozalia-z-awgustowskich-zm.-w-70-roku-zycia.jpg'><img loading=\"lazy\" decoding=\"async\" width=\"200\" height=\"300\" src=\"https:\/\/polishwomen.md\/wp-content\/uploads\/2023\/12\/4-\u2020-belen-di-ballu-rozalia-z-awgustowskich-zm.-w-70-roku-zycia-200x300.jpg\" class=\"attachment-medium size-medium\" alt=\"4 \u2020 Belen Di Ballu Rozalia Z Awgustowskich (zm. W 70 Roku \u017cycia)\" aria-describedby=\"gallery-2-29317\" \/><\/a>\n\t\t\t<\/div>\n\t\t\t\t<figcaption class='wp-caption-text gallery-caption' id='gallery-2-29317'>\n\t\t\t\t\u2020 Belen di Ballu Rozalia z Awgustowskich (zm. w 70 roku \u017cycia)\n\t\t\t\t<\/figcaption><\/figure><figure class='gallery-item'>\n\t\t\t<div class='gallery-icon landscape'>\n\t\t\t\t<a href='https:\/\/polishwomen.md\/wp-content\/uploads\/2023\/12\/4-\u2020-awgustowska-anna-zm.-16-kwietnia-1888-r.-w-67-roku-zycia.jpg'><img loading=\"lazy\" decoding=\"async\" width=\"300\" height=\"200\" src=\"https:\/\/polishwomen.md\/wp-content\/uploads\/2023\/12\/4-\u2020-awgustowska-anna-zm.-16-kwietnia-1888-r.-w-67-roku-zycia-300x200.jpg\" class=\"attachment-medium size-medium\" alt=\"4 \u2020 Awgustowska Anna (zm. 16 Kwietnia 1888 R. W 67 Roku \u017cycia)\" aria-describedby=\"gallery-2-29323\" \/><\/a>\n\t\t\t<\/div>\n\t\t\t\t<figcaption class='wp-caption-text gallery-caption' id='gallery-2-29323'>\n\t\t\t\t Awgustowska Anna (zm. 16 kwietnia 1888 r. w 67 roku \u017cycia)\n\t\t\t\t<\/figcaption><\/figure><figure class='gallery-item'>\n\t\t\t<div class='gallery-icon portrait'>\n\t\t\t\t<a href='https:\/\/polishwomen.md\/wp-content\/uploads\/2023\/12\/4-\u2020-awgustowska-anna-zm.-16-kwietnia-1888-r.-w-67-roku-zycia-_2.jpg'><img loading=\"lazy\" decoding=\"async\" width=\"225\" height=\"300\" src=\"https:\/\/polishwomen.md\/wp-content\/uploads\/2023\/12\/4-\u2020-awgustowska-anna-zm.-16-kwietnia-1888-r.-w-67-roku-zycia-_2-225x300.jpg\" class=\"attachment-medium size-medium\" alt=\"4 \u2020 Awgustowska Anna (zm. 16 Kwietnia 1888 R. W 67 Roku \u017cycia) 2\" aria-describedby=\"gallery-2-29320\" \/><\/a>\n\t\t\t<\/div>\n\t\t\t\t<figcaption class='wp-caption-text gallery-caption' id='gallery-2-29320'>\n\t\t\t\t\u2020 Awgustowska Anna (zm. 16 kwietnia 1888 r. w 67 roku \u017cycia) _2\n\t\t\t\t<\/figcaption><\/figure>\n\t\t<\/div>\n<\/p>\t\t\t\t\t\t<\/div>\n\t\t\t\t\t<\/div>\n\t\t\t\t<\/div>\n\n\t\t\t\n\t\t\t\t<div class=\"sa-ac-item\">\n\t\t\t\t\t<div class=\"sa-ac-trigger\">\n\n\t\t\t\t\t\t<div class=\"sa-title-wrapper\">\n\t\t\t\t\t\t\t\t\t\t\t\t\t\t<h4 class=\"sa--title sa--text-title sa-ac-title sa-m-0 sa-p-0\"> 6. \u2020 Bienkiewicz Maria, \u2020 Kazimierz, \u2020 Stanis\u0142aw, \u2020 W\u0142adys\u0142aw <\/h4>\t\t\t\t\t\t<\/div>\n\t\t\t\t\t\t<span class=\"sa-trigger-icon sa-icon-wrapper sa-ac-icon-right\">\n\t\t\t\t\t\t\t<span class=\"sa-ac-icon-closed sa-icon-wrap\">\n\t\t\t\t\t\t\t\t<i class=\"fas fa-plus\"><\/i>\t\t\t\t\t\t\t<\/span>\n\t\t\t\t\t\t\t<span class=\"sa-ac-icon-opened sa-icon-wrap\">\n\t\t\t\t\t\t\t\t<i class=\"fas fa-minus\"><\/i>\t\t\t\t\t\t\t<\/span>\n\t\t\t\t\t\t<\/span>\n\t\t\t\t\t<\/div>\n\t\t\t\t\t<div class=\"sa-ac-panel\">\n\t\t\t\t\t\t<div class=\"sa-ac-content\">\n\t\t\t\t\t\t\t<p><div id='gallery-3' class='gallery galleryid-30589 gallery-columns-2 gallery-size-medium'><figure class='gallery-item'>\n\t\t\t<div class='gallery-icon portrait'>\n\t\t\t\t<a href='https:\/\/polishwomen.md\/wp-content\/uploads\/2023\/12\/6-\u2020-bienkiewicz-maria-\u2020-kazimierz-\u2020-stanislaw-\u2020-wladyslaw_.jpg'><img loading=\"lazy\" decoding=\"async\" width=\"200\" height=\"300\" src=\"https:\/\/polishwomen.md\/wp-content\/uploads\/2023\/12\/6-\u2020-bienkiewicz-maria-\u2020-kazimierz-\u2020-stanislaw-\u2020-wladyslaw_-200x300.jpg\" class=\"attachment-medium size-medium\" alt=\"6 \u2020 Bienkiewicz Maria, \u2020 Kazimierz, \u2020 Stanis\u0142aw, \u2020 W\u0142adys\u0142aw \" aria-describedby=\"gallery-3-29859\" \/><\/a>\n\t\t\t<\/div>\n\t\t\t\t<figcaption class='wp-caption-text gallery-caption' id='gallery-3-29859'>\n\t\t\t\t\u2020 Bienkiewicz Maria, \u2020 Kazimierz, \u2020 Stanis\u0142aw, \u2020 W\u0142adys\u0142aw\n\t\t\t\t<\/figcaption><\/figure><figure class='gallery-item'>\n\t\t\t<div class='gallery-icon portrait'>\n\t\t\t\t<a href='https:\/\/polishwomen.md\/wp-content\/uploads\/2023\/12\/6-\u2020-bienkiewicz-maria-\u2020-kazimierz-\u2020-stanislaw-\u2020-wladyslaw.jpg'><img loading=\"lazy\" decoding=\"async\" width=\"200\" height=\"300\" src=\"https:\/\/polishwomen.md\/wp-content\/uploads\/2023\/12\/6-\u2020-bienkiewicz-maria-\u2020-kazimierz-\u2020-stanislaw-\u2020-wladyslaw-200x300.jpg\" class=\"attachment-medium size-medium\" alt=\"6 \u2020 Bienkiewicz Maria, \u2020 Kazimierz, \u2020 Stanis\u0142aw, \u2020 W\u0142adys\u0142aw\" aria-describedby=\"gallery-3-29862\" \/><\/a>\n\t\t\t<\/div>\n\t\t\t\t<figcaption class='wp-caption-text gallery-caption' id='gallery-3-29862'>\n\t\t\t\t\u2020 Bienkiewicz Maria, \u2020 Kazimierz, \u2020 Stanis\u0142aw, \u2020 W\u0142adys\u0142aw\n\t\t\t\t<\/figcaption><\/figure>\n\t\t<\/div>\n<\/p>\t\t\t\t\t\t<\/div>\n\t\t\t\t\t<\/div>\n\t\t\t\t<\/div>\n\n\t\t\t\n\t\t\t\t<div class=\"sa-ac-item\">\n\t\t\t\t\t<div class=\"sa-ac-trigger\">\n\n\t\t\t\t\t\t<div class=\"sa-title-wrapper\">\n\t\t\t\t\t\t\t\t\t\t\t\t\t\t<h4 class=\"sa--title sa--text-title sa-ac-title sa-m-0 sa-p-0\"> 7. \u2020 Boczarska J\u00f3zefa <\/h4>\t\t\t\t\t\t<\/div>\n\t\t\t\t\t\t<span class=\"sa-trigger-icon sa-icon-wrapper sa-ac-icon-right\">\n\t\t\t\t\t\t\t<span class=\"sa-ac-icon-closed sa-icon-wrap\">\n\t\t\t\t\t\t\t\t<i class=\"fas fa-plus\"><\/i>\t\t\t\t\t\t\t<\/span>\n\t\t\t\t\t\t\t<span class=\"sa-ac-icon-opened sa-icon-wrap\">\n\t\t\t\t\t\t\t\t<i class=\"fas fa-minus\"><\/i>\t\t\t\t\t\t\t<\/span>\n\t\t\t\t\t\t<\/span>\n\t\t\t\t\t<\/div>\n\t\t\t\t\t<div class=\"sa-ac-panel\">\n\t\t\t\t\t\t<div class=\"sa-ac-content\">\n\t\t\t\t\t\t\t<p><div id='gallery-4' class='gallery galleryid-30589 gallery-columns-2 gallery-size-medium'><figure class='gallery-item'>\n\t\t\t<div class='gallery-icon portrait'>\n\t\t\t\t<a href='https:\/\/polishwomen.md\/wp-content\/uploads\/2023\/12\/7-\u2020-boczarska-jozefa.jpg'><img loading=\"lazy\" decoding=\"async\" width=\"200\" height=\"300\" src=\"https:\/\/polishwomen.md\/wp-content\/uploads\/2023\/12\/7-\u2020-boczarska-jozefa-200x300.jpg\" class=\"attachment-medium size-medium\" alt=\"7 \u2020 Boczarska J\u00f3zefa\" aria-describedby=\"gallery-4-29429\" \/><\/a>\n\t\t\t<\/div>\n\t\t\t\t<figcaption class='wp-caption-text gallery-caption' id='gallery-4-29429'>\n\t\t\t\t\u2020 Boczarska J\u00f3zefa\n\t\t\t\t<\/figcaption><\/figure><figure class='gallery-item'>\n\t\t\t<div class='gallery-icon portrait'>\n\t\t\t\t<a href='https:\/\/polishwomen.md\/wp-content\/uploads\/2023\/12\/7-\u2020-boczarska-jozefa-_.jpg'><img loading=\"lazy\" decoding=\"async\" width=\"200\" height=\"300\" src=\"https:\/\/polishwomen.md\/wp-content\/uploads\/2023\/12\/7-\u2020-boczarska-jozefa-_-200x300.jpg\" class=\"attachment-medium size-medium\" alt=\"7 \u2020 Boczarska J\u00f3zefa \" aria-describedby=\"gallery-4-29426\" \/><\/a>\n\t\t\t<\/div>\n\t\t\t\t<figcaption class='wp-caption-text gallery-caption' id='gallery-4-29426'>\n\t\t\t\t\u2020 Boczarska J\u00f3zefa\n\t\t\t\t<\/figcaption><\/figure>\n\t\t<\/div>\n<\/p>\t\t\t\t\t\t<\/div>\n\t\t\t\t\t<\/div>\n\t\t\t\t<\/div>\n\n\t\t\t\n\t\t\t\t<div class=\"sa-ac-item\">\n\t\t\t\t\t<div class=\"sa-ac-trigger\">\n\n\t\t\t\t\t\t<div class=\"sa-title-wrapper\">\n\t\t\t\t\t\t\t\t\t\t\t\t\t\t<h4 class=\"sa--title sa--text-title sa-ac-title sa-m-0 sa-p-0\"> \u2020 Bogus\u0142awska Izabela (zm. 18 lutego 1894 r.)  <\/h4>\t\t\t\t\t\t<\/div>\n\t\t\t\t\t\t<span class=\"sa-trigger-icon sa-icon-wrapper sa-ac-icon-right\">\n\t\t\t\t\t\t\t<span class=\"sa-ac-icon-closed sa-icon-wrap\">\n\t\t\t\t\t\t\t\t<i class=\"fas fa-plus\"><\/i>\t\t\t\t\t\t\t<\/span>\n\t\t\t\t\t\t\t<span class=\"sa-ac-icon-opened sa-icon-wrap\">\n\t\t\t\t\t\t\t\t<i class=\"fas fa-minus\"><\/i>\t\t\t\t\t\t\t<\/span>\n\t\t\t\t\t\t<\/span>\n\t\t\t\t\t<\/div>\n\t\t\t\t\t<div class=\"sa-ac-panel\">\n\t\t\t\t\t\t<div class=\"sa-ac-content\">\n\t\t\t\t\t\t\t<p><div id='gallery-5' class='gallery galleryid-30589 gallery-columns-2 gallery-size-medium'><figure class='gallery-item'>\n\t\t\t<div class='gallery-icon portrait'>\n\t\t\t\t<a href='https:\/\/polishwomen.md\/wp-content\/uploads\/2023\/12\/\u2020-boguslawska-izabela-zm.-18-lutego-1894-r.jpg'><img loading=\"lazy\" decoding=\"async\" width=\"200\" height=\"300\" src=\"https:\/\/polishwomen.md\/wp-content\/uploads\/2023\/12\/\u2020-boguslawska-izabela-zm.-18-lutego-1894-r-200x300.jpg\" class=\"attachment-medium size-medium\" alt=\"\u2020 Bogus\u0142awska Izabela (zm. 18 Lutego 1894 R.)\" aria-describedby=\"gallery-5-29897\" \/><\/a>\n\t\t\t<\/div>\n\t\t\t\t<figcaption class='wp-caption-text gallery-caption' id='gallery-5-29897'>\n\t\t\t\t\u2020 Bogus\u0142awska Izabela (zm. 18 lutego 1894 r.) \n\t\t\t\t<\/figcaption><\/figure><figure class='gallery-item'>\n\t\t\t<div class='gallery-icon portrait'>\n\t\t\t\t<a href='https:\/\/polishwomen.md\/wp-content\/uploads\/2023\/12\/\u2020-boguslawska-izabela-zm.-18-lutego-1894-r.-_.jpg'><img loading=\"lazy\" decoding=\"async\" width=\"200\" height=\"300\" src=\"https:\/\/polishwomen.md\/wp-content\/uploads\/2023\/12\/\u2020-boguslawska-izabela-zm.-18-lutego-1894-r.-_-200x300.jpg\" class=\"attachment-medium size-medium\" alt=\"\u2020 Bogus\u0142awska Izabela (zm. 18 Lutego 1894 R.) \" aria-describedby=\"gallery-5-29894\" \/><\/a>\n\t\t\t<\/div>\n\t\t\t\t<figcaption class='wp-caption-text gallery-caption' id='gallery-5-29894'>\n\t\t\t\t\u2020 Bogus\u0142awska Izabela (zm. 18 lutego 1894 r.) \n\t\t\t\t<\/figcaption><\/figure>\n\t\t<\/div>\n<\/p>\t\t\t\t\t\t<\/div>\n\t\t\t\t\t<\/div>\n\t\t\t\t<\/div>\n\n\t\t\t\n\t\t\t\t<div class=\"sa-ac-item\">\n\t\t\t\t\t<div class=\"sa-ac-trigger\">\n\n\t\t\t\t\t\t<div class=\"sa-title-wrapper\">\n\t\t\t\t\t\t\t\t\t\t\t\t\t\t<h4 class=\"sa--title sa--text-title sa-ac-title sa-m-0 sa-p-0\"> \u2020 Bogucka Julia (ur. 1.07.1020 \u2013 zm. 24.02.1997) <\/h4>\t\t\t\t\t\t<\/div>\n\t\t\t\t\t\t<span class=\"sa-trigger-icon sa-icon-wrapper sa-ac-icon-right\">\n\t\t\t\t\t\t\t<span class=\"sa-ac-icon-closed sa-icon-wrap\">\n\t\t\t\t\t\t\t\t<i class=\"fas fa-plus\"><\/i>\t\t\t\t\t\t\t<\/span>\n\t\t\t\t\t\t\t<span class=\"sa-ac-icon-opened sa-icon-wrap\">\n\t\t\t\t\t\t\t\t<i class=\"fas fa-minus\"><\/i>\t\t\t\t\t\t\t<\/span>\n\t\t\t\t\t\t<\/span>\n\t\t\t\t\t<\/div>\n\t\t\t\t\t<div class=\"sa-ac-panel\">\n\t\t\t\t\t\t<div class=\"sa-ac-content\">\n\t\t\t\t\t\t\t<p><div id='gallery-6' class='gallery galleryid-30589 gallery-columns-2 gallery-size-medium'><figure class='gallery-item'>\n\t\t\t<div class='gallery-icon portrait'>\n\t\t\t\t<a href='https:\/\/polishwomen.md\/wp-content\/uploads\/2023\/12\/\u2020-bogucka-julia-ur.-1.07.1020-\u2013-zm.-24.02.1997.jpg'><img loading=\"lazy\" decoding=\"async\" width=\"200\" height=\"300\" src=\"https:\/\/polishwomen.md\/wp-content\/uploads\/2023\/12\/\u2020-bogucka-julia-ur.-1.07.1020-\u2013-zm.-24.02.1997-200x300.jpg\" class=\"attachment-medium size-medium\" alt=\"\u2020 Bogucka Julia (ur. 1.07.1020 \u2013 Zm. 24.02.1997)\" aria-describedby=\"gallery-6-29904\" \/><\/a>\n\t\t\t<\/div>\n\t\t\t\t<figcaption class='wp-caption-text gallery-caption' id='gallery-6-29904'>\n\t\t\t\t\u2020 Bogucka Julia (ur. 1.07.1020 \u2013 zm. 24.02.1997)\n\t\t\t\t<\/figcaption><\/figure><figure class='gallery-item'>\n\t\t\t<div class='gallery-icon portrait'>\n\t\t\t\t<a href='https:\/\/polishwomen.md\/wp-content\/uploads\/2023\/12\/\u2020-bogucka-julia-ur.-1.07.1020-\u2013-zm.-24.02.1997-_.jpg'><img loading=\"lazy\" decoding=\"async\" width=\"200\" height=\"300\" src=\"https:\/\/polishwomen.md\/wp-content\/uploads\/2023\/12\/\u2020-bogucka-julia-ur.-1.07.1020-\u2013-zm.-24.02.1997-_-200x300.jpg\" class=\"attachment-medium size-medium\" alt=\"\u2020 Bogucka Julia (ur. 1.07.1020 \u2013 Zm. 24.02.1997) \" aria-describedby=\"gallery-6-29901\" \/><\/a>\n\t\t\t<\/div>\n\t\t\t\t<figcaption class='wp-caption-text gallery-caption' id='gallery-6-29901'>\n\t\t\t\t\u2020 Bogucka Julia (ur. 1.07.1020 \u2013 zm. 24.02.1997)\n\t\t\t\t<\/figcaption><\/figure>\n\t\t<\/div>\n<\/p><p>\u00a0<\/p>\t\t\t\t\t\t<\/div>\n\t\t\t\t\t<\/div>\n\t\t\t\t<\/div>\n\n\t\t\t\n\t\t\t\t<div class=\"sa-ac-item\">\n\t\t\t\t\t<div class=\"sa-ac-trigger\">\n\n\t\t\t\t\t\t<div class=\"sa-title-wrapper\">\n\t\t\t\t\t\t\t\t\t\t\t\t\t\t<h4 class=\"sa--title sa--text-title sa-ac-title sa-m-0 sa-p-0\"> \u2020 Bruczkowski Feliks ( ur.28.04.1928 -zm. 9.02.1997) <\/h4>\t\t\t\t\t\t<\/div>\n\t\t\t\t\t\t<span class=\"sa-trigger-icon sa-icon-wrapper sa-ac-icon-right\">\n\t\t\t\t\t\t\t<span class=\"sa-ac-icon-closed sa-icon-wrap\">\n\t\t\t\t\t\t\t\t<i class=\"fas fa-plus\"><\/i>\t\t\t\t\t\t\t<\/span>\n\t\t\t\t\t\t\t<span class=\"sa-ac-icon-opened sa-icon-wrap\">\n\t\t\t\t\t\t\t\t<i class=\"fas fa-minus\"><\/i>\t\t\t\t\t\t\t<\/span>\n\t\t\t\t\t\t<\/span>\n\t\t\t\t\t<\/div>\n\t\t\t\t\t<div class=\"sa-ac-panel\">\n\t\t\t\t\t\t<div class=\"sa-ac-content\">\n\t\t\t\t\t\t\t<p><div id='gallery-7' class='gallery galleryid-30589 gallery-columns-2 gallery-size-medium'><figure class='gallery-item'>\n\t\t\t<div class='gallery-icon landscape'>\n\t\t\t\t<a href='https:\/\/polishwomen.md\/wp-content\/uploads\/2023\/12\/\u2020-bruczkowski-feliks-ur.28.04.1928-zm.-9.02.1997-_.jpg'><img loading=\"lazy\" decoding=\"async\" width=\"300\" height=\"200\" src=\"https:\/\/polishwomen.md\/wp-content\/uploads\/2023\/12\/\u2020-bruczkowski-feliks-ur.28.04.1928-zm.-9.02.1997-_-300x200.jpg\" class=\"attachment-medium size-medium\" alt=\"\u2020 Bruczkowski Feliks ( Ur.28.04.1928 Zm. 9.02.1997) \" aria-describedby=\"gallery-7-29910\" \/><\/a>\n\t\t\t<\/div>\n\t\t\t\t<figcaption class='wp-caption-text gallery-caption' id='gallery-7-29910'>\n\t\t\t\t\u2020 Bruczkowski Feliks ( ur.28.04.1928 -zm. 9.02.1997)\n\t\t\t\t<\/figcaption><\/figure><figure class='gallery-item'>\n\t\t\t<div class='gallery-icon landscape'>\n\t\t\t\t<a href='https:\/\/polishwomen.md\/wp-content\/uploads\/2023\/12\/\u2020-bruczkowski-feliks-ur.28.04.1928-zm.-9.02.1997.jpg'><img loading=\"lazy\" decoding=\"async\" width=\"300\" height=\"200\" src=\"https:\/\/polishwomen.md\/wp-content\/uploads\/2023\/12\/\u2020-bruczkowski-feliks-ur.28.04.1928-zm.-9.02.1997-300x200.jpg\" class=\"attachment-medium size-medium\" alt=\"\u2020 Bruczkowski Feliks ( Ur.28.04.1928 Zm. 9.02.1997)\" aria-describedby=\"gallery-7-29913\" \/><\/a>\n\t\t\t<\/div>\n\t\t\t\t<figcaption class='wp-caption-text gallery-caption' id='gallery-7-29913'>\n\t\t\t\t\u2020 Bruczkowski Feliks ( ur.28.04.1928 -zm. 9.02.1997)\n\t\t\t\t<\/figcaption><\/figure>\n\t\t<\/div>\n<\/p>\t\t\t\t\t\t<\/div>\n\t\t\t\t\t<\/div>\n\t\t\t\t<\/div>\n\n\t\t\t\n\t\t\t\t<div class=\"sa-ac-item\">\n\t\t\t\t\t<div class=\"sa-ac-trigger\">\n\n\t\t\t\t\t\t<div class=\"sa-title-wrapper\">\n\t\t\t\t\t\t\t\t\t\t\t\t\t\t<h4 class=\"sa--title sa--text-title sa-ac-title sa-m-0 sa-p-0\"> 8. \u2020 Brzo\u015bniewska Teodora z d. Skopowska (ok. 1810 \u2013 25.07.1891) <\/h4>\t\t\t\t\t\t<\/div>\n\t\t\t\t\t\t<span class=\"sa-trigger-icon sa-icon-wrapper sa-ac-icon-right\">\n\t\t\t\t\t\t\t<span class=\"sa-ac-icon-closed sa-icon-wrap\">\n\t\t\t\t\t\t\t\t<i class=\"fas fa-plus\"><\/i>\t\t\t\t\t\t\t<\/span>\n\t\t\t\t\t\t\t<span class=\"sa-ac-icon-opened sa-icon-wrap\">\n\t\t\t\t\t\t\t\t<i class=\"fas fa-minus\"><\/i>\t\t\t\t\t\t\t<\/span>\n\t\t\t\t\t\t<\/span>\n\t\t\t\t\t<\/div>\n\t\t\t\t\t<div class=\"sa-ac-panel\">\n\t\t\t\t\t\t<div class=\"sa-ac-content\">\n\t\t\t\t\t\t\t<p><div id='gallery-8' class='gallery galleryid-30589 gallery-columns-2 gallery-size-medium'><figure class='gallery-item'>\n\t\t\t<div class='gallery-icon portrait'>\n\t\t\t\t<a href='https:\/\/polishwomen.md\/wp-content\/uploads\/2023\/12\/8-\u2020-brzosniewska-teodora-z-d.-skopowska-ok.-1810-\u2013-25.07.1891.jpg'><img loading=\"lazy\" decoding=\"async\" width=\"200\" height=\"300\" src=\"https:\/\/polishwomen.md\/wp-content\/uploads\/2023\/12\/8-\u2020-brzosniewska-teodora-z-d.-skopowska-ok.-1810-\u2013-25.07.1891-200x300.jpg\" class=\"attachment-medium size-medium\" alt=\"8 \u2020 Brzo\u015bniewska Teodora Z D. Skopowska (ok. 1810 \u2013 25.07.1891)\" aria-describedby=\"gallery-8-29526\" \/><\/a>\n\t\t\t<\/div>\n\t\t\t\t<figcaption class='wp-caption-text gallery-caption' id='gallery-8-29526'>\n\t\t\t\t\u2020 Brzo\u015bniewska Teodora z d. Skopowska (ok. 1810 \u2013 25.07.1891)\n\t\t\t\t<\/figcaption><\/figure><figure class='gallery-item'>\n\t\t\t<div class='gallery-icon portrait'>\n\t\t\t\t<a href='https:\/\/polishwomen.md\/wp-content\/uploads\/2023\/12\/8-\u2020-brzosniewska-teodora-z-d.-skopowska-ok.-1810-\u2013-25.07.1891_.jpg'><img loading=\"lazy\" decoding=\"async\" width=\"200\" height=\"300\" src=\"https:\/\/polishwomen.md\/wp-content\/uploads\/2023\/12\/8-\u2020-brzosniewska-teodora-z-d.-skopowska-ok.-1810-\u2013-25.07.1891_-200x300.jpg\" class=\"attachment-medium size-medium\" alt=\"8 \u2020 Brzo\u015bniewska Teodora Z D. Skopowska (ok. 1810 \u2013 25.07.1891 )\" aria-describedby=\"gallery-8-29529\" \/><\/a>\n\t\t\t<\/div>\n\t\t\t\t<figcaption class='wp-caption-text gallery-caption' id='gallery-8-29529'>\n\t\t\t\t\u2020 Brzo\u015bniewska Teodora z d. Skopowska (ok. 1810 \u2013 25.07.1891)\n\t\t\t\t<\/figcaption><\/figure>\n\t\t<\/div>\n<\/p>\t\t\t\t\t\t<\/div>\n\t\t\t\t\t<\/div>\n\t\t\t\t<\/div>\n\n\t\t\t\n\t\t\t\t<div class=\"sa-ac-item\">\n\t\t\t\t\t<div class=\"sa-ac-trigger\">\n\n\t\t\t\t\t\t<div class=\"sa-title-wrapper\">\n\t\t\t\t\t\t\t\t\t\t\t\t\t\t<h4 class=\"sa--title sa--text-title sa-ac-title sa-m-0 sa-p-0\"> 9. \u2020 Buharewicz Franciszek (zm. 9 pa\u017adziernika 1909 r.), doktor <\/h4>\t\t\t\t\t\t<\/div>\n\t\t\t\t\t\t<span class=\"sa-trigger-icon sa-icon-wrapper sa-ac-icon-right\">\n\t\t\t\t\t\t\t<span class=\"sa-ac-icon-closed sa-icon-wrap\">\n\t\t\t\t\t\t\t\t<i class=\"fas fa-plus\"><\/i>\t\t\t\t\t\t\t<\/span>\n\t\t\t\t\t\t\t<span class=\"sa-ac-icon-opened sa-icon-wrap\">\n\t\t\t\t\t\t\t\t<i class=\"fas fa-minus\"><\/i>\t\t\t\t\t\t\t<\/span>\n\t\t\t\t\t\t<\/span>\n\t\t\t\t\t<\/div>\n\t\t\t\t\t<div class=\"sa-ac-panel\">\n\t\t\t\t\t\t<div class=\"sa-ac-content\">\n\t\t\t\t\t\t\t<p><div id='gallery-9' class='gallery galleryid-30589 gallery-columns-1 gallery-size-medium'><figure class='gallery-item'>\n\t\t\t<div class='gallery-icon portrait'>\n\t\t\t\t<a href='https:\/\/polishwomen.md\/wp-content\/uploads\/2023\/12\/9.-\u2020-buharewicz-franciszek-zm.-9-pazdziernika-1909-r.-doktor.jpg'><img loading=\"lazy\" decoding=\"async\" width=\"200\" height=\"300\" src=\"https:\/\/polishwomen.md\/wp-content\/uploads\/2023\/12\/9.-\u2020-buharewicz-franciszek-zm.-9-pazdziernika-1909-r.-doktor-200x300.jpg\" class=\"attachment-medium size-medium\" alt=\"9. \u2020 Buharewicz Franciszek (zm. 9 Pa\u017adziernika 1909 R.), Doktor\" aria-describedby=\"gallery-9-29229\" \/><\/a>\n\t\t\t<\/div>\n\t\t\t\t<figcaption class='wp-caption-text gallery-caption' id='gallery-9-29229'>\n\t\t\t\t\u2020 Buharewicz Franciszek (zm. 9 pa\u017adziernika 1909 r.), doktor\n\t\t\t\t<\/figcaption><\/figure>\n\t\t<\/div>\n<\/p>\t\t\t\t\t\t<\/div>\n\t\t\t\t\t<\/div>\n\t\t\t\t<\/div>\n\n\t\t\t\n\t\t\t\t<div class=\"sa-ac-item\">\n\t\t\t\t\t<div class=\"sa-ac-trigger\">\n\n\t\t\t\t\t\t<div class=\"sa-title-wrapper\">\n\t\t\t\t\t\t\t\t\t\t\t\t\t\t<h4 class=\"sa--title sa--text-title sa-ac-title sa-m-0 sa-p-0\"> 10. \u2020 Chybi\u0144ska J\u00f3zefa (zm. 20 listopada 1900 r.) \n\u2020 Jurewicz Jadwiga (zm. 3 marca 1901 r.) <\/h4>\t\t\t\t\t\t<\/div>\n\t\t\t\t\t\t<span class=\"sa-trigger-icon sa-icon-wrapper sa-ac-icon-right\">\n\t\t\t\t\t\t\t<span class=\"sa-ac-icon-closed sa-icon-wrap\">\n\t\t\t\t\t\t\t\t<i class=\"fas fa-plus\"><\/i>\t\t\t\t\t\t\t<\/span>\n\t\t\t\t\t\t\t<span class=\"sa-ac-icon-opened sa-icon-wrap\">\n\t\t\t\t\t\t\t\t<i class=\"fas fa-minus\"><\/i>\t\t\t\t\t\t\t<\/span>\n\t\t\t\t\t\t<\/span>\n\t\t\t\t\t<\/div>\n\t\t\t\t\t<div class=\"sa-ac-panel\">\n\t\t\t\t\t\t<div class=\"sa-ac-content\">\n\t\t\t\t\t\t\t<p><div id='gallery-10' class='gallery galleryid-30589 gallery-columns-2 gallery-size-medium'><figure class='gallery-item'>\n\t\t\t<div class='gallery-icon landscape'>\n\t\t\t\t<a href='https:\/\/polishwomen.md\/wp-content\/uploads\/2023\/12\/10-\u2020-chybinska-jozefa-zm.-20-listopada-1900-r.-\u2020-jurewicz-jadwiga-zm.-3-marca-1901-r.-_.jpg'><img loading=\"lazy\" decoding=\"async\" width=\"300\" height=\"200\" src=\"https:\/\/polishwomen.md\/wp-content\/uploads\/2023\/12\/10-\u2020-chybinska-jozefa-zm.-20-listopada-1900-r.-\u2020-jurewicz-jadwiga-zm.-3-marca-1901-r.-_-300x200.jpg\" class=\"attachment-medium size-medium\" alt=\"10 \u2020 Chybi\u0144ska J\u00f3zefa (zm. 20 Listopada 1900 R.) \u2020 Jurewicz Jadwiga (zm. 3 Marca 1901 R.) \" aria-describedby=\"gallery-10-29481\" \/><\/a>\n\t\t\t<\/div>\n\t\t\t\t<figcaption class='wp-caption-text gallery-caption' id='gallery-10-29481'>\n\t\t\t\t\u2020 Chybi\u0144ska J\u00f3zefa (zm. 20 listopada 1900 r.) \u2020 Jurewicz Jadwiga (zm. 3 marca 1901 r.)\n\t\t\t\t<\/figcaption><\/figure><figure class='gallery-item'>\n\t\t\t<div class='gallery-icon portrait'>\n\t\t\t\t<a href='https:\/\/polishwomen.md\/wp-content\/uploads\/2023\/12\/10-\u2020-chybinska-jozefa-zm.-20-listopada-1900-r.-\u2020-jurewicz-jadwiga-zm.-3-marca-1901-r.jpg'><img loading=\"lazy\" decoding=\"async\" width=\"200\" height=\"300\" src=\"https:\/\/polishwomen.md\/wp-content\/uploads\/2023\/12\/10-\u2020-chybinska-jozefa-zm.-20-listopada-1900-r.-\u2020-jurewicz-jadwiga-zm.-3-marca-1901-r-200x300.jpg\" class=\"attachment-medium size-medium\" alt=\"10 \u2020 Chybi\u0144ska J\u00f3zefa (zm. 20 Listopada 1900 R.) \u2020 Jurewicz Jadwiga (zm. 3 Marca 1901 R.)\" aria-describedby=\"gallery-10-29478\" \/><\/a>\n\t\t\t<\/div>\n\t\t\t\t<figcaption class='wp-caption-text gallery-caption' id='gallery-10-29478'>\n\t\t\t\t\u2020 Chybi\u0144ska J\u00f3zefa (zm. 20 listopada 1900 r.) \u2020 Jurewicz Jadwiga (zm. 3 marca 1901 r.)\n\t\t\t\t<\/figcaption><\/figure>\n\t\t<\/div>\n<\/p>\t\t\t\t\t\t<\/div>\n\t\t\t\t\t<\/div>\n\t\t\t\t<\/div>\n\n\t\t\t\n\t\t\t\t<div class=\"sa-ac-item\">\n\t\t\t\t\t<div class=\"sa-ac-trigger\">\n\n\t\t\t\t\t\t<div class=\"sa-title-wrapper\">\n\t\t\t\t\t\t\t\t\t\t\t\t\t\t<h4 class=\"sa--title sa--text-title sa-ac-title sa-m-0 sa-p-0\"> 11. \u2020 Cieszkowska Halina (zm. 6.10.1910) \n   \u2020 Stefanieka Joanna  zmarla 29 maja1921 r <\/h4>\t\t\t\t\t\t<\/div>\n\t\t\t\t\t\t<span class=\"sa-trigger-icon sa-icon-wrapper sa-ac-icon-right\">\n\t\t\t\t\t\t\t<span class=\"sa-ac-icon-closed sa-icon-wrap\">\n\t\t\t\t\t\t\t\t<i class=\"fas fa-plus\"><\/i>\t\t\t\t\t\t\t<\/span>\n\t\t\t\t\t\t\t<span class=\"sa-ac-icon-opened sa-icon-wrap\">\n\t\t\t\t\t\t\t\t<i class=\"fas fa-minus\"><\/i>\t\t\t\t\t\t\t<\/span>\n\t\t\t\t\t\t<\/span>\n\t\t\t\t\t<\/div>\n\t\t\t\t\t<div class=\"sa-ac-panel\">\n\t\t\t\t\t\t<div class=\"sa-ac-content\">\n\t\t\t\t\t\t\t<p><div id='gallery-11' class='gallery galleryid-30589 gallery-columns-3 gallery-size-medium'><figure class='gallery-item'>\n\t\t\t<div class='gallery-icon landscape'>\n\t\t\t\t<a href='https:\/\/polishwomen.md\/wp-content\/uploads\/2023\/12\/11_1.-stefanieka-joanna.jpg'><img loading=\"lazy\" decoding=\"async\" width=\"300\" height=\"200\" src=\"https:\/\/polishwomen.md\/wp-content\/uploads\/2023\/12\/11_1.-stefanieka-joanna-300x200.jpg\" class=\"attachment-medium size-medium\" alt=\"11 1. Stefanieka Joanna\" aria-describedby=\"gallery-11-29148\" \/><\/a>\n\t\t\t<\/div>\n\t\t\t\t<figcaption class='wp-caption-text gallery-caption' id='gallery-11-29148'>\n\t\t\t\tStefanieka Joanna  zmarla29 maja1921 r\n\t\t\t\t<\/figcaption><\/figure><figure class='gallery-item'>\n\t\t\t<div class='gallery-icon portrait'>\n\t\t\t\t<a href='https:\/\/polishwomen.md\/wp-content\/uploads\/2023\/12\/11.-sieszkowska-halina.jpg'><img loading=\"lazy\" decoding=\"async\" width=\"200\" height=\"300\" src=\"https:\/\/polishwomen.md\/wp-content\/uploads\/2023\/12\/11.-sieszkowska-halina-200x300.jpg\" class=\"attachment-medium size-medium\" alt=\"11. Sieszkowska Halina\" aria-describedby=\"gallery-11-29145\" \/><\/a>\n\t\t\t<\/div>\n\t\t\t\t<figcaption class='wp-caption-text gallery-caption' id='gallery-11-29145'>\n\t\t\t\tCieszkowska Halina (zm. 6.10.1910)\n\t\t\t\t<\/figcaption><\/figure><figure class='gallery-item'>\n\t\t\t<div class='gallery-icon landscape'>\n\t\t\t\t<a href='https:\/\/polishwomen.md\/wp-content\/uploads\/2023\/12\/11.-sieszkowska-halina_2.jpg'><img loading=\"lazy\" decoding=\"async\" width=\"300\" height=\"200\" src=\"https:\/\/polishwomen.md\/wp-content\/uploads\/2023\/12\/11.-sieszkowska-halina_2-300x200.jpg\" class=\"attachment-medium size-medium\" alt=\"11. Sieszkowska Halina 2\" aria-describedby=\"gallery-11-29162\" \/><\/a>\n\t\t\t<\/div>\n\t\t\t\t<figcaption class='wp-caption-text gallery-caption' id='gallery-11-29162'>\n\t\t\t\tCieszkowska Halina (zm. 6.10.1910)\n\t\t\t\t<\/figcaption><\/figure>\n\t\t<\/div>\n<\/p>\t\t\t\t\t\t<\/div>\n\t\t\t\t\t<\/div>\n\t\t\t\t<\/div>\n\n\t\t\t\n\t\t\t\t<div class=\"sa-ac-item\">\n\t\t\t\t\t<div class=\"sa-ac-trigger\">\n\n\t\t\t\t\t\t<div class=\"sa-title-wrapper\">\n\t\t\t\t\t\t\t\t\t\t\t\t\t\t<h4 class=\"sa--title sa--text-title sa-ac-title sa-m-0 sa-p-0\"> 12. \u2020 Cieszynska Lala zmarla 29 maja1921 r <\/h4>\t\t\t\t\t\t<\/div>\n\t\t\t\t\t\t<span class=\"sa-trigger-icon sa-icon-wrapper sa-ac-icon-right\">\n\t\t\t\t\t\t\t<span class=\"sa-ac-icon-closed sa-icon-wrap\">\n\t\t\t\t\t\t\t\t<i class=\"fas fa-plus\"><\/i>\t\t\t\t\t\t\t<\/span>\n\t\t\t\t\t\t\t<span class=\"sa-ac-icon-opened sa-icon-wrap\">\n\t\t\t\t\t\t\t\t<i class=\"fas fa-minus\"><\/i>\t\t\t\t\t\t\t<\/span>\n\t\t\t\t\t\t<\/span>\n\t\t\t\t\t<\/div>\n\t\t\t\t\t<div class=\"sa-ac-panel\">\n\t\t\t\t\t\t<div class=\"sa-ac-content\">\n\t\t\t\t\t\t\t\t\t\t\t\t\t<\/div>\n\t\t\t\t\t<\/div>\n\t\t\t\t<\/div>\n\n\t\t\t\n\t\t\t\t<div class=\"sa-ac-item\">\n\t\t\t\t\t<div class=\"sa-ac-trigger\">\n\n\t\t\t\t\t\t<div class=\"sa-title-wrapper\">\n\t\t\t\t\t\t\t\t\t\t\t\t\t\t<h4 class=\"sa--title sa--text-title sa-ac-title sa-m-0 sa-p-0\">  \u2020 Chlebowski Mieczyslaw <\/h4>\t\t\t\t\t\t<\/div>\n\t\t\t\t\t\t<span class=\"sa-trigger-icon sa-icon-wrapper sa-ac-icon-right\">\n\t\t\t\t\t\t\t<span class=\"sa-ac-icon-closed sa-icon-wrap\">\n\t\t\t\t\t\t\t\t<i class=\"fas fa-plus\"><\/i>\t\t\t\t\t\t\t<\/span>\n\t\t\t\t\t\t\t<span class=\"sa-ac-icon-opened sa-icon-wrap\">\n\t\t\t\t\t\t\t\t<i class=\"fas fa-minus\"><\/i>\t\t\t\t\t\t\t<\/span>\n\t\t\t\t\t\t<\/span>\n\t\t\t\t\t<\/div>\n\t\t\t\t\t<div class=\"sa-ac-panel\">\n\t\t\t\t\t\t<div class=\"sa-ac-content\">\n\t\t\t\t\t\t\t<p><div id='gallery-12' class='gallery galleryid-30589 gallery-columns-2 gallery-size-medium'><figure class='gallery-item'>\n\t\t\t<div class='gallery-icon portrait'>\n\t\t\t\t<a href='https:\/\/polishwomen.md\/wp-content\/uploads\/2023\/12\/\u2020-chlebowski-mieczyslaw-_1.jpg'><img loading=\"lazy\" decoding=\"async\" width=\"200\" height=\"300\" src=\"https:\/\/polishwomen.md\/wp-content\/uploads\/2023\/12\/\u2020-chlebowski-mieczyslaw-_1-200x300.jpg\" class=\"attachment-medium size-medium\" alt=\"\u2020 Chlebowski Mieczyslaw 1\" aria-describedby=\"gallery-12-29271\" \/><\/a>\n\t\t\t<\/div>\n\t\t\t\t<figcaption class='wp-caption-text gallery-caption' id='gallery-12-29271'>\n\t\t\t\t\u2020 Chlebowski Mieczyslaw\n\t\t\t\t<\/figcaption><\/figure><figure class='gallery-item'>\n\t\t\t<div class='gallery-icon landscape'>\n\t\t\t\t<a href='https:\/\/polishwomen.md\/wp-content\/uploads\/2023\/12\/\u2020-chlebowski-mieczyslaw.jpg'><img loading=\"lazy\" decoding=\"async\" width=\"300\" height=\"200\" src=\"https:\/\/polishwomen.md\/wp-content\/uploads\/2023\/12\/\u2020-chlebowski-mieczyslaw-300x200.jpg\" class=\"attachment-medium size-medium\" alt=\"\u2020 Chlebowski Mieczyslaw\" aria-describedby=\"gallery-12-29274\" \/><\/a>\n\t\t\t<\/div>\n\t\t\t\t<figcaption class='wp-caption-text gallery-caption' id='gallery-12-29274'>\n\t\t\t\t\u2020 Chlebowski Mieczyslaw\n\t\t\t\t<\/figcaption><\/figure>\n\t\t<\/div>\n<\/p>\t\t\t\t\t\t<\/div>\n\t\t\t\t\t<\/div>\n\t\t\t\t<\/div>\n\n\t\t\t\n\t\t\t\t<div class=\"sa-ac-item\">\n\t\t\t\t\t<div class=\"sa-ac-trigger\">\n\n\t\t\t\t\t\t<div class=\"sa-title-wrapper\">\n\t\t\t\t\t\t\t\t\t\t\t\t\t\t<h4 class=\"sa--title sa--text-title sa-ac-title sa-m-0 sa-p-0\"> \u2020 Czesniewska Lala (ur. 1932 \u2013 zm. 1936)  <\/h4>\t\t\t\t\t\t<\/div>\n\t\t\t\t\t\t<span class=\"sa-trigger-icon sa-icon-wrapper sa-ac-icon-right\">\n\t\t\t\t\t\t\t<span class=\"sa-ac-icon-closed sa-icon-wrap\">\n\t\t\t\t\t\t\t\t<i class=\"fas fa-plus\"><\/i>\t\t\t\t\t\t\t<\/span>\n\t\t\t\t\t\t\t<span class=\"sa-ac-icon-opened sa-icon-wrap\">\n\t\t\t\t\t\t\t\t<i class=\"fas fa-minus\"><\/i>\t\t\t\t\t\t\t<\/span>\n\t\t\t\t\t\t<\/span>\n\t\t\t\t\t<\/div>\n\t\t\t\t\t<div class=\"sa-ac-panel\">\n\t\t\t\t\t\t<div class=\"sa-ac-content\">\n\t\t\t\t\t\t\t<p><div id='gallery-13' class='gallery galleryid-30589 gallery-columns-1 gallery-size-medium'><figure class='gallery-item'>\n\t\t\t<div class='gallery-icon portrait'>\n\t\t\t\t<a href='https:\/\/polishwomen.md\/wp-content\/uploads\/2023\/12\/\u2020-czesniewska-lala-ur.-1932-\u2013-zm.-1936.jpg'><img loading=\"lazy\" decoding=\"async\" width=\"200\" height=\"300\" src=\"https:\/\/polishwomen.md\/wp-content\/uploads\/2023\/12\/\u2020-czesniewska-lala-ur.-1932-\u2013-zm.-1936-200x300.jpg\" class=\"attachment-medium size-medium\" alt=\"\u2020 Czesniewska Lala (ur. 1932 \u2013 Zm. 1936)\" aria-describedby=\"gallery-13-29242\" \/><\/a>\n\t\t\t<\/div>\n\t\t\t\t<figcaption class='wp-caption-text gallery-caption' id='gallery-13-29242'>\n\t\t\t\t\u2020 Czesniewska Lala (ur. 1932 \u2013 zm. 1936)\n\t\t\t\t<\/figcaption><\/figure>\n\t\t<\/div>\n<\/p>\t\t\t\t\t\t<\/div>\n\t\t\t\t\t<\/div>\n\t\t\t\t<\/div>\n\n\t\t\t\n\t\t\t\t<div class=\"sa-ac-item\">\n\t\t\t\t\t<div class=\"sa-ac-trigger\">\n\n\t\t\t\t\t\t<div class=\"sa-title-wrapper\">\n\t\t\t\t\t\t\t\t\t\t\t\t\t\t<h4 class=\"sa--title sa--text-title sa-ac-title sa-m-0 sa-p-0\"> 13. \u2020 \u0106wik\u0142a Miko\u0142aj (kanonik Cwikla Nicolas, zm. 1882), kierowa\u0142 parafi\u0105 \nkiszyniowsk\u0105 w latach 1848 \u2013 1882 <\/h4>\t\t\t\t\t\t<\/div>\n\t\t\t\t\t\t<span class=\"sa-trigger-icon sa-icon-wrapper sa-ac-icon-right\">\n\t\t\t\t\t\t\t<span class=\"sa-ac-icon-closed sa-icon-wrap\">\n\t\t\t\t\t\t\t\t<i class=\"fas fa-plus\"><\/i>\t\t\t\t\t\t\t<\/span>\n\t\t\t\t\t\t\t<span class=\"sa-ac-icon-opened sa-icon-wrap\">\n\t\t\t\t\t\t\t\t<i class=\"fas fa-minus\"><\/i>\t\t\t\t\t\t\t<\/span>\n\t\t\t\t\t\t<\/span>\n\t\t\t\t\t<\/div>\n\t\t\t\t\t<div class=\"sa-ac-panel\">\n\t\t\t\t\t\t<div class=\"sa-ac-content\">\n\t\t\t\t\t\t\t\t\t\t\t\t\t<\/div>\n\t\t\t\t\t<\/div>\n\t\t\t\t<\/div>\n\n\t\t\t\n\t\t\t\t<div class=\"sa-ac-item\">\n\t\t\t\t\t<div class=\"sa-ac-trigger\">\n\n\t\t\t\t\t\t<div class=\"sa-title-wrapper\">\n\t\t\t\t\t\t\t\t\t\t\t\t\t\t<h4 class=\"sa--title sa--text-title sa-ac-title sa-m-0 sa-p-0\"> 14. \u2020 Dekusiak Maria (zm. 17.11.1939) <\/h4>\t\t\t\t\t\t<\/div>\n\t\t\t\t\t\t<span class=\"sa-trigger-icon sa-icon-wrapper sa-ac-icon-right\">\n\t\t\t\t\t\t\t<span class=\"sa-ac-icon-closed sa-icon-wrap\">\n\t\t\t\t\t\t\t\t<i class=\"fas fa-plus\"><\/i>\t\t\t\t\t\t\t<\/span>\n\t\t\t\t\t\t\t<span class=\"sa-ac-icon-opened sa-icon-wrap\">\n\t\t\t\t\t\t\t\t<i class=\"fas fa-minus\"><\/i>\t\t\t\t\t\t\t<\/span>\n\t\t\t\t\t\t<\/span>\n\t\t\t\t\t<\/div>\n\t\t\t\t\t<div class=\"sa-ac-panel\">\n\t\t\t\t\t\t<div class=\"sa-ac-content\">\n\t\t\t\t\t\t\t<p><div id='gallery-14' class='gallery galleryid-30589 gallery-columns-2 gallery-size-medium'><figure class='gallery-item'>\n\t\t\t<div class='gallery-icon portrait'>\n\t\t\t\t<a href='https:\/\/polishwomen.md\/wp-content\/uploads\/2023\/12\/14-\u2020-dekusiak-maria-zm.-17.11.1939.jpg'><img loading=\"lazy\" decoding=\"async\" width=\"200\" height=\"300\" src=\"https:\/\/polishwomen.md\/wp-content\/uploads\/2023\/12\/14-\u2020-dekusiak-maria-zm.-17.11.1939-200x300.jpg\" class=\"attachment-medium size-medium\" alt=\"14 \u2020 Dekusiak Maria (zm. 17.11.1939)\" aria-describedby=\"gallery-14-29378\" \/><\/a>\n\t\t\t<\/div>\n\t\t\t\t<figcaption class='wp-caption-text gallery-caption' id='gallery-14-29378'>\n\t\t\t\t\u2020 Dekusiak Maria (zm. 17.11.1939)\n\t\t\t\t<\/figcaption><\/figure><figure class='gallery-item'>\n\t\t\t<div class='gallery-icon landscape'>\n\t\t\t\t<a href='https:\/\/polishwomen.md\/wp-content\/uploads\/2023\/12\/14-\u2020-dekusiak-maria-zm.-17.11.1939-_.jpg'><img loading=\"lazy\" decoding=\"async\" width=\"300\" height=\"200\" src=\"https:\/\/polishwomen.md\/wp-content\/uploads\/2023\/12\/14-\u2020-dekusiak-maria-zm.-17.11.1939-_-300x200.jpg\" class=\"attachment-medium size-medium\" alt=\"14 \u2020 Dekusiak Maria (zm. 17.11.1939) \" aria-describedby=\"gallery-14-29375\" \/><\/a>\n\t\t\t<\/div>\n\t\t\t\t<figcaption class='wp-caption-text gallery-caption' id='gallery-14-29375'>\n\t\t\t\t\u2020 Dekusiak Maria (zm. 17.11.1939)\n\t\t\t\t<\/figcaption><\/figure>\n\t\t<\/div>\n<\/p>\t\t\t\t\t\t<\/div>\n\t\t\t\t\t<\/div>\n\t\t\t\t<\/div>\n\n\t\t\t\n\t\t\t\t<div class=\"sa-ac-item\">\n\t\t\t\t\t<div class=\"sa-ac-trigger\">\n\n\t\t\t\t\t\t<div class=\"sa-title-wrapper\">\n\t\t\t\t\t\t\t\t\t\t\t\t\t\t<h4 class=\"sa--title sa--text-title sa-ac-title sa-m-0 sa-p-0\"> 15. \u2020 Demianowicz Marya z d. Ohanowicz (ok. 1860 \u2013 1878), c\u00f3rka J. Ohanowicza, \n\u017cona G. A. Demianowicza <\/h4>\t\t\t\t\t\t<\/div>\n\t\t\t\t\t\t<span class=\"sa-trigger-icon sa-icon-wrapper sa-ac-icon-right\">\n\t\t\t\t\t\t\t<span class=\"sa-ac-icon-closed sa-icon-wrap\">\n\t\t\t\t\t\t\t\t<i class=\"fas fa-plus\"><\/i>\t\t\t\t\t\t\t<\/span>\n\t\t\t\t\t\t\t<span class=\"sa-ac-icon-opened sa-icon-wrap\">\n\t\t\t\t\t\t\t\t<i class=\"fas fa-minus\"><\/i>\t\t\t\t\t\t\t<\/span>\n\t\t\t\t\t\t<\/span>\n\t\t\t\t\t<\/div>\n\t\t\t\t\t<div class=\"sa-ac-panel\">\n\t\t\t\t\t\t<div class=\"sa-ac-content\">\n\t\t\t\t\t\t\t<p><div id='gallery-15' class='gallery galleryid-30589 gallery-columns-1 gallery-size-medium'><figure class='gallery-item'>\n\t\t\t<div class='gallery-icon portrait'>\n\t\t\t\t<a href='https:\/\/polishwomen.md\/wp-content\/uploads\/2023\/12\/15-\u2020-demianowicz-marya-z-d.-ohanowicz-ok.-1860-\u2013-1878.jpg'><img loading=\"lazy\" decoding=\"async\" width=\"225\" height=\"300\" src=\"https:\/\/polishwomen.md\/wp-content\/uploads\/2023\/12\/15-\u2020-demianowicz-marya-z-d.-ohanowicz-ok.-1860-\u2013-1878-225x300.jpg\" class=\"attachment-medium size-medium\" alt=\"15 \u2020 Demianowicz Marya Z D. Ohanowicz (ok. 1860 \u2013 1878)\" aria-describedby=\"gallery-15-29220\" \/><\/a>\n\t\t\t<\/div>\n\t\t\t\t<figcaption class='wp-caption-text gallery-caption' id='gallery-15-29220'>\n\t\t\t\t\u2020 Demianowicz Marya z d. Ohanowicz (ok. 1860 \u2013 1878)\n\t\t\t\t<\/figcaption><\/figure>\n\t\t<\/div>\n<\/p>\t\t\t\t\t\t<\/div>\n\t\t\t\t\t<\/div>\n\t\t\t\t<\/div>\n\n\t\t\t\n\t\t\t\t<div class=\"sa-ac-item\">\n\t\t\t\t\t<div class=\"sa-ac-trigger\">\n\n\t\t\t\t\t\t<div class=\"sa-title-wrapper\">\n\t\t\t\t\t\t\t\t\t\t\t\t\t\t<h4 class=\"sa--title sa--text-title sa-ac-title sa-m-0 sa-p-0\"> \u2020  Fajglewicz Agata (ur.05.02.1889-zm.02.11.1978)    W jednem grobu    \u2020  Golub Jadwiga z domu Fajglewicz (ur.09.03.1928-zm.25.12.1997)     \u2020 Kazimirowa Elena z domu Golub (ur.30.07.1953-zm.02.04.2016)                                               <\/h4>\t\t\t\t\t\t<\/div>\n\t\t\t\t\t\t<span class=\"sa-trigger-icon sa-icon-wrapper sa-ac-icon-right\">\n\t\t\t\t\t\t\t<span class=\"sa-ac-icon-closed sa-icon-wrap\">\n\t\t\t\t\t\t\t\t<i class=\"fas fa-plus\"><\/i>\t\t\t\t\t\t\t<\/span>\n\t\t\t\t\t\t\t<span class=\"sa-ac-icon-opened sa-icon-wrap\">\n\t\t\t\t\t\t\t\t<i class=\"fas fa-minus\"><\/i>\t\t\t\t\t\t\t<\/span>\n\t\t\t\t\t\t<\/span>\n\t\t\t\t\t<\/div>\n\t\t\t\t\t<div class=\"sa-ac-panel\">\n\t\t\t\t\t\t<div class=\"sa-ac-content\">\n\t\t\t\t\t\t\t<p><div id='gallery-16' class='gallery galleryid-30589 gallery-columns-2 gallery-size-medium'><figure class='gallery-item'>\n\t\t\t<div class='gallery-icon landscape'>\n\t\t\t\t<a href='https:\/\/polishwomen.md\/wp-content\/uploads\/2023\/12\/\u2020-fajglewicz-agata-ur.05.02.1889-zm.02.11.1978.jpg'><img loading=\"lazy\" decoding=\"async\" width=\"300\" height=\"200\" src=\"https:\/\/polishwomen.md\/wp-content\/uploads\/2023\/12\/\u2020-fajglewicz-agata-ur.05.02.1889-zm.02.11.1978-300x200.jpg\" class=\"attachment-medium size-medium\" alt=\"\u2020 Fajglewicz Agata (ur.05.02.1889 Zm.02.11.1978)\" aria-describedby=\"gallery-16-29829\" \/><\/a>\n\t\t\t<\/div>\n\t\t\t\t<figcaption class='wp-caption-text gallery-caption' id='gallery-16-29829'>\n\t\t\t\tFajglewicz Agata (ur.05.02.1889-zm.02.11.1978)                                   Golub Jadwiga z domu Fajglewicz (ur.09.03.1928-zm.25.12.1997)               Kazimirowa Elena z domu Golub (ur.30.07.1953-zm.02.04.2016)               \n\t\t\t\t<\/figcaption><\/figure><figure class='gallery-item'>\n\t\t\t<div class='gallery-icon portrait'>\n\t\t\t\t<a href='https:\/\/polishwomen.md\/wp-content\/uploads\/2023\/12\/\u2020-fajglewicz-agata-ur.05.02.1889-zm.02.11.1978_.jpg'><img loading=\"lazy\" decoding=\"async\" width=\"200\" height=\"300\" src=\"https:\/\/polishwomen.md\/wp-content\/uploads\/2023\/12\/\u2020-fajglewicz-agata-ur.05.02.1889-zm.02.11.1978_-200x300.jpg\" class=\"attachment-medium size-medium\" alt=\"\u2020 Fajglewicz Agata (ur.05.02.1889 Zm.02.11.1978) \" aria-describedby=\"gallery-16-29832\" \/><\/a>\n\t\t\t<\/div>\n\t\t\t\t<figcaption class='wp-caption-text gallery-caption' id='gallery-16-29832'>\n\t\t\t\t\u2020 Fajglewicz Agata (ur.05.02.1889-zm.02.11.1978)                                   \u2020 Golub Jadwiga z domu Fajglewicz (ur.09.03.1928-zm.25.12.1997)               \u2020 Kazimirowa Elena z domu Golub (ur.30.07.1953-zm.02.04.2016)      \n\t\t\t\t<\/figcaption><\/figure>\n\t\t<\/div>\n<\/p>\t\t\t\t\t\t<\/div>\n\t\t\t\t\t<\/div>\n\t\t\t\t<\/div>\n\n\t\t\t\n\t\t\t\t<div class=\"sa-ac-item\">\n\t\t\t\t\t<div class=\"sa-ac-trigger\">\n\n\t\t\t\t\t\t<div class=\"sa-title-wrapper\">\n\t\t\t\t\t\t\t\t\t\t\t\t\t\t<h4 class=\"sa--title sa--text-title sa-ac-title sa-m-0 sa-p-0\"> \u2020 Fajglewicz  Antonina (ur.22.11.1917 \u2013 zm.13.07.1985)  <\/h4>\t\t\t\t\t\t<\/div>\n\t\t\t\t\t\t<span class=\"sa-trigger-icon sa-icon-wrapper sa-ac-icon-right\">\n\t\t\t\t\t\t\t<span class=\"sa-ac-icon-closed sa-icon-wrap\">\n\t\t\t\t\t\t\t\t<i class=\"fas fa-plus\"><\/i>\t\t\t\t\t\t\t<\/span>\n\t\t\t\t\t\t\t<span class=\"sa-ac-icon-opened sa-icon-wrap\">\n\t\t\t\t\t\t\t\t<i class=\"fas fa-minus\"><\/i>\t\t\t\t\t\t\t<\/span>\n\t\t\t\t\t\t<\/span>\n\t\t\t\t\t<\/div>\n\t\t\t\t\t<div class=\"sa-ac-panel\">\n\t\t\t\t\t\t<div class=\"sa-ac-content\">\n\t\t\t\t\t\t\t<p><div id='gallery-17' class='gallery galleryid-30589 gallery-columns-2 gallery-size-medium'><figure class='gallery-item'>\n\t\t\t<div class='gallery-icon portrait'>\n\t\t\t\t<a href='https:\/\/polishwomen.md\/wp-content\/uploads\/2023\/12\/\u2020-fajglewicz-antonina-ur.22.11.1917-\u2013-zm.13.07.1985.jpg'><img loading=\"lazy\" decoding=\"async\" width=\"200\" height=\"300\" src=\"https:\/\/polishwomen.md\/wp-content\/uploads\/2023\/12\/\u2020-fajglewicz-antonina-ur.22.11.1917-\u2013-zm.13.07.1985-200x300.jpg\" class=\"attachment-medium size-medium\" alt=\"\u2020 Fajglewicz Antonina (ur.22.11.1917 \u2013 Zm.13.07.1985)\" aria-describedby=\"gallery-17-29504\" \/><\/a>\n\t\t\t<\/div>\n\t\t\t\t<figcaption class='wp-caption-text gallery-caption' id='gallery-17-29504'>\n\t\t\t\t\u2020 Fajglewicz  Antonina (ur.22.11.1917 \u2013 zm.13.07.1985) \n\t\t\t\t<\/figcaption><\/figure><figure class='gallery-item'>\n\t\t\t<div class='gallery-icon portrait'>\n\t\t\t\t<a href='https:\/\/polishwomen.md\/wp-content\/uploads\/2023\/12\/\u2020-fajglewicz-antonina-ur.22.11.1917-\u2013-zm.13.07.1985_.jpg'><img loading=\"lazy\" decoding=\"async\" width=\"200\" height=\"300\" src=\"https:\/\/polishwomen.md\/wp-content\/uploads\/2023\/12\/\u2020-fajglewicz-antonina-ur.22.11.1917-\u2013-zm.13.07.1985_-200x300.jpg\" class=\"attachment-medium size-medium\" alt=\"\u2020 Fajglewicz Antonina (ur.22.11.1917 \u2013 Zm.13.07.1985) \" aria-describedby=\"gallery-17-29507\" \/><\/a>\n\t\t\t<\/div>\n\t\t\t\t<figcaption class='wp-caption-text gallery-caption' id='gallery-17-29507'>\n\t\t\t\t\u2020 Fajglewicz  Antonina (ur.22.11.1917 \u2013 zm.13.07.1985) \n\t\t\t\t<\/figcaption><\/figure>\n\t\t<\/div>\n<\/p>\t\t\t\t\t\t<\/div>\n\t\t\t\t\t<\/div>\n\t\t\t\t<\/div>\n\n\t\t\t\n\t\t\t\t<div class=\"sa-ac-item\">\n\t\t\t\t\t<div class=\"sa-ac-trigger\">\n\n\t\t\t\t\t\t<div class=\"sa-title-wrapper\">\n\t\t\t\t\t\t\t\t\t\t\t\t\t\t<h4 class=\"sa--title sa--text-title sa-ac-title sa-m-0 sa-p-0\"> \u2020 Fajglewicz Awgustin. (ur.28.05.1913 \u2013zm. 9.07.1982)   \u2020 Placzek Stasio (ur.02.11.1968-zm.20.12.1990) <\/h4>\t\t\t\t\t\t<\/div>\n\t\t\t\t\t\t<span class=\"sa-trigger-icon sa-icon-wrapper sa-ac-icon-right\">\n\t\t\t\t\t\t\t<span class=\"sa-ac-icon-closed sa-icon-wrap\">\n\t\t\t\t\t\t\t\t<i class=\"fas fa-plus\"><\/i>\t\t\t\t\t\t\t<\/span>\n\t\t\t\t\t\t\t<span class=\"sa-ac-icon-opened sa-icon-wrap\">\n\t\t\t\t\t\t\t\t<i class=\"fas fa-minus\"><\/i>\t\t\t\t\t\t\t<\/span>\n\t\t\t\t\t\t<\/span>\n\t\t\t\t\t<\/div>\n\t\t\t\t\t<div class=\"sa-ac-panel\">\n\t\t\t\t\t\t<div class=\"sa-ac-content\">\n\t\t\t\t\t\t\t<p><div id='gallery-18' class='gallery galleryid-30589 gallery-columns-2 gallery-size-medium'><figure class='gallery-item'>\n\t\t\t<div class='gallery-icon landscape'>\n\t\t\t\t<a href='https:\/\/polishwomen.md\/wp-content\/uploads\/2023\/12\/\u2020-fajglewicz-awgustin.-ur.28.05.1913-\u2013zm.-9.07.1982-_1.jpg'><img loading=\"lazy\" decoding=\"async\" width=\"300\" height=\"200\" src=\"https:\/\/polishwomen.md\/wp-content\/uploads\/2023\/12\/\u2020-fajglewicz-awgustin.-ur.28.05.1913-\u2013zm.-9.07.1982-_1-300x200.jpg\" class=\"attachment-medium size-medium\" alt=\"\u2020 Fajglewicz Awgustin. (ur.28.05.1913 \u2013zm. 9.07.1982) 1\" aria-describedby=\"gallery-18-29819\" \/><\/a>\n\t\t\t<\/div>\n\t\t\t\t<figcaption class='wp-caption-text gallery-caption' id='gallery-18-29819'>\n\t\t\t\t\u2020 Fajglewicz Awgustin. (ur.28.05.1913 \u2013zm. 9.07.1982)                              \n\t\t\t\t<\/figcaption><\/figure><figure class='gallery-item'>\n\t\t\t<div class='gallery-icon portrait'>\n\t\t\t\t<a href='https:\/\/polishwomen.md\/wp-content\/uploads\/2023\/12\/\u2020-fajglewicz-awgustin.-ur.28.05.1913-\u2013zm.-9.07.1982.jpg'><img loading=\"lazy\" decoding=\"async\" width=\"200\" height=\"300\" src=\"https:\/\/polishwomen.md\/wp-content\/uploads\/2023\/12\/\u2020-fajglewicz-awgustin.-ur.28.05.1913-\u2013zm.-9.07.1982-200x300.jpg\" class=\"attachment-medium size-medium\" alt=\"\u2020 Fajglewicz Awgustin. (ur.28.05.1913 \u2013zm. 9.07.1982)\" aria-describedby=\"gallery-18-29822\" \/><\/a>\n\t\t\t<\/div>\n\t\t\t\t<figcaption class='wp-caption-text gallery-caption' id='gallery-18-29822'>\n\t\t\t\t\u2020 Fajglewicz Awgustin. (ur.28.05.1913 \u2013zm. 9.07.1982)    Placzek Stasio (ur.02.11.1968-zm.20.12.1990)    \n\t\t\t\t<\/figcaption><\/figure>\n\t\t<\/div>\n<\/p>\t\t\t\t\t\t<\/div>\n\t\t\t\t\t<\/div>\n\t\t\t\t<\/div>\n\n\t\t\t\n\t\t\t\t<div class=\"sa-ac-item\">\n\t\t\t\t\t<div class=\"sa-ac-trigger\">\n\n\t\t\t\t\t\t<div class=\"sa-title-wrapper\">\n\t\t\t\t\t\t\t\t\t\t\t\t\t\t<h4 class=\"sa--title sa--text-title sa-ac-title sa-m-0 sa-p-0\"> \u2020 Fajglewicz Mikolai Awgistin. (ur.3.12.1946 \u2013zm. 7.03.1978)   <\/h4>\t\t\t\t\t\t<\/div>\n\t\t\t\t\t\t<span class=\"sa-trigger-icon sa-icon-wrapper sa-ac-icon-right\">\n\t\t\t\t\t\t\t<span class=\"sa-ac-icon-closed sa-icon-wrap\">\n\t\t\t\t\t\t\t\t<i class=\"fas fa-plus\"><\/i>\t\t\t\t\t\t\t<\/span>\n\t\t\t\t\t\t\t<span class=\"sa-ac-icon-opened sa-icon-wrap\">\n\t\t\t\t\t\t\t\t<i class=\"fas fa-minus\"><\/i>\t\t\t\t\t\t\t<\/span>\n\t\t\t\t\t\t<\/span>\n\t\t\t\t\t<\/div>\n\t\t\t\t\t<div class=\"sa-ac-panel\">\n\t\t\t\t\t\t<div class=\"sa-ac-content\">\n\t\t\t\t\t\t\t<p><div id='gallery-19' class='gallery galleryid-30589 gallery-columns-2 gallery-size-medium'><figure class='gallery-item'>\n\t\t\t<div class='gallery-icon portrait'>\n\t\t\t\t<a href='https:\/\/polishwomen.md\/wp-content\/uploads\/2023\/12\/\u2020-fajglewicz-mikolai-awgistin.-ur.3.12.1946-\u2013zm.-7.03.1978-__.jpg'><img loading=\"lazy\" decoding=\"async\" width=\"200\" height=\"300\" src=\"https:\/\/polishwomen.md\/wp-content\/uploads\/2023\/12\/\u2020-fajglewicz-mikolai-awgistin.-ur.3.12.1946-\u2013zm.-7.03.1978-__-200x300.jpg\" class=\"attachment-medium size-medium\" alt=\"\u2020 Fajglewicz Mikolai Awgistin. (ur.3.12.1946 \u2013zm. 7.03.1978) \" aria-describedby=\"gallery-19-29842\" \/><\/a>\n\t\t\t<\/div>\n\t\t\t\t<figcaption class='wp-caption-text gallery-caption' id='gallery-19-29842'>\n\t\t\t\t\u2020 Fajglewicz Mikolai Awgistin. (ur.3.12.1946 \u2013zm. 7.03.1978)  \n\t\t\t\t<\/figcaption><\/figure><figure class='gallery-item'>\n\t\t\t<div class='gallery-icon landscape'>\n\t\t\t\t<a href='https:\/\/polishwomen.md\/wp-content\/uploads\/2023\/12\/\u2020-fajglewicz-mikolai-awgistin.-ur.3.12.1946-\u2013zm.-7.03.1978-_.jpg'><img loading=\"lazy\" decoding=\"async\" width=\"300\" height=\"200\" src=\"https:\/\/polishwomen.md\/wp-content\/uploads\/2023\/12\/\u2020-fajglewicz-mikolai-awgistin.-ur.3.12.1946-\u2013zm.-7.03.1978-_-300x200.jpg\" class=\"attachment-medium size-medium\" alt=\"\u2020 Fajglewicz Mikolai Awgistin. (ur.3.12.1946 \u2013zm. 7.03.1978) \" aria-describedby=\"gallery-19-29839\" \/><\/a>\n\t\t\t<\/div>\n\t\t\t\t<figcaption class='wp-caption-text gallery-caption' id='gallery-19-29839'>\n\t\t\t\t\u2020 Fajglewicz Mikolai Awgistin. (ur.3.12.1946 \u2013zm. 7.03.1978)  \n\t\t\t\t<\/figcaption><\/figure>\n\t\t<\/div>\n<\/p>\t\t\t\t\t\t<\/div>\n\t\t\t\t\t<\/div>\n\t\t\t\t<\/div>\n\n\t\t\t\n\t\t\t\t<div class=\"sa-ac-item\">\n\t\t\t\t\t<div class=\"sa-ac-trigger\">\n\n\t\t\t\t\t\t<div class=\"sa-title-wrapper\">\n\t\t\t\t\t\t\t\t\t\t\t\t\t\t<h4 class=\"sa--title sa--text-title sa-ac-title sa-m-0 sa-p-0\"> \u2020 Fedorowa Helena  \u2020  Fedorow Wladislaw <\/h4>\t\t\t\t\t\t<\/div>\n\t\t\t\t\t\t<span class=\"sa-trigger-icon sa-icon-wrapper sa-ac-icon-right\">\n\t\t\t\t\t\t\t<span class=\"sa-ac-icon-closed sa-icon-wrap\">\n\t\t\t\t\t\t\t\t<i class=\"fas fa-plus\"><\/i>\t\t\t\t\t\t\t<\/span>\n\t\t\t\t\t\t\t<span class=\"sa-ac-icon-opened sa-icon-wrap\">\n\t\t\t\t\t\t\t\t<i class=\"fas fa-minus\"><\/i>\t\t\t\t\t\t\t<\/span>\n\t\t\t\t\t\t<\/span>\n\t\t\t\t\t<\/div>\n\t\t\t\t\t<div class=\"sa-ac-panel\">\n\t\t\t\t\t\t<div class=\"sa-ac-content\">\n\t\t\t\t\t\t\t<p><div id='gallery-20' class='gallery galleryid-30589 gallery-columns-2 gallery-size-medium'><figure class='gallery-item'>\n\t\t\t<div class='gallery-icon portrait'>\n\t\t\t\t<a href='https:\/\/polishwomen.md\/wp-content\/uploads\/2023\/12\/\u2020-fedorowa-helena-\u2020-fedorow-wladislaw-_.jpg'><img loading=\"lazy\" decoding=\"async\" width=\"200\" height=\"300\" src=\"https:\/\/polishwomen.md\/wp-content\/uploads\/2023\/12\/\u2020-fedorowa-helena-\u2020-fedorow-wladislaw-_-200x300.jpg\" class=\"attachment-medium size-medium\" alt=\"\u2020 Fedorowa Helena \u2020 Fedorow Wladislaw \" aria-describedby=\"gallery-20-29716\" \/><\/a>\n\t\t\t<\/div>\n\t\t\t\t<figcaption class='wp-caption-text gallery-caption' id='gallery-20-29716'>\n\t\t\t\t\u2020 Fedorowa Helena  \u2020  Fedorow Wladislaw\n\t\t\t\t<\/figcaption><\/figure><figure class='gallery-item'>\n\t\t\t<div class='gallery-icon landscape'>\n\t\t\t\t<a href='https:\/\/polishwomen.md\/wp-content\/uploads\/2023\/12\/\u2020-fedorowa-helena-\u2020-fedorow-wladislaw.jpg'><img loading=\"lazy\" decoding=\"async\" width=\"300\" height=\"200\" src=\"https:\/\/polishwomen.md\/wp-content\/uploads\/2023\/12\/\u2020-fedorowa-helena-\u2020-fedorow-wladislaw-300x200.jpg\" class=\"attachment-medium size-medium\" alt=\"\u2020 Fedorowa Helena \u2020 Fedorow Wladislaw\" aria-describedby=\"gallery-20-29713\" \/><\/a>\n\t\t\t<\/div>\n\t\t\t\t<figcaption class='wp-caption-text gallery-caption' id='gallery-20-29713'>\n\t\t\t\t\u2020 Fedorowa Helena  \u2020  Fedorow Wladislaw\n\t\t\t\t<\/figcaption><\/figure>\n\t\t<\/div>\n<\/p>\t\t\t\t\t\t<\/div>\n\t\t\t\t\t<\/div>\n\t\t\t\t<\/div>\n\n\t\t\t\n\t\t\t\t<div class=\"sa-ac-item\">\n\t\t\t\t\t<div class=\"sa-ac-trigger\">\n\n\t\t\t\t\t\t<div class=\"sa-title-wrapper\">\n\t\t\t\t\t\t\t\t\t\t\t\t\t\t<h4 class=\"sa--title sa--text-title sa-ac-title sa-m-0 sa-p-0\"> 16. \u2020 Gajewski Czes\u0142aw (zm. 1938) <\/h4>\t\t\t\t\t\t<\/div>\n\t\t\t\t\t\t<span class=\"sa-trigger-icon sa-icon-wrapper sa-ac-icon-right\">\n\t\t\t\t\t\t\t<span class=\"sa-ac-icon-closed sa-icon-wrap\">\n\t\t\t\t\t\t\t\t<i class=\"fas fa-plus\"><\/i>\t\t\t\t\t\t\t<\/span>\n\t\t\t\t\t\t\t<span class=\"sa-ac-icon-opened sa-icon-wrap\">\n\t\t\t\t\t\t\t\t<i class=\"fas fa-minus\"><\/i>\t\t\t\t\t\t\t<\/span>\n\t\t\t\t\t\t<\/span>\n\t\t\t\t\t<\/div>\n\t\t\t\t\t<div class=\"sa-ac-panel\">\n\t\t\t\t\t\t<div class=\"sa-ac-content\">\n\t\t\t\t\t\t\t\t\t\t\t\t\t<\/div>\n\t\t\t\t\t<\/div>\n\t\t\t\t<\/div>\n\n\t\t\t\n\t\t\t\t<div class=\"sa-ac-item\">\n\t\t\t\t\t<div class=\"sa-ac-trigger\">\n\n\t\t\t\t\t\t<div class=\"sa-title-wrapper\">\n\t\t\t\t\t\t\t\t\t\t\t\t\t\t<h4 class=\"sa--title sa--text-title sa-ac-title sa-m-0 sa-p-0\"> 17. \u2020 Gembalski Julian <\/h4>\t\t\t\t\t\t<\/div>\n\t\t\t\t\t\t<span class=\"sa-trigger-icon sa-icon-wrapper sa-ac-icon-right\">\n\t\t\t\t\t\t\t<span class=\"sa-ac-icon-closed sa-icon-wrap\">\n\t\t\t\t\t\t\t\t<i class=\"fas fa-plus\"><\/i>\t\t\t\t\t\t\t<\/span>\n\t\t\t\t\t\t\t<span class=\"sa-ac-icon-opened sa-icon-wrap\">\n\t\t\t\t\t\t\t\t<i class=\"fas fa-minus\"><\/i>\t\t\t\t\t\t\t<\/span>\n\t\t\t\t\t\t<\/span>\n\t\t\t\t\t<\/div>\n\t\t\t\t\t<div class=\"sa-ac-panel\">\n\t\t\t\t\t\t<div class=\"sa-ac-content\">\n\t\t\t\t\t\t\t<p><div id='gallery-21' class='gallery galleryid-30589 gallery-columns-2 gallery-size-medium'><figure class='gallery-item'>\n\t\t\t<div class='gallery-icon portrait'>\n\t\t\t\t<a href='https:\/\/polishwomen.md\/wp-content\/uploads\/2023\/12\/17-\u2020-gembalski-julian.jpg'><img loading=\"lazy\" decoding=\"async\" width=\"200\" height=\"300\" src=\"https:\/\/polishwomen.md\/wp-content\/uploads\/2023\/12\/17-\u2020-gembalski-julian-200x300.jpg\" class=\"attachment-medium size-medium\" alt=\"17 \u2020 Gembalski Julian\" aria-describedby=\"gallery-21-29762\" \/><\/a>\n\t\t\t<\/div>\n\t\t\t\t<figcaption class='wp-caption-text gallery-caption' id='gallery-21-29762'>\n\t\t\t\t\u2020 Gembalski Julian\n\t\t\t\t<\/figcaption><\/figure><figure class='gallery-item'>\n\t\t\t<div class='gallery-icon portrait'>\n\t\t\t\t<a href='https:\/\/polishwomen.md\/wp-content\/uploads\/2023\/12\/17-\u2020-gembalski-julian-_.jpg'><img loading=\"lazy\" decoding=\"async\" width=\"200\" height=\"300\" src=\"https:\/\/polishwomen.md\/wp-content\/uploads\/2023\/12\/17-\u2020-gembalski-julian-_-200x300.jpg\" class=\"attachment-medium size-medium\" alt=\"17 \u2020 Gembalski Julian \" aria-describedby=\"gallery-21-29765\" \/><\/a>\n\t\t\t<\/div>\n\t\t\t\t<figcaption class='wp-caption-text gallery-caption' id='gallery-21-29765'>\n\t\t\t\t\u2020 Gembalski Julian\n\t\t\t\t<\/figcaption><\/figure>\n\t\t<\/div>\n<\/p>\t\t\t\t\t\t<\/div>\n\t\t\t\t\t<\/div>\n\t\t\t\t<\/div>\n\n\t\t\t\n\t\t\t\t<div class=\"sa-ac-item\">\n\t\t\t\t\t<div class=\"sa-ac-trigger\">\n\n\t\t\t\t\t\t<div class=\"sa-title-wrapper\">\n\t\t\t\t\t\t\t\t\t\t\t\t\t\t<h4 class=\"sa--title sa--text-title sa-ac-title sa-m-0 sa-p-0\"> 18. \u2020 Gwiazda Maria ze Zlobniewskich (zm. 9 marca 1909 r.) <\/h4>\t\t\t\t\t\t<\/div>\n\t\t\t\t\t\t<span class=\"sa-trigger-icon sa-icon-wrapper sa-ac-icon-right\">\n\t\t\t\t\t\t\t<span class=\"sa-ac-icon-closed sa-icon-wrap\">\n\t\t\t\t\t\t\t\t<i class=\"fas fa-plus\"><\/i>\t\t\t\t\t\t\t<\/span>\n\t\t\t\t\t\t\t<span class=\"sa-ac-icon-opened sa-icon-wrap\">\n\t\t\t\t\t\t\t\t<i class=\"fas fa-minus\"><\/i>\t\t\t\t\t\t\t<\/span>\n\t\t\t\t\t\t<\/span>\n\t\t\t\t\t<\/div>\n\t\t\t\t\t<div class=\"sa-ac-panel\">\n\t\t\t\t\t\t<div class=\"sa-ac-content\">\n\t\t\t\t\t\t\t<p><div id='gallery-22' class='gallery galleryid-30589 gallery-columns-2 gallery-size-medium'><figure class='gallery-item'>\n\t\t\t<div class='gallery-icon landscape'>\n\t\t\t\t<a href='https:\/\/polishwomen.md\/wp-content\/uploads\/2023\/12\/18-\u2020-gwiazda-maria-ze-zlobniewskich-zm.-9-marca-1909-r._.jpg'><img loading=\"lazy\" decoding=\"async\" width=\"300\" height=\"200\" src=\"https:\/\/polishwomen.md\/wp-content\/uploads\/2023\/12\/18-\u2020-gwiazda-maria-ze-zlobniewskich-zm.-9-marca-1909-r._-300x200.jpg\" class=\"attachment-medium size-medium\" alt=\"18 \u2020 Gwiazda Maria Ze Zlobniewskich (zm. 9 Marca 1909 R.) \" aria-describedby=\"gallery-22-29355\" \/><\/a>\n\t\t\t<\/div>\n\t\t\t\t<figcaption class='wp-caption-text gallery-caption' id='gallery-22-29355'>\n\t\t\t\t\u2020 Gwiazda Maria ze Zlobniewskich (zm. 9 marca 1909 r.)\n\t\t\t\t<\/figcaption><\/figure><figure class='gallery-item'>\n\t\t\t<div class='gallery-icon landscape'>\n\t\t\t\t<a href='https:\/\/polishwomen.md\/wp-content\/uploads\/2023\/12\/18-\u2020-gwiazda-maria-ze-zlobniewskich-zm.-9-marca-1909-r.jpg'><img loading=\"lazy\" decoding=\"async\" width=\"300\" height=\"200\" src=\"https:\/\/polishwomen.md\/wp-content\/uploads\/2023\/12\/18-\u2020-gwiazda-maria-ze-zlobniewskich-zm.-9-marca-1909-r-300x200.jpg\" class=\"attachment-medium size-medium\" alt=\"18 \u2020 Gwiazda Maria Ze Zlobniewskich (zm. 9 Marca 1909 R.)\" aria-describedby=\"gallery-22-29352\" \/><\/a>\n\t\t\t<\/div>\n\t\t\t\t<figcaption class='wp-caption-text gallery-caption' id='gallery-22-29352'>\n\t\t\t\t\u2020 Gwiazda Maria ze Zlobniewskich (zm. 9 marca 1909 r.)\n\t\t\t\t<\/figcaption><\/figure>\n\t\t<\/div>\n<\/p>\t\t\t\t\t\t<\/div>\n\t\t\t\t\t<\/div>\n\t\t\t\t<\/div>\n\n\t\t\t\n\t\t\t\t<div class=\"sa-ac-item\">\n\t\t\t\t\t<div class=\"sa-ac-trigger\">\n\n\t\t\t\t\t\t<div class=\"sa-title-wrapper\">\n\t\t\t\t\t\t\t\t\t\t\t\t\t\t<h4 class=\"sa--title sa--text-title sa-ac-title sa-m-0 sa-p-0\"> \u2020 Gaydamowicz J\u00f3zef (19.03.1854 \u2013 26.10.1938)  <\/h4>\t\t\t\t\t\t<\/div>\n\t\t\t\t\t\t<span class=\"sa-trigger-icon sa-icon-wrapper sa-ac-icon-right\">\n\t\t\t\t\t\t\t<span class=\"sa-ac-icon-closed sa-icon-wrap\">\n\t\t\t\t\t\t\t\t<i class=\"fas fa-plus\"><\/i>\t\t\t\t\t\t\t<\/span>\n\t\t\t\t\t\t\t<span class=\"sa-ac-icon-opened sa-icon-wrap\">\n\t\t\t\t\t\t\t\t<i class=\"fas fa-minus\"><\/i>\t\t\t\t\t\t\t<\/span>\n\t\t\t\t\t\t<\/span>\n\t\t\t\t\t<\/div>\n\t\t\t\t\t<div class=\"sa-ac-panel\">\n\t\t\t\t\t\t<div class=\"sa-ac-content\">\n\t\t\t\t\t\t\t<p><div id='gallery-23' class='gallery galleryid-30589 gallery-columns-2 gallery-size-medium'><figure class='gallery-item'>\n\t\t\t<div class='gallery-icon landscape'>\n\t\t\t\t<a href='https:\/\/polishwomen.md\/ru\/kladbishhe\/%e2%80%a0-gaydamowicz-jozef-19-03-1854-26-10-1938-2-2\/'><img loading=\"lazy\" decoding=\"async\" width=\"300\" height=\"200\" src=\"https:\/\/polishwomen.md\/wp-content\/uploads\/2023\/12\/\u2020-gaydamowicz-jozef-19.03.1854-\u2013-26.10.1938-2--300x200.jpg\" class=\"attachment-medium size-medium\" alt=\"\u2020 Gaydamowicz J\u00f3zef (19.03.1854 \u2013 26.10.1938) 2\" aria-describedby=\"gallery-23-29172\" \/><\/a>\n\t\t\t<\/div>\n\t\t\t\t<figcaption class='wp-caption-text gallery-caption' id='gallery-23-29172'>\n\t\t\t\t\u2020 Gaydamowicz J\u00f3zef (19.03.1854 \u2013 26.10.1938) \n\t\t\t\t<\/figcaption><\/figure><figure class='gallery-item'>\n\t\t\t<div class='gallery-icon portrait'>\n\t\t\t\t<a href='https:\/\/polishwomen.md\/ru\/kladbishhe\/%e2%80%a0-gaydamowicz-jozef-19-03-1854-26-10-1938-1-2\/'><img loading=\"lazy\" decoding=\"async\" width=\"200\" height=\"300\" src=\"https:\/\/polishwomen.md\/wp-content\/uploads\/2023\/12\/\u2020-gaydamowicz-jozef-19.03.1854-\u2013-26.10.1938-1--200x300.jpg\" class=\"attachment-medium size-medium\" alt=\"\u2020 Gaydamowicz J\u00f3zef (19.03.1854 \u2013 26.10.1938) 1\" aria-describedby=\"gallery-23-29169\" \/><\/a>\n\t\t\t<\/div>\n\t\t\t\t<figcaption class='wp-caption-text gallery-caption' id='gallery-23-29169'>\n\t\t\t\t\u2020 Gaydamowicz J\u00f3zef (19.03.1854 \u2013 26.10.1938) \n\t\t\t\t<\/figcaption><\/figure>\n\t\t<\/div>\n<\/p>\t\t\t\t\t\t<\/div>\n\t\t\t\t\t<\/div>\n\t\t\t\t<\/div>\n\n\t\t\t\n\t\t\t\t<div class=\"sa-ac-item\">\n\t\t\t\t\t<div class=\"sa-ac-trigger\">\n\n\t\t\t\t\t\t<div class=\"sa-title-wrapper\">\n\t\t\t\t\t\t\t\t\t\t\t\t\t\t<h4 class=\"sa--title sa--text-title sa-ac-title sa-m-0 sa-p-0\"> 19 \u2020 Henkel Wincenty-Boles\u0142aw (zm. 26 listopada 1896 r.)\n\u2020 Henkel Julia (zm. 5 listopada 1896 r.) <\/h4>\t\t\t\t\t\t<\/div>\n\t\t\t\t\t\t<span class=\"sa-trigger-icon sa-icon-wrapper sa-ac-icon-right\">\n\t\t\t\t\t\t\t<span class=\"sa-ac-icon-closed sa-icon-wrap\">\n\t\t\t\t\t\t\t\t<i class=\"fas fa-plus\"><\/i>\t\t\t\t\t\t\t<\/span>\n\t\t\t\t\t\t\t<span class=\"sa-ac-icon-opened sa-icon-wrap\">\n\t\t\t\t\t\t\t\t<i class=\"fas fa-minus\"><\/i>\t\t\t\t\t\t\t<\/span>\n\t\t\t\t\t\t<\/span>\n\t\t\t\t\t<\/div>\n\t\t\t\t\t<div class=\"sa-ac-panel\">\n\t\t\t\t\t\t<div class=\"sa-ac-content\">\n\t\t\t\t\t\t\t<p><div id='gallery-24' class='gallery galleryid-30589 gallery-columns-2 gallery-size-medium'><figure class='gallery-item'>\n\t\t\t<div class='gallery-icon portrait'>\n\t\t\t\t<a href='https:\/\/polishwomen.md\/wp-content\/uploads\/2023\/12\/19-\u2020-henkel-wincenty-boleslaw-zm.-26-listopada-1896-r.jpg'><img loading=\"lazy\" decoding=\"async\" width=\"200\" height=\"300\" src=\"https:\/\/polishwomen.md\/wp-content\/uploads\/2023\/12\/19-\u2020-henkel-wincenty-boleslaw-zm.-26-listopada-1896-r-200x300.jpg\" class=\"attachment-medium size-medium\" alt=\"19 \u2020 Henkel Wincenty Boles\u0142aw (zm. 26 Listopada 1896 R.)\" aria-describedby=\"gallery-24-29807\" \/><\/a>\n\t\t\t<\/div>\n\t\t\t\t<figcaption class='wp-caption-text gallery-caption' id='gallery-24-29807'>\n\t\t\t\t\u2020 Henkel Wincenty-Boles\u0142aw (zm. 26 listopada 1896 r.)\n\u2020 Henkel Julia (zm. 5 listopada 1896 r.)\n\n\t\t\t\t<\/figcaption><\/figure><figure class='gallery-item'>\n\t\t\t<div class='gallery-icon landscape'>\n\t\t\t\t<a href='https:\/\/polishwomen.md\/wp-content\/uploads\/2023\/12\/19-\u2020-henkel-wincenty-boleslaw-zm.-26-listopada-1896-r.-_.jpg'><img loading=\"lazy\" decoding=\"async\" width=\"300\" height=\"200\" src=\"https:\/\/polishwomen.md\/wp-content\/uploads\/2023\/12\/19-\u2020-henkel-wincenty-boleslaw-zm.-26-listopada-1896-r.-_-300x200.jpg\" class=\"attachment-medium size-medium\" alt=\"19 \u2020 Henkel Wincenty Boles\u0142aw (zm. 26 Listopada 1896 R.) \" aria-describedby=\"gallery-24-29810\" \/><\/a>\n\t\t\t<\/div>\n\t\t\t\t<figcaption class='wp-caption-text gallery-caption' id='gallery-24-29810'>\n\t\t\t\t\u2020 Henkel Wincenty-Boles\u0142aw (zm. 26 listopada 1896 r.)\n\u2020 Henkel Julia (zm. 5 listopada 1896 r.)\n\n\t\t\t\t<\/figcaption><\/figure>\n\t\t<\/div>\n<\/p>\t\t\t\t\t\t<\/div>\n\t\t\t\t\t<\/div>\n\t\t\t\t<\/div>\n\n\t\t\t\n\t\t\t\t<div class=\"sa-ac-item\">\n\t\t\t\t\t<div class=\"sa-ac-trigger\">\n\n\t\t\t\t\t\t<div class=\"sa-title-wrapper\">\n\t\t\t\t\t\t\t\t\t\t\t\t\t\t<h4 class=\"sa--title sa--text-title sa-ac-title sa-m-0 sa-p-0\"> 21 \u2020 Horodecki Tomasz (zm. 25 listopada 1888 r., \u017cy\u0142 lat 42) <\/h4>\t\t\t\t\t\t<\/div>\n\t\t\t\t\t\t<span class=\"sa-trigger-icon sa-icon-wrapper sa-ac-icon-right\">\n\t\t\t\t\t\t\t<span class=\"sa-ac-icon-closed sa-icon-wrap\">\n\t\t\t\t\t\t\t\t<i class=\"fas fa-plus\"><\/i>\t\t\t\t\t\t\t<\/span>\n\t\t\t\t\t\t\t<span class=\"sa-ac-icon-opened sa-icon-wrap\">\n\t\t\t\t\t\t\t\t<i class=\"fas fa-minus\"><\/i>\t\t\t\t\t\t\t<\/span>\n\t\t\t\t\t\t<\/span>\n\t\t\t\t\t<\/div>\n\t\t\t\t\t<div class=\"sa-ac-panel\">\n\t\t\t\t\t\t<div class=\"sa-ac-content\">\n\t\t\t\t\t\t\t<p><div id='gallery-25' class='gallery galleryid-30589 gallery-columns-2 gallery-size-medium'><figure class='gallery-item'>\n\t\t\t<div class='gallery-icon portrait'>\n\t\t\t\t<a href='https:\/\/polishwomen.md\/wp-content\/uploads\/2023\/12\/21-\u2020-horodecki-tomasz-zm.-25-listopada-1888-r.-zyl-lat-42.jpg'><img loading=\"lazy\" decoding=\"async\" width=\"200\" height=\"300\" src=\"https:\/\/polishwomen.md\/wp-content\/uploads\/2023\/12\/21-\u2020-horodecki-tomasz-zm.-25-listopada-1888-r.-zyl-lat-42-200x300.jpg\" class=\"attachment-medium size-medium\" alt=\"21 \u2020 Horodecki Tomasz (zm. 25 Listopada 1888 R., \u017cy\u0142 Lat 42)\" aria-describedby=\"gallery-25-29798\" \/><\/a>\n\t\t\t<\/div>\n\t\t\t\t<figcaption class='wp-caption-text gallery-caption' id='gallery-25-29798'>\n\t\t\t\t\u2020 Horodecki Tomasz (zm. 25 listopada 1888 r., \u017cy\u0142 lat 42)\n\t\t\t\t<\/figcaption><\/figure><figure class='gallery-item'>\n\t\t\t<div class='gallery-icon landscape'>\n\t\t\t\t<a href='https:\/\/polishwomen.md\/wp-content\/uploads\/2023\/12\/21-\u2020-horodecki-tomasz-zm.-25-listopada-1888-r.-zyl-lat-42-_.jpg'><img loading=\"lazy\" decoding=\"async\" width=\"300\" height=\"200\" src=\"https:\/\/polishwomen.md\/wp-content\/uploads\/2023\/12\/21-\u2020-horodecki-tomasz-zm.-25-listopada-1888-r.-zyl-lat-42-_-300x200.jpg\" class=\"attachment-medium size-medium\" alt=\"21 \u2020 Horodecki Tomasz (zm. 25 Listopada 1888 R., \u017cy\u0142 Lat 42) \" aria-describedby=\"gallery-25-29801\" \/><\/a>\n\t\t\t<\/div>\n\t\t\t\t<figcaption class='wp-caption-text gallery-caption' id='gallery-25-29801'>\n\t\t\t\t\u2020 Horodecki Tomasz (zm. 25 listopada 1888 r., \u017cy\u0142 lat 42)\n\t\t\t\t<\/figcaption><\/figure>\n\t\t<\/div>\n<\/p>\t\t\t\t\t\t<\/div>\n\t\t\t\t\t<\/div>\n\t\t\t\t<\/div>\n\n\t\t\t\n\t\t\t\t<div class=\"sa-ac-item\">\n\t\t\t\t\t<div class=\"sa-ac-trigger\">\n\n\t\t\t\t\t\t<div class=\"sa-title-wrapper\">\n\t\t\t\t\t\t\t\t\t\t\t\t\t\t<h4 class=\"sa--title sa--text-title sa-ac-title sa-m-0 sa-p-0\"> \u2020 Janczycki Miros\u0142aw (1819 \u2013 1907)  <\/h4>\t\t\t\t\t\t<\/div>\n\t\t\t\t\t\t<span class=\"sa-trigger-icon sa-icon-wrapper sa-ac-icon-right\">\n\t\t\t\t\t\t\t<span class=\"sa-ac-icon-closed sa-icon-wrap\">\n\t\t\t\t\t\t\t\t<i class=\"fas fa-plus\"><\/i>\t\t\t\t\t\t\t<\/span>\n\t\t\t\t\t\t\t<span class=\"sa-ac-icon-opened sa-icon-wrap\">\n\t\t\t\t\t\t\t\t<i class=\"fas fa-minus\"><\/i>\t\t\t\t\t\t\t<\/span>\n\t\t\t\t\t\t<\/span>\n\t\t\t\t\t<\/div>\n\t\t\t\t\t<div class=\"sa-ac-panel\">\n\t\t\t\t\t\t<div class=\"sa-ac-content\">\n\t\t\t\t\t\t\t<p><div id='gallery-26' class='gallery galleryid-30589 gallery-columns-1 gallery-size-medium'><figure class='gallery-item'>\n\t\t\t<div class='gallery-icon portrait'>\n\t\t\t\t<a href='https:\/\/polishwomen.md\/wp-content\/uploads\/2023\/12\/\u2020-janczycki-miroslaw-1819-\u2013-1907.jpg'><img loading=\"lazy\" decoding=\"async\" width=\"200\" height=\"300\" src=\"https:\/\/polishwomen.md\/wp-content\/uploads\/2023\/12\/\u2020-janczycki-miroslaw-1819-\u2013-1907-200x300.jpg\" class=\"attachment-medium size-medium\" alt=\"\u2020 Janczycki Miros\u0142aw (1819 \u2013 1907)\" aria-describedby=\"gallery-26-29245\" \/><\/a>\n\t\t\t<\/div>\n\t\t\t\t<figcaption class='wp-caption-text gallery-caption' id='gallery-26-29245'>\n\t\t\t\t\u2020 Janczycki Miros\u0142aw (1819 \u2013 1907) \n\t\t\t\t<\/figcaption><\/figure>\n\t\t<\/div>\n<\/p>\t\t\t\t\t\t<\/div>\n\t\t\t\t\t<\/div>\n\t\t\t\t<\/div>\n\n\t\t\t\n\t\t\t\t<div class=\"sa-ac-item\">\n\t\t\t\t\t<div class=\"sa-ac-trigger\">\n\n\t\t\t\t\t\t<div class=\"sa-title-wrapper\">\n\t\t\t\t\t\t\t\t\t\t\t\t\t\t<h4 class=\"sa--title sa--text-title sa-ac-title sa-m-0 sa-p-0\"> 23. \u2020 Janczewski Ludwik (ur. 26 marca 1856 r. \u2013 zm. 26 marca 1929 r.) <\/h4>\t\t\t\t\t\t<\/div>\n\t\t\t\t\t\t<span class=\"sa-trigger-icon sa-icon-wrapper sa-ac-icon-right\">\n\t\t\t\t\t\t\t<span class=\"sa-ac-icon-closed sa-icon-wrap\">\n\t\t\t\t\t\t\t\t<i class=\"fas fa-plus\"><\/i>\t\t\t\t\t\t\t<\/span>\n\t\t\t\t\t\t\t<span class=\"sa-ac-icon-opened sa-icon-wrap\">\n\t\t\t\t\t\t\t\t<i class=\"fas fa-minus\"><\/i>\t\t\t\t\t\t\t<\/span>\n\t\t\t\t\t\t<\/span>\n\t\t\t\t\t<\/div>\n\t\t\t\t\t<div class=\"sa-ac-panel\">\n\t\t\t\t\t\t<div class=\"sa-ac-content\">\n\t\t\t\t\t\t\t<p><div id='gallery-27' class='gallery galleryid-30589 gallery-columns-2 gallery-size-medium'><figure class='gallery-item'>\n\t\t\t<div class='gallery-icon portrait'>\n\t\t\t\t<a href='https:\/\/polishwomen.md\/wp-content\/uploads\/2023\/12\/23-\u2020-janczewski-ludwig-ur.-26-marca-1856-r.-\u2013-zm.-26-marca-1929-r.jpg'><img loading=\"lazy\" decoding=\"async\" width=\"200\" height=\"300\" src=\"https:\/\/polishwomen.md\/wp-content\/uploads\/2023\/12\/23-\u2020-janczewski-ludwig-ur.-26-marca-1856-r.-\u2013-zm.-26-marca-1929-r-200x300.jpg\" class=\"attachment-medium size-medium\" alt=\"23 \u2020 Janczewski Ludwig (ur. 26 Marca 1856 R. \u2013 Zm. 26 Marca 1929 R.)\" aria-describedby=\"gallery-27-29723\" \/><\/a>\n\t\t\t<\/div>\n\t\t\t\t<figcaption class='wp-caption-text gallery-caption' id='gallery-27-29723'>\n\t\t\t\t\u2020 Janczewski Ludwig (ur. 26 marca 1856 r. \u2013 zm. 26 marca 1929 r.)\n\t\t\t\t<\/figcaption><\/figure><figure class='gallery-item'>\n\t\t\t<div class='gallery-icon landscape'>\n\t\t\t\t<a href='https:\/\/polishwomen.md\/wp-content\/uploads\/2023\/12\/23-\u2020-janczewski-ludwig-ur.-26-marca-1856-r.-\u2013-zm.-26-marca-1929-r._.jpg'><img loading=\"lazy\" decoding=\"async\" width=\"300\" height=\"200\" src=\"https:\/\/polishwomen.md\/wp-content\/uploads\/2023\/12\/23-\u2020-janczewski-ludwig-ur.-26-marca-1856-r.-\u2013-zm.-26-marca-1929-r._-300x200.jpg\" class=\"attachment-medium size-medium\" alt=\"23 \u2020 Janczewski Ludwig (ur. 26 Marca 1856 R. \u2013 Zm. 26 Marca 1929 R.) \" aria-describedby=\"gallery-27-29726\" \/><\/a>\n\t\t\t<\/div>\n\t\t\t\t<figcaption class='wp-caption-text gallery-caption' id='gallery-27-29726'>\n\t\t\t\t\u2020 Janczewski Ludwig (ur. 26 marca 1856 r. \u2013 zm. 26 marca 1929 r.)\n\t\t\t\t<\/figcaption><\/figure>\n\t\t<\/div>\n<\/p>\t\t\t\t\t\t<\/div>\n\t\t\t\t\t<\/div>\n\t\t\t\t<\/div>\n\n\t\t\t\n\t\t\t\t<div class=\"sa-ac-item\">\n\t\t\t\t\t<div class=\"sa-ac-trigger\">\n\n\t\t\t\t\t\t<div class=\"sa-title-wrapper\">\n\t\t\t\t\t\t\t\t\t\t\t\t\t\t<h4 class=\"sa--title sa--text-title sa-ac-title sa-m-0 sa-p-0\"> 26. \u2020 Jlobnitchi Camelia (17 VII 1961 \u2013 27 VIII 1942, Wieczny odpoczynek) <\/h4>\t\t\t\t\t\t<\/div>\n\t\t\t\t\t\t<span class=\"sa-trigger-icon sa-icon-wrapper sa-ac-icon-right\">\n\t\t\t\t\t\t\t<span class=\"sa-ac-icon-closed sa-icon-wrap\">\n\t\t\t\t\t\t\t\t<i class=\"fas fa-plus\"><\/i>\t\t\t\t\t\t\t<\/span>\n\t\t\t\t\t\t\t<span class=\"sa-ac-icon-opened sa-icon-wrap\">\n\t\t\t\t\t\t\t\t<i class=\"fas fa-minus\"><\/i>\t\t\t\t\t\t\t<\/span>\n\t\t\t\t\t\t<\/span>\n\t\t\t\t\t<\/div>\n\t\t\t\t\t<div class=\"sa-ac-panel\">\n\t\t\t\t\t\t<div class=\"sa-ac-content\">\n\t\t\t\t\t\t\t<p><div id='gallery-28' class='gallery galleryid-30589 gallery-columns-2 gallery-size-medium'><figure class='gallery-item'>\n\t\t\t<div class='gallery-icon portrait'>\n\t\t\t\t<a href='https:\/\/polishwomen.md\/wp-content\/uploads\/2023\/12\/26.-\u2020-jlobnitchi-camelia-17-vii-1961-\u2013-27-viii-1942-wieczny-odpoczynek.jpg'><img loading=\"lazy\" decoding=\"async\" width=\"200\" height=\"300\" src=\"https:\/\/polishwomen.md\/wp-content\/uploads\/2023\/12\/26.-\u2020-jlobnitchi-camelia-17-vii-1961-\u2013-27-viii-1942-wieczny-odpoczynek-200x300.jpg\" class=\"attachment-medium size-medium\" alt=\"26. \u2020 Jlobnitchi Camelia (17 Vii 1961 \u2013 27 Viii 1942, Wieczny Odpoczynek)\" aria-describedby=\"gallery-28-29788\" \/><\/a>\n\t\t\t<\/div>\n\t\t\t\t<figcaption class='wp-caption-text gallery-caption' id='gallery-28-29788'>\n\t\t\t\t \u2020 Jlobnitchi Camelia (17 VII 1961 \u2013 27 VIII 1942, Wieczny odpoczynek)\n\t\t\t\t<\/figcaption><\/figure><figure class='gallery-item'>\n\t\t\t<div class='gallery-icon portrait'>\n\t\t\t\t<a href='https:\/\/polishwomen.md\/wp-content\/uploads\/2023\/12\/26.-\u2020-jlobnitchi-camelia-17-vii-1961-\u2013-27-viii-1942-wieczny-odpoczynek_.jpg'><img loading=\"lazy\" decoding=\"async\" width=\"200\" height=\"300\" src=\"https:\/\/polishwomen.md\/wp-content\/uploads\/2023\/12\/26.-\u2020-jlobnitchi-camelia-17-vii-1961-\u2013-27-viii-1942-wieczny-odpoczynek_-200x300.jpg\" class=\"attachment-medium size-medium\" alt=\"26. \u2020 Jlobnitchi Camelia (17 Vii 1961 \u2013 27 Viii 1942, Wieczny Odpoczynek) \" aria-describedby=\"gallery-28-29791\" \/><\/a>\n\t\t\t<\/div>\n\t\t\t\t<figcaption class='wp-caption-text gallery-caption' id='gallery-28-29791'>\n\t\t\t\t \u2020 Jlobnitchi Camelia (17 VII 1961 \u2013 27 VIII 1942, Wieczny odpoczynek)\n\t\t\t\t<\/figcaption><\/figure>\n\t\t<\/div>\n<\/p>\t\t\t\t\t\t<\/div>\n\t\t\t\t\t<\/div>\n\t\t\t\t<\/div>\n\n\t\t\t\n\t\t\t\t<div class=\"sa-ac-item\">\n\t\t\t\t\t<div class=\"sa-ac-trigger\">\n\n\t\t\t\t\t\t<div class=\"sa-title-wrapper\">\n\t\t\t\t\t\t\t\t\t\t\t\t\t\t<h4 class=\"sa--title sa--text-title sa-ac-title sa-m-0 sa-p-0\"> \u2020 Kapis W\u0142adys\u0142aw (23.12.1909 \u2013 4.11.1932)  <\/h4>\t\t\t\t\t\t<\/div>\n\t\t\t\t\t\t<span class=\"sa-trigger-icon sa-icon-wrapper sa-ac-icon-right\">\n\t\t\t\t\t\t\t<span class=\"sa-ac-icon-closed sa-icon-wrap\">\n\t\t\t\t\t\t\t\t<i class=\"fas fa-plus\"><\/i>\t\t\t\t\t\t\t<\/span>\n\t\t\t\t\t\t\t<span class=\"sa-ac-icon-opened sa-icon-wrap\">\n\t\t\t\t\t\t\t\t<i class=\"fas fa-minus\"><\/i>\t\t\t\t\t\t\t<\/span>\n\t\t\t\t\t\t<\/span>\n\t\t\t\t\t<\/div>\n\t\t\t\t\t<div class=\"sa-ac-panel\">\n\t\t\t\t\t\t<div class=\"sa-ac-content\">\n\t\t\t\t\t\t\t<p><div id='gallery-29' class='gallery galleryid-30589 gallery-columns-2 gallery-size-medium'><figure class='gallery-item'>\n\t\t\t<div class='gallery-icon landscape'>\n\t\t\t\t<a href='https:\/\/polishwomen.md\/wp-content\/uploads\/2023\/12\/\u2020-kapis-wladyslaw-23.12.1909-\u2013-4.11.1932-_.jpg'><img loading=\"lazy\" decoding=\"async\" width=\"300\" height=\"200\" src=\"https:\/\/polishwomen.md\/wp-content\/uploads\/2023\/12\/\u2020-kapis-wladyslaw-23.12.1909-\u2013-4.11.1932-_-300x200.jpg\" class=\"attachment-medium size-medium\" alt=\"\u2020 Kapis W\u0142adys\u0142aw (23.12.1909 \u2013 4.11.1932) \" aria-describedby=\"gallery-29-29703\" \/><\/a>\n\t\t\t<\/div>\n\t\t\t\t<figcaption class='wp-caption-text gallery-caption' id='gallery-29-29703'>\n\t\t\t\t\u2020 Kapis W\u0142adys\u0142aw (23.12.1909 \u2013 4.11.1932) \n\t\t\t\t<\/figcaption><\/figure><figure class='gallery-item'>\n\t\t\t<div class='gallery-icon portrait'>\n\t\t\t\t<a href='https:\/\/polishwomen.md\/wp-content\/uploads\/2023\/12\/\u2020-kapis-wladyslaw-23.12.1909-\u2013-4.11.1932.jpg'><img loading=\"lazy\" decoding=\"async\" width=\"200\" height=\"300\" src=\"https:\/\/polishwomen.md\/wp-content\/uploads\/2023\/12\/\u2020-kapis-wladyslaw-23.12.1909-\u2013-4.11.1932-200x300.jpg\" class=\"attachment-medium size-medium\" alt=\"\u2020 Kapis W\u0142adys\u0142aw (23.12.1909 \u2013 4.11.1932)\" aria-describedby=\"gallery-29-29706\" \/><\/a>\n\t\t\t<\/div>\n\t\t\t\t<figcaption class='wp-caption-text gallery-caption' id='gallery-29-29706'>\n\t\t\t\t\u2020 Kapis W\u0142adys\u0142aw (23.12.1909 \u2013 4.11.1932) \n\t\t\t\t<\/figcaption><\/figure>\n\t\t<\/div>\n<\/p>\t\t\t\t\t\t<\/div>\n\t\t\t\t\t<\/div>\n\t\t\t\t<\/div>\n\n\t\t\t\n\t\t\t\t<div class=\"sa-ac-item\">\n\t\t\t\t\t<div class=\"sa-ac-trigger\">\n\n\t\t\t\t\t\t<div class=\"sa-title-wrapper\">\n\t\t\t\t\t\t\t\t\t\t\t\t\t\t<h4 class=\"sa--title sa--text-title sa-ac-title sa-m-0 sa-p-0\"> \u2020 Klimowicz Stanis\u0142aw (1970-2018) <\/h4>\t\t\t\t\t\t<\/div>\n\t\t\t\t\t\t<span class=\"sa-trigger-icon sa-icon-wrapper sa-ac-icon-right\">\n\t\t\t\t\t\t\t<span class=\"sa-ac-icon-closed sa-icon-wrap\">\n\t\t\t\t\t\t\t\t<i class=\"fas fa-plus\"><\/i>\t\t\t\t\t\t\t<\/span>\n\t\t\t\t\t\t\t<span class=\"sa-ac-icon-opened sa-icon-wrap\">\n\t\t\t\t\t\t\t\t<i class=\"fas fa-minus\"><\/i>\t\t\t\t\t\t\t<\/span>\n\t\t\t\t\t\t<\/span>\n\t\t\t\t\t<\/div>\n\t\t\t\t\t<div class=\"sa-ac-panel\">\n\t\t\t\t\t\t<div class=\"sa-ac-content\">\n\t\t\t\t\t\t\t<p><div id='gallery-30' class='gallery galleryid-30589 gallery-columns-2 gallery-size-medium'><figure class='gallery-item'>\n\t\t\t<div class='gallery-icon portrait'>\n\t\t\t\t<a href='https:\/\/polishwomen.md\/wp-content\/uploads\/2023\/12\/\u2020-klimowicz-stanislaw-1970-2018.jpg'><img loading=\"lazy\" decoding=\"async\" width=\"200\" height=\"300\" src=\"https:\/\/polishwomen.md\/wp-content\/uploads\/2023\/12\/\u2020-klimowicz-stanislaw-1970-2018-200x300.jpg\" class=\"attachment-medium size-medium\" alt=\"\u2020 Klimowicz Stanis\u0142aw (1970 2018)\" aria-describedby=\"gallery-30-29513\" \/><\/a>\n\t\t\t<\/div>\n\t\t\t\t<figcaption class='wp-caption-text gallery-caption' id='gallery-30-29513'>\n\t\t\t\t\u2020 Klimowicz Stanis\u0142aw (1970-2018)\n\t\t\t\t<\/figcaption><\/figure><figure class='gallery-item'>\n\t\t\t<div class='gallery-icon portrait'>\n\t\t\t\t<a href='https:\/\/polishwomen.md\/wp-content\/uploads\/2023\/12\/\u2020-klimowicz-stanislaw-1970-2018-_.jpg'><img loading=\"lazy\" decoding=\"async\" width=\"200\" height=\"300\" src=\"https:\/\/polishwomen.md\/wp-content\/uploads\/2023\/12\/\u2020-klimowicz-stanislaw-1970-2018-_-200x300.jpg\" class=\"attachment-medium size-medium\" alt=\"\u2020 Klimowicz Stanis\u0142aw (1970 2018) \" aria-describedby=\"gallery-30-29510\" \/><\/a>\n\t\t\t<\/div>\n\t\t\t\t<figcaption class='wp-caption-text gallery-caption' id='gallery-30-29510'>\n\t\t\t\t\u2020 Klimowicz Stanis\u0142aw (1970-2018)\n\t\t\t\t<\/figcaption><\/figure>\n\t\t<\/div>\n<\/p>\t\t\t\t\t\t<\/div>\n\t\t\t\t\t<\/div>\n\t\t\t\t<\/div>\n\n\t\t\t\n\t\t\t\t<div class=\"sa-ac-item\">\n\t\t\t\t\t<div class=\"sa-ac-trigger\">\n\n\t\t\t\t\t\t<div class=\"sa-title-wrapper\">\n\t\t\t\t\t\t\t\t\t\t\t\t\t\t<h4 class=\"sa--title sa--text-title sa-ac-title sa-m-0 sa-p-0\"> \u2020 Ko\u0144ski Jan  <\/h4>\t\t\t\t\t\t<\/div>\n\t\t\t\t\t\t<span class=\"sa-trigger-icon sa-icon-wrapper sa-ac-icon-right\">\n\t\t\t\t\t\t\t<span class=\"sa-ac-icon-closed sa-icon-wrap\">\n\t\t\t\t\t\t\t\t<i class=\"fas fa-plus\"><\/i>\t\t\t\t\t\t\t<\/span>\n\t\t\t\t\t\t\t<span class=\"sa-ac-icon-opened sa-icon-wrap\">\n\t\t\t\t\t\t\t\t<i class=\"fas fa-minus\"><\/i>\t\t\t\t\t\t\t<\/span>\n\t\t\t\t\t\t<\/span>\n\t\t\t\t\t<\/div>\n\t\t\t\t\t<div class=\"sa-ac-panel\">\n\t\t\t\t\t\t<div class=\"sa-ac-content\">\n\t\t\t\t\t\t\t<p><div id='gallery-31' class='gallery galleryid-30589 gallery-columns-2 gallery-size-medium'><figure class='gallery-item'>\n\t\t\t<div class='gallery-icon landscape'>\n\t\t\t\t<a href='https:\/\/polishwomen.md\/wp-content\/uploads\/2023\/12\/\u2020-konski-jan-\u2020-krupa-jan-\u2020-krupa-maria.jpg'><img loading=\"lazy\" decoding=\"async\" width=\"300\" height=\"225\" src=\"https:\/\/polishwomen.md\/wp-content\/uploads\/2023\/12\/\u2020-konski-jan-\u2020-krupa-jan-\u2020-krupa-maria-300x225.jpg\" class=\"attachment-medium size-medium\" alt=\"\u2020 Ko\u0144ski Jan \u2020 Krupa Jan \u2020 Krupa Maria\" aria-describedby=\"gallery-31-29251\" \/><\/a>\n\t\t\t<\/div>\n\t\t\t\t<figcaption class='wp-caption-text gallery-caption' id='gallery-31-29251'>\n\t\t\t\t\u2020 Ko\u0144ski Jan \u2020 Krupa Jan \u2020 Krupa Maria\n\t\t\t\t<\/figcaption><\/figure><figure class='gallery-item'>\n\t\t\t<div class='gallery-icon landscape'>\n\t\t\t\t<a href='https:\/\/polishwomen.md\/wp-content\/uploads\/2023\/12\/\u2020-konski-jan.jpg'><img loading=\"lazy\" decoding=\"async\" width=\"300\" height=\"200\" src=\"https:\/\/polishwomen.md\/wp-content\/uploads\/2023\/12\/\u2020-konski-jan-300x200.jpg\" class=\"attachment-medium size-medium\" alt=\"\u2020 Ko\u0144ski Jan\" aria-describedby=\"gallery-31-29248\" \/><\/a>\n\t\t\t<\/div>\n\t\t\t\t<figcaption class='wp-caption-text gallery-caption' id='gallery-31-29248'>\n\t\t\t\t\u2020 Ko\u0144ski Jan\n\t\t\t\t<\/figcaption><\/figure>\n\t\t<\/div>\n<\/p>\t\t\t\t\t\t<\/div>\n\t\t\t\t\t<\/div>\n\t\t\t\t<\/div>\n\n\t\t\t\n\t\t\t\t<div class=\"sa-ac-item\">\n\t\t\t\t\t<div class=\"sa-ac-trigger\">\n\n\t\t\t\t\t\t<div class=\"sa-title-wrapper\">\n\t\t\t\t\t\t\t\t\t\t\t\t\t\t<h4 class=\"sa--title sa--text-title sa-ac-title sa-m-0 sa-p-0\"> \u2020 Krupa Jan  <\/h4>\t\t\t\t\t\t<\/div>\n\t\t\t\t\t\t<span class=\"sa-trigger-icon sa-icon-wrapper sa-ac-icon-right\">\n\t\t\t\t\t\t\t<span class=\"sa-ac-icon-closed sa-icon-wrap\">\n\t\t\t\t\t\t\t\t<i class=\"fas fa-plus\"><\/i>\t\t\t\t\t\t\t<\/span>\n\t\t\t\t\t\t\t<span class=\"sa-ac-icon-opened sa-icon-wrap\">\n\t\t\t\t\t\t\t\t<i class=\"fas fa-minus\"><\/i>\t\t\t\t\t\t\t<\/span>\n\t\t\t\t\t\t<\/span>\n\t\t\t\t\t<\/div>\n\t\t\t\t\t<div class=\"sa-ac-panel\">\n\t\t\t\t\t\t<div class=\"sa-ac-content\">\n\t\t\t\t\t\t\t<p><div id='gallery-32' class='gallery galleryid-30589 gallery-columns-2 gallery-size-medium'><figure class='gallery-item'>\n\t\t\t<div class='gallery-icon landscape'>\n\t\t\t\t<a href='https:\/\/polishwomen.md\/wp-content\/uploads\/2023\/12\/\u2020-krupa-jan.jpg'><img loading=\"lazy\" decoding=\"async\" width=\"300\" height=\"200\" src=\"https:\/\/polishwomen.md\/wp-content\/uploads\/2023\/12\/\u2020-krupa-jan-300x200.jpg\" class=\"attachment-medium size-medium\" alt=\"\u2020 Krupa Jan\" aria-describedby=\"gallery-32-29258\" \/><\/a>\n\t\t\t<\/div>\n\t\t\t\t<figcaption class='wp-caption-text gallery-caption' id='gallery-32-29258'>\n\t\t\t\t\u2020 Krupa Jan \n\t\t\t\t<\/figcaption><\/figure><figure class='gallery-item'>\n\t\t\t<div class='gallery-icon landscape'>\n\t\t\t\t<a href='https:\/\/polishwomen.md\/wp-content\/uploads\/2023\/12\/\u2020-konski-jan-\u2020-krupa-jan-\u2020-krupa-maria.jpg'><img loading=\"lazy\" decoding=\"async\" width=\"300\" height=\"225\" src=\"https:\/\/polishwomen.md\/wp-content\/uploads\/2023\/12\/\u2020-konski-jan-\u2020-krupa-jan-\u2020-krupa-maria-300x225.jpg\" class=\"attachment-medium size-medium\" alt=\"\u2020 Ko\u0144ski Jan \u2020 Krupa Jan \u2020 Krupa Maria\" aria-describedby=\"gallery-32-29251\" \/><\/a>\n\t\t\t<\/div>\n\t\t\t\t<figcaption class='wp-caption-text gallery-caption' id='gallery-32-29251'>\n\t\t\t\t\u2020 Ko\u0144ski Jan \u2020 Krupa Jan \u2020 Krupa Maria\n\t\t\t\t<\/figcaption><\/figure>\n\t\t<\/div>\n<\/p>\t\t\t\t\t\t<\/div>\n\t\t\t\t\t<\/div>\n\t\t\t\t<\/div>\n\n\t\t\t\n\t\t\t\t<div class=\"sa-ac-item\">\n\t\t\t\t\t<div class=\"sa-ac-trigger\">\n\n\t\t\t\t\t\t<div class=\"sa-title-wrapper\">\n\t\t\t\t\t\t\t\t\t\t\t\t\t\t<h4 class=\"sa--title sa--text-title sa-ac-title sa-m-0 sa-p-0\"> \u2020 Krupa Maria  <\/h4>\t\t\t\t\t\t<\/div>\n\t\t\t\t\t\t<span class=\"sa-trigger-icon sa-icon-wrapper sa-ac-icon-right\">\n\t\t\t\t\t\t\t<span class=\"sa-ac-icon-closed sa-icon-wrap\">\n\t\t\t\t\t\t\t\t<i class=\"fas fa-plus\"><\/i>\t\t\t\t\t\t\t<\/span>\n\t\t\t\t\t\t\t<span class=\"sa-ac-icon-opened sa-icon-wrap\">\n\t\t\t\t\t\t\t\t<i class=\"fas fa-minus\"><\/i>\t\t\t\t\t\t\t<\/span>\n\t\t\t\t\t\t<\/span>\n\t\t\t\t\t<\/div>\n\t\t\t\t\t<div class=\"sa-ac-panel\">\n\t\t\t\t\t\t<div class=\"sa-ac-content\">\n\t\t\t\t\t\t\t<p><div id='gallery-33' class='gallery galleryid-30589 gallery-columns-2 gallery-size-medium'><figure class='gallery-item'>\n\t\t\t<div class='gallery-icon landscape'>\n\t\t\t\t<a href='https:\/\/polishwomen.md\/wp-content\/uploads\/2023\/12\/\u2020-krupa-maria.jpg'><img loading=\"lazy\" decoding=\"async\" width=\"300\" height=\"200\" src=\"https:\/\/polishwomen.md\/wp-content\/uploads\/2023\/12\/\u2020-krupa-maria-300x200.jpg\" class=\"attachment-medium size-medium\" alt=\"\u2020 Krupa Maria\" \/><\/a>\n\t\t\t<\/div><\/figure><figure class='gallery-item'>\n\t\t\t<div class='gallery-icon landscape'>\n\t\t\t\t<a href='https:\/\/polishwomen.md\/wp-content\/uploads\/2023\/12\/\u2020-konski-jan-\u2020-krupa-jan-\u2020-krupa-maria.jpg'><img loading=\"lazy\" decoding=\"async\" width=\"300\" height=\"225\" src=\"https:\/\/polishwomen.md\/wp-content\/uploads\/2023\/12\/\u2020-konski-jan-\u2020-krupa-jan-\u2020-krupa-maria-300x225.jpg\" class=\"attachment-medium size-medium\" alt=\"\u2020 Ko\u0144ski Jan \u2020 Krupa Jan \u2020 Krupa Maria\" aria-describedby=\"gallery-33-29251\" \/><\/a>\n\t\t\t<\/div>\n\t\t\t\t<figcaption class='wp-caption-text gallery-caption' id='gallery-33-29251'>\n\t\t\t\t\u2020 Ko\u0144ski Jan \u2020 Krupa Jan \u2020 Krupa Maria\n\t\t\t\t<\/figcaption><\/figure>\n\t\t<\/div>\n<\/p>\t\t\t\t\t\t<\/div>\n\t\t\t\t\t<\/div>\n\t\t\t\t<\/div>\n\n\t\t\t\n\t\t\t\t<div class=\"sa-ac-item\">\n\t\t\t\t\t<div class=\"sa-ac-trigger\">\n\n\t\t\t\t\t\t<div class=\"sa-title-wrapper\">\n\t\t\t\t\t\t\t\t\t\t\t\t\t\t<h4 class=\"sa--title sa--text-title sa-ac-title sa-m-0 sa-p-0\"> 29.  \u2020 Klimontowicza Bronis\u0142awa (ok.1827 \u2013 25.03.1893) <\/h4>\t\t\t\t\t\t<\/div>\n\t\t\t\t\t\t<span class=\"sa-trigger-icon sa-icon-wrapper sa-ac-icon-right\">\n\t\t\t\t\t\t\t<span class=\"sa-ac-icon-closed sa-icon-wrap\">\n\t\t\t\t\t\t\t\t<i class=\"fas fa-plus\"><\/i>\t\t\t\t\t\t\t<\/span>\n\t\t\t\t\t\t\t<span class=\"sa-ac-icon-opened sa-icon-wrap\">\n\t\t\t\t\t\t\t\t<i class=\"fas fa-minus\"><\/i>\t\t\t\t\t\t\t<\/span>\n\t\t\t\t\t\t<\/span>\n\t\t\t\t\t<\/div>\n\t\t\t\t\t<div class=\"sa-ac-panel\">\n\t\t\t\t\t\t<div class=\"sa-ac-content\">\n\t\t\t\t\t\t\t<p><div id='gallery-34' class='gallery galleryid-30589 gallery-columns-2 gallery-size-medium'><figure class='gallery-item'>\n\t\t\t<div class='gallery-icon portrait'>\n\t\t\t\t<a href='https:\/\/polishwomen.md\/ru\/29-%e2%80%a0-klimontowicza-bronislawa-ok-1827-_-25-03-1893-2\/'><img loading=\"lazy\" decoding=\"async\" width=\"200\" height=\"300\" src=\"https:\/\/polishwomen.md\/wp-content\/uploads\/2023\/12\/29-\u2020-klimontowicza-bronislawa-ok.1827-_-25.03.1893-200x300.jpg\" class=\"attachment-medium size-medium\" alt=\"29 \u2020 Klimontowicza Bronis\u0142awa (ok.1827 25.03.1893)\" aria-describedby=\"gallery-34-29459\" \/><\/a>\n\t\t\t<\/div>\n\t\t\t\t<figcaption class='wp-caption-text gallery-caption' id='gallery-34-29459'>\n\t\t\t\t\u2020 Klimontowicz Bronis\u0142aw (ok.1827 \u2013 25.03.1893)\n\t\t\t\t<\/figcaption><\/figure><figure class='gallery-item'>\n\t\t\t<div class='gallery-icon portrait'>\n\t\t\t\t<a href='https:\/\/polishwomen.md\/ru\/29-%e2%80%a0-klimontowicza-bronislawa-ok-1827-25-03-1893-_-2\/'><img loading=\"lazy\" decoding=\"async\" width=\"200\" height=\"300\" src=\"https:\/\/polishwomen.md\/wp-content\/uploads\/2023\/12\/29-\u2020-klimontowicza-bronislawa-ok.1827-\u2013-25.03.1893-_-200x300.jpg\" class=\"attachment-medium size-medium\" alt=\"29 \u2020 Klimontowicza Bronis\u0142awa (ok.1827 \u2013 25.03.1893) \" aria-describedby=\"gallery-34-29462\" \/><\/a>\n\t\t\t<\/div>\n\t\t\t\t<figcaption class='wp-caption-text gallery-caption' id='gallery-34-29462'>\n\t\t\t\t\u2020 Klimontowicza Bronis\u0142awa (ok.1827 \u2013 25.03.1893)\n\t\t\t\t<\/figcaption><\/figure>\n\t\t<\/div>\n<\/p>\t\t\t\t\t\t<\/div>\n\t\t\t\t\t<\/div>\n\t\t\t\t<\/div>\n\n\t\t\t\n\t\t\t\t<div class=\"sa-ac-item\">\n\t\t\t\t\t<div class=\"sa-ac-trigger\">\n\n\t\t\t\t\t\t<div class=\"sa-title-wrapper\">\n\t\t\t\t\t\t\t\t\t\t\t\t\t\t<h4 class=\"sa--title sa--text-title sa-ac-title sa-m-0 sa-p-0\"> 30.  \u2020 Kondelewska Teofilia (ok. 1843 \u2013 25.09.1916) <\/h4>\t\t\t\t\t\t<\/div>\n\t\t\t\t\t\t<span class=\"sa-trigger-icon sa-icon-wrapper sa-ac-icon-right\">\n\t\t\t\t\t\t\t<span class=\"sa-ac-icon-closed sa-icon-wrap\">\n\t\t\t\t\t\t\t\t<i class=\"fas fa-plus\"><\/i>\t\t\t\t\t\t\t<\/span>\n\t\t\t\t\t\t\t<span class=\"sa-ac-icon-opened sa-icon-wrap\">\n\t\t\t\t\t\t\t\t<i class=\"fas fa-minus\"><\/i>\t\t\t\t\t\t\t<\/span>\n\t\t\t\t\t\t<\/span>\n\t\t\t\t\t<\/div>\n\t\t\t\t\t<div class=\"sa-ac-panel\">\n\t\t\t\t\t\t<div class=\"sa-ac-content\">\n\t\t\t\t\t\t\t<p><div id='gallery-35' class='gallery galleryid-30589 gallery-columns-3 gallery-size-medium'><figure class='gallery-item'>\n\t\t\t<div class='gallery-icon landscape'>\n\t\t\t\t<a href='https:\/\/polishwomen.md\/wp-content\/uploads\/2023\/12\/30-\u2020-kondelewska-teofilia-ok.-1843-\u2013-25.09.1916.jpg'><img loading=\"lazy\" decoding=\"async\" width=\"300\" height=\"200\" src=\"https:\/\/polishwomen.md\/wp-content\/uploads\/2023\/12\/30-\u2020-kondelewska-teofilia-ok.-1843-\u2013-25.09.1916-300x200.jpg\" class=\"attachment-medium size-medium\" alt=\"30 \u2020 Kondelewska Teofilia (ok. 1843 \u2013 25.09.1916)\" aria-describedby=\"gallery-35-29647\" \/><\/a>\n\t\t\t<\/div>\n\t\t\t\t<figcaption class='wp-caption-text gallery-caption' id='gallery-35-29647'>\n\t\t\t\t\u2020 Kondelewska Teofilia (ok. 1843 \u2013 25.09.1916)\n\t\t\t\t<\/figcaption><\/figure><figure class='gallery-item'>\n\t\t\t<div class='gallery-icon portrait'>\n\t\t\t\t<a href='https:\/\/polishwomen.md\/wp-content\/uploads\/2023\/12\/30-\u2020-kondelewska-teofilia-ok.-1843-\u2013-25.09.1916-_.jpg'><img loading=\"lazy\" decoding=\"async\" width=\"200\" height=\"300\" src=\"https:\/\/polishwomen.md\/wp-content\/uploads\/2023\/12\/30-\u2020-kondelewska-teofilia-ok.-1843-\u2013-25.09.1916-_-200x300.jpg\" class=\"attachment-medium size-medium\" alt=\"30 \u2020 Kondelewska Teofilia (ok. 1843 \u2013 25.09.1916) \" aria-describedby=\"gallery-35-29641\" \/><\/a>\n\t\t\t<\/div>\n\t\t\t\t<figcaption class='wp-caption-text gallery-caption' id='gallery-35-29641'>\n\t\t\t\t\u2020 Kondelewska Teofilia (ok. 1843 \u2013 25.09.1916)\n\t\t\t\t<\/figcaption><\/figure><figure class='gallery-item'>\n\t\t\t<div class='gallery-icon portrait'>\n\t\t\t\t<a href='https:\/\/polishwomen.md\/wp-content\/uploads\/2023\/12\/30-\u2020-kondelewska-teofilia-ok.-1843-\u2013-25.09.1916-__.jpg'><img loading=\"lazy\" decoding=\"async\" width=\"200\" height=\"300\" src=\"https:\/\/polishwomen.md\/wp-content\/uploads\/2023\/12\/30-\u2020-kondelewska-teofilia-ok.-1843-\u2013-25.09.1916-__-200x300.jpg\" class=\"attachment-medium size-medium\" alt=\"30 \u2020 Kondelewska Teofilia (ok. 1843 \u2013 25.09.1916) \" aria-describedby=\"gallery-35-29644\" \/><\/a>\n\t\t\t<\/div>\n\t\t\t\t<figcaption class='wp-caption-text gallery-caption' id='gallery-35-29644'>\n\t\t\t\t\u2020 Kondelewska Teofilia (ok. 1843 \u2013 25.09.1916)\n\t\t\t\t<\/figcaption><\/figure>\n\t\t<\/div>\n<\/p>\t\t\t\t\t\t<\/div>\n\t\t\t\t\t<\/div>\n\t\t\t\t<\/div>\n\n\t\t\t\n\t\t\t\t<div class=\"sa-ac-item\">\n\t\t\t\t\t<div class=\"sa-ac-trigger\">\n\n\t\t\t\t\t\t<div class=\"sa-title-wrapper\">\n\t\t\t\t\t\t\t\t\t\t\t\t\t\t<h4 class=\"sa--title sa--text-title sa-ac-title sa-m-0 sa-p-0\"> 31.  \u2020 Kondelewski J\u00f3zef <\/h4>\t\t\t\t\t\t<\/div>\n\t\t\t\t\t\t<span class=\"sa-trigger-icon sa-icon-wrapper sa-ac-icon-right\">\n\t\t\t\t\t\t\t<span class=\"sa-ac-icon-closed sa-icon-wrap\">\n\t\t\t\t\t\t\t\t<i class=\"fas fa-plus\"><\/i>\t\t\t\t\t\t\t<\/span>\n\t\t\t\t\t\t\t<span class=\"sa-ac-icon-opened sa-icon-wrap\">\n\t\t\t\t\t\t\t\t<i class=\"fas fa-minus\"><\/i>\t\t\t\t\t\t\t<\/span>\n\t\t\t\t\t\t<\/span>\n\t\t\t\t\t<\/div>\n\t\t\t\t\t<div class=\"sa-ac-panel\">\n\t\t\t\t\t\t<div class=\"sa-ac-content\">\n\t\t\t\t\t\t\t<p><div id='gallery-36' class='gallery galleryid-30589 gallery-columns-3 gallery-size-medium'><figure class='gallery-item'>\n\t\t\t<div class='gallery-icon landscape'>\n\t\t\t\t<a href='https:\/\/polishwomen.md\/wp-content\/uploads\/2023\/12\/30-\u2020-kondelewska-teofilia-ok.-1843-\u2013-25.09.1916.jpg'><img loading=\"lazy\" decoding=\"async\" width=\"300\" height=\"200\" src=\"https:\/\/polishwomen.md\/wp-content\/uploads\/2023\/12\/30-\u2020-kondelewska-teofilia-ok.-1843-\u2013-25.09.1916-300x200.jpg\" class=\"attachment-medium size-medium\" alt=\"30 \u2020 Kondelewska Teofilia (ok. 1843 \u2013 25.09.1916)\" aria-describedby=\"gallery-36-29647\" \/><\/a>\n\t\t\t<\/div>\n\t\t\t\t<figcaption class='wp-caption-text gallery-caption' id='gallery-36-29647'>\n\t\t\t\t\u2020 Kondelewska Teofilia (ok. 1843 \u2013 25.09.1916)\n\t\t\t\t<\/figcaption><\/figure><figure class='gallery-item'>\n\t\t\t<div class='gallery-icon portrait'>\n\t\t\t\t<a href='https:\/\/polishwomen.md\/wp-content\/uploads\/2023\/12\/31-\u2020-kondelewski-jozef.jpg'><img loading=\"lazy\" decoding=\"async\" width=\"200\" height=\"300\" src=\"https:\/\/polishwomen.md\/wp-content\/uploads\/2023\/12\/31-\u2020-kondelewski-jozef-200x300.jpg\" class=\"attachment-medium size-medium\" alt=\"31 \u2020 Kondelewski J\u00f3zef\" aria-describedby=\"gallery-36-29651\" \/><\/a>\n\t\t\t<\/div>\n\t\t\t\t<figcaption class='wp-caption-text gallery-caption' id='gallery-36-29651'>\n\t\t\t\t\u2020 Kondelewski J\u00f3zef\n\t\t\t\t<\/figcaption><\/figure><figure class='gallery-item'>\n\t\t\t<div class='gallery-icon portrait'>\n\t\t\t\t<a href='https:\/\/polishwomen.md\/wp-content\/uploads\/2023\/12\/31-\u2020-kondelewski-jozef_.jpg'><img loading=\"lazy\" decoding=\"async\" width=\"200\" height=\"300\" src=\"https:\/\/polishwomen.md\/wp-content\/uploads\/2023\/12\/31-\u2020-kondelewski-jozef_-200x300.jpg\" class=\"attachment-medium size-medium\" alt=\"31 \u2020 Kondelewski J\u00f3zef \" aria-describedby=\"gallery-36-29654\" \/><\/a>\n\t\t\t<\/div>\n\t\t\t\t<figcaption class='wp-caption-text gallery-caption' id='gallery-36-29654'>\n\t\t\t\t\u2020 Kondelewski J\u00f3zef\n\t\t\t\t<\/figcaption><\/figure>\n\t\t<\/div>\n<\/p>\t\t\t\t\t\t<\/div>\n\t\t\t\t\t<\/div>\n\t\t\t\t<\/div>\n\n\t\t\t\n\t\t\t\t<div class=\"sa-ac-item\">\n\t\t\t\t\t<div class=\"sa-ac-trigger\">\n\n\t\t\t\t\t\t<div class=\"sa-title-wrapper\">\n\t\t\t\t\t\t\t\t\t\t\t\t\t\t<h4 class=\"sa--title sa--text-title sa-ac-title sa-m-0 sa-p-0\">   \u2020 Komarnitski P. G. (1887 - 1965) <\/h4>\t\t\t\t\t\t<\/div>\n\t\t\t\t\t\t<span class=\"sa-trigger-icon sa-icon-wrapper sa-ac-icon-right\">\n\t\t\t\t\t\t\t<span class=\"sa-ac-icon-closed sa-icon-wrap\">\n\t\t\t\t\t\t\t\t<i class=\"fas fa-plus\"><\/i>\t\t\t\t\t\t\t<\/span>\n\t\t\t\t\t\t\t<span class=\"sa-ac-icon-opened sa-icon-wrap\">\n\t\t\t\t\t\t\t\t<i class=\"fas fa-minus\"><\/i>\t\t\t\t\t\t\t<\/span>\n\t\t\t\t\t\t<\/span>\n\t\t\t\t\t<\/div>\n\t\t\t\t\t<div class=\"sa-ac-panel\">\n\t\t\t\t\t\t<div class=\"sa-ac-content\">\n\t\t\t\t\t\t\t<p><div id='gallery-37' class='gallery galleryid-30589 gallery-columns-2 gallery-size-medium'><figure class='gallery-item'>\n\t\t\t<div class='gallery-icon portrait'>\n\t\t\t\t<a href='https:\/\/polishwomen.md\/wp-content\/uploads\/2023\/12\/\u2020-komarnitski-p.-g.-1887-1965.jpg'><img loading=\"lazy\" decoding=\"async\" width=\"200\" height=\"300\" src=\"https:\/\/polishwomen.md\/wp-content\/uploads\/2023\/12\/\u2020-komarnitski-p.-g.-1887-1965-200x300.jpg\" class=\"attachment-medium size-medium\" alt=\"\u2020 Komarnitski P. G. (1887 1965)\" aria-describedby=\"gallery-37-29872\" \/><\/a>\n\t\t\t<\/div>\n\t\t\t\t<figcaption class='wp-caption-text gallery-caption' id='gallery-37-29872'>\n\t\t\t\t  \u2020 Komarnitski P. G. (1887 &#8211; 1965)\n\t\t\t\t<\/figcaption><\/figure><figure class='gallery-item'>\n\t\t\t<div class='gallery-icon portrait'>\n\t\t\t\t<a href='https:\/\/polishwomen.md\/wp-content\/uploads\/2023\/12\/\u2020-komarnitski-p.-g.-1887-1965-_.jpg'><img loading=\"lazy\" decoding=\"async\" width=\"200\" height=\"300\" src=\"https:\/\/polishwomen.md\/wp-content\/uploads\/2023\/12\/\u2020-komarnitski-p.-g.-1887-1965-_-200x300.jpg\" class=\"attachment-medium size-medium\" alt=\"\u2020 Komarnitski P. G. (1887 1965) \" aria-describedby=\"gallery-37-29869\" \/><\/a>\n\t\t\t<\/div>\n\t\t\t\t<figcaption class='wp-caption-text gallery-caption' id='gallery-37-29869'>\n\t\t\t\t  \u2020 Komarnitski P. G. (1887 &#8211; 1965)\n\t\t\t\t<\/figcaption><\/figure>\n\t\t<\/div>\n<\/p>\t\t\t\t\t\t<\/div>\n\t\t\t\t\t<\/div>\n\t\t\t\t<\/div>\n\n\t\t\t\n\t\t\t\t<div class=\"sa-ac-item\">\n\t\t\t\t\t<div class=\"sa-ac-trigger\">\n\n\t\t\t\t\t\t<div class=\"sa-title-wrapper\">\n\t\t\t\t\t\t\t\t\t\t\t\t\t\t<h4 class=\"sa--title sa--text-title sa-ac-title sa-m-0 sa-p-0\"> 33. \u2020 Lempicka Zofia (zm. 1\/10[?].12.1894) <\/h4>\t\t\t\t\t\t<\/div>\n\t\t\t\t\t\t<span class=\"sa-trigger-icon sa-icon-wrapper sa-ac-icon-right\">\n\t\t\t\t\t\t\t<span class=\"sa-ac-icon-closed sa-icon-wrap\">\n\t\t\t\t\t\t\t\t<i class=\"fas fa-plus\"><\/i>\t\t\t\t\t\t\t<\/span>\n\t\t\t\t\t\t\t<span class=\"sa-ac-icon-opened sa-icon-wrap\">\n\t\t\t\t\t\t\t\t<i class=\"fas fa-minus\"><\/i>\t\t\t\t\t\t\t<\/span>\n\t\t\t\t\t\t<\/span>\n\t\t\t\t\t<\/div>\n\t\t\t\t\t<div class=\"sa-ac-panel\">\n\t\t\t\t\t\t<div class=\"sa-ac-content\">\n\t\t\t\t\t\t\t<p><div id='gallery-38' class='gallery galleryid-30589 gallery-columns-2 gallery-size-medium'><figure class='gallery-item'>\n\t\t\t<div class='gallery-icon portrait'>\n\t\t\t\t<a href='https:\/\/polishwomen.md\/ru\/kladbishhe\/33-%e2%80%a0-lempicka-zofia-zm-1-10-12-1894-2\/'><img loading=\"lazy\" decoding=\"async\" width=\"225\" height=\"300\" src=\"https:\/\/polishwomen.md\/wp-content\/uploads\/2023\/12\/33.-\u2020-lempicka-zofia-zm.-1-10.12.1894-225x300.jpg\" class=\"attachment-medium size-medium\" alt=\"33. \u2020 Lempicka Zofia (zm. 1 10.12.1894)\" aria-describedby=\"gallery-38-29191\" \/><\/a>\n\t\t\t<\/div>\n\t\t\t\t<figcaption class='wp-caption-text gallery-caption' id='gallery-38-29191'>\n\t\t\t\t\u2020 Lempicka Zofia (zm. 1\/10[?].12.1894)\n\t\t\t\t<\/figcaption><\/figure>\n\t\t<\/div>\n<\/p>\t\t\t\t\t\t<\/div>\n\t\t\t\t\t<\/div>\n\t\t\t\t<\/div>\n\n\t\t\t\n\t\t\t\t<div class=\"sa-ac-item\">\n\t\t\t\t\t<div class=\"sa-ac-trigger\">\n\n\t\t\t\t\t\t<div class=\"sa-title-wrapper\">\n\t\t\t\t\t\t\t\t\t\t\t\t\t\t<h4 class=\"sa--title sa--text-title sa-ac-title sa-m-0 sa-p-0\">  \u2020 Lewinowska-Burdea Janina (15.08.1928 0 16.06.2004) <\/h4>\t\t\t\t\t\t<\/div>\n\t\t\t\t\t\t<span class=\"sa-trigger-icon sa-icon-wrapper sa-ac-icon-right\">\n\t\t\t\t\t\t\t<span class=\"sa-ac-icon-closed sa-icon-wrap\">\n\t\t\t\t\t\t\t\t<i class=\"fas fa-plus\"><\/i>\t\t\t\t\t\t\t<\/span>\n\t\t\t\t\t\t\t<span class=\"sa-ac-icon-opened sa-icon-wrap\">\n\t\t\t\t\t\t\t\t<i class=\"fas fa-minus\"><\/i>\t\t\t\t\t\t\t<\/span>\n\t\t\t\t\t\t<\/span>\n\t\t\t\t\t<\/div>\n\t\t\t\t\t<div class=\"sa-ac-panel\">\n\t\t\t\t\t\t<div class=\"sa-ac-content\">\n\t\t\t\t\t\t\t<p><div id='gallery-39' class='gallery galleryid-30589 gallery-columns-2 gallery-size-medium'><figure class='gallery-item'>\n\t\t\t<div class='gallery-icon portrait'>\n\t\t\t\t<a href='https:\/\/polishwomen.md\/wp-content\/uploads\/2023\/12\/\u2020-lewinowska-burdea-janina-15.08.1928-16.06.2004.jpg'><img loading=\"lazy\" decoding=\"async\" width=\"200\" height=\"300\" src=\"https:\/\/polishwomen.md\/wp-content\/uploads\/2023\/12\/\u2020-lewinowska-burdea-janina-15.08.1928-16.06.2004-200x300.jpg\" class=\"attachment-medium size-medium\" alt=\"\u2020 Lewinowska Burdea Janina (15.08.1928 16.06.2004)\" aria-describedby=\"gallery-39-29696\" \/><\/a>\n\t\t\t<\/div>\n\t\t\t\t<figcaption class='wp-caption-text gallery-caption' id='gallery-39-29696'>\n\t\t\t\t \u2020 Lewinowska-Burdea Janina (15.08.1928 0 16.06.2004)\n\t\t\t\t<\/figcaption><\/figure><figure class='gallery-item'>\n\t\t\t<div class='gallery-icon portrait'>\n\t\t\t\t<a href='https:\/\/polishwomen.md\/wp-content\/uploads\/2023\/12\/\u2020-lewinowska-burdea-janina-15.08.1928-16.06.2004-_.jpg'><img loading=\"lazy\" decoding=\"async\" width=\"200\" height=\"300\" src=\"https:\/\/polishwomen.md\/wp-content\/uploads\/2023\/12\/\u2020-lewinowska-burdea-janina-15.08.1928-16.06.2004-_-200x300.jpg\" class=\"attachment-medium size-medium\" alt=\"\u2020 Lewinowska Burdea Janina (15.08.1928 16.06.2004) \" aria-describedby=\"gallery-39-29693\" \/><\/a>\n\t\t\t<\/div>\n\t\t\t\t<figcaption class='wp-caption-text gallery-caption' id='gallery-39-29693'>\n\t\t\t\t \u2020 Lewinowska-Burdea Janina (15.08.1928 0 16.06.2004)\n\t\t\t\t<\/figcaption><\/figure>\n\t\t<\/div>\n<\/p>\t\t\t\t\t\t<\/div>\n\t\t\t\t\t<\/div>\n\t\t\t\t<\/div>\n\n\t\t\t\n\t\t\t\t<div class=\"sa-ac-item\">\n\t\t\t\t\t<div class=\"sa-ac-trigger\">\n\n\t\t\t\t\t\t<div class=\"sa-title-wrapper\">\n\t\t\t\t\t\t\t\t\t\t\t\t\t\t<h4 class=\"sa--title sa--text-title sa-ac-title sa-m-0 sa-p-0\"> 34. \u2020 \u2020 \u0141omi\u0144ski Franciszek (ok. 1822 \u2013 18.04.1884) <\/h4>\t\t\t\t\t\t<\/div>\n\t\t\t\t\t\t<span class=\"sa-trigger-icon sa-icon-wrapper sa-ac-icon-right\">\n\t\t\t\t\t\t\t<span class=\"sa-ac-icon-closed sa-icon-wrap\">\n\t\t\t\t\t\t\t\t<i class=\"fas fa-plus\"><\/i>\t\t\t\t\t\t\t<\/span>\n\t\t\t\t\t\t\t<span class=\"sa-ac-icon-opened sa-icon-wrap\">\n\t\t\t\t\t\t\t\t<i class=\"fas fa-minus\"><\/i>\t\t\t\t\t\t\t<\/span>\n\t\t\t\t\t\t<\/span>\n\t\t\t\t\t<\/div>\n\t\t\t\t\t<div class=\"sa-ac-panel\">\n\t\t\t\t\t\t<div class=\"sa-ac-content\">\n\t\t\t\t\t\t\t<p><div id='gallery-40' class='gallery galleryid-30589 gallery-columns-1 gallery-size-medium'><figure class='gallery-item'>\n\t\t\t<div class='gallery-icon portrait'>\n\t\t\t\t<a href='https:\/\/polishwomen.md\/ru\/34-%e2%80%a0-lominski-franciszek-ok-1822-18-04-1884-2\/'><img loading=\"lazy\" decoding=\"async\" width=\"200\" height=\"300\" src=\"https:\/\/polishwomen.md\/wp-content\/uploads\/2023\/12\/34.-\u2020-lominski-franciszek-ok.-1822-\u2013-18.04.1884-200x300.jpg\" class=\"attachment-medium size-medium\" alt=\"34. \u2020 \u0141omi\u0144ski Franciszek (ok. 1822 \u2013 18.04.1884)\" aria-describedby=\"gallery-40-29277\" \/><\/a>\n\t\t\t<\/div>\n\t\t\t\t<figcaption class='wp-caption-text gallery-caption' id='gallery-40-29277'>\n\t\t\t\t\u2020 \u0141omi\u0144ski Franciszek (ok. 1822 \u2013 18.04.1884)\n\t\t\t\t<\/figcaption><\/figure>\n\t\t<\/div>\n<\/p>\t\t\t\t\t\t<\/div>\n\t\t\t\t\t<\/div>\n\t\t\t\t<\/div>\n\n\t\t\t\n\t\t\t\t<div class=\"sa-ac-item\">\n\t\t\t\t\t<div class=\"sa-ac-trigger\">\n\n\t\t\t\t\t\t<div class=\"sa-title-wrapper\">\n\t\t\t\t\t\t\t\t\t\t\t\t\t\t<h4 class=\"sa--title sa--text-title sa-ac-title sa-m-0 sa-p-0\"> 35. \u2020 Marciszewski Aleksander (zm. 8.12.1930) <\/h4>\t\t\t\t\t\t<\/div>\n\t\t\t\t\t\t<span class=\"sa-trigger-icon sa-icon-wrapper sa-ac-icon-right\">\n\t\t\t\t\t\t\t<span class=\"sa-ac-icon-closed sa-icon-wrap\">\n\t\t\t\t\t\t\t\t<i class=\"fas fa-plus\"><\/i>\t\t\t\t\t\t\t<\/span>\n\t\t\t\t\t\t\t<span class=\"sa-ac-icon-opened sa-icon-wrap\">\n\t\t\t\t\t\t\t\t<i class=\"fas fa-minus\"><\/i>\t\t\t\t\t\t\t<\/span>\n\t\t\t\t\t\t<\/span>\n\t\t\t\t\t<\/div>\n\t\t\t\t\t<div class=\"sa-ac-panel\">\n\t\t\t\t\t\t<div class=\"sa-ac-content\">\n\t\t\t\t\t\t\t<p><div id='gallery-41' class='gallery galleryid-30589 gallery-columns-2 gallery-size-medium'><figure class='gallery-item'>\n\t\t\t<div class='gallery-icon landscape'>\n\t\t\t\t<a href='https:\/\/polishwomen.md\/wp-content\/uploads\/2023\/12\/\u2020-marciszewski-aleksander-zm.-8.12.1930-2.jpg'><img loading=\"lazy\" decoding=\"async\" width=\"300\" height=\"200\" src=\"https:\/\/polishwomen.md\/wp-content\/uploads\/2023\/12\/\u2020-marciszewski-aleksander-zm.-8.12.1930-2-300x200.jpg\" class=\"attachment-medium size-medium\" alt=\"\u2020 Marciszewski Aleksander (zm. 8.12.1930) 2\" aria-describedby=\"gallery-41-29175\" \/><\/a>\n\t\t\t<\/div>\n\t\t\t\t<figcaption class='wp-caption-text gallery-caption' id='gallery-41-29175'>\n\t\t\t\t\u2020 Marciszewski Aleksander (zm. 8.12.1930)\n\t\t\t\t<\/figcaption><\/figure><figure class='gallery-item'>\n\t\t\t<div class='gallery-icon portrait'>\n\t\t\t\t<a href='https:\/\/polishwomen.md\/wp-content\/uploads\/2023\/12\/\u2020-marciszewski-aleksander-zm.-8.12.1930_1.jpg'><img loading=\"lazy\" decoding=\"async\" width=\"225\" height=\"300\" src=\"https:\/\/polishwomen.md\/wp-content\/uploads\/2023\/12\/\u2020-marciszewski-aleksander-zm.-8.12.1930_1-225x300.jpg\" class=\"attachment-medium size-medium\" alt=\"\u2020 Marciszewski Aleksander (zm. 8.12.1930) 1\" aria-describedby=\"gallery-41-29178\" \/><\/a>\n\t\t\t<\/div>\n\t\t\t\t<figcaption class='wp-caption-text gallery-caption' id='gallery-41-29178'>\n\t\t\t\t\u2020 Marciszewski Aleksander (zm. 8.12.1930)\n\t\t\t\t<\/figcaption><\/figure>\n\t\t<\/div>\n<\/p>\t\t\t\t\t\t<\/div>\n\t\t\t\t\t<\/div>\n\t\t\t\t<\/div>\n\n\t\t\t\n\t\t\t\t<div class=\"sa-ac-item\">\n\t\t\t\t\t<div class=\"sa-ac-trigger\">\n\n\t\t\t\t\t\t<div class=\"sa-title-wrapper\">\n\t\t\t\t\t\t\t\t\t\t\t\t\t\t<h4 class=\"sa--title sa--text-title sa-ac-title sa-m-0 sa-p-0\"> 36. \u2020 Michalska Zofia (30.03.1869 \u2013 27.04.1895) <\/h4>\t\t\t\t\t\t<\/div>\n\t\t\t\t\t\t<span class=\"sa-trigger-icon sa-icon-wrapper sa-ac-icon-right\">\n\t\t\t\t\t\t\t<span class=\"sa-ac-icon-closed sa-icon-wrap\">\n\t\t\t\t\t\t\t\t<i class=\"fas fa-plus\"><\/i>\t\t\t\t\t\t\t<\/span>\n\t\t\t\t\t\t\t<span class=\"sa-ac-icon-opened sa-icon-wrap\">\n\t\t\t\t\t\t\t\t<i class=\"fas fa-minus\"><\/i>\t\t\t\t\t\t\t<\/span>\n\t\t\t\t\t\t<\/span>\n\t\t\t\t\t<\/div>\n\t\t\t\t\t<div class=\"sa-ac-panel\">\n\t\t\t\t\t\t<div class=\"sa-ac-content\">\n\t\t\t\t\t\t\t<p><div id='gallery-42' class='gallery galleryid-30589 gallery-columns-2 gallery-size-medium'><figure class='gallery-item'>\n\t\t\t<div class='gallery-icon portrait'>\n\t\t\t\t<a href='https:\/\/polishwomen.md\/wp-content\/uploads\/2023\/12\/36-\u2020-michalska-zofia-30.03.1869-\u2013-27.04.1895-_.jpg'><img loading=\"lazy\" decoding=\"async\" width=\"200\" height=\"300\" src=\"https:\/\/polishwomen.md\/wp-content\/uploads\/2023\/12\/36-\u2020-michalska-zofia-30.03.1869-\u2013-27.04.1895-_-200x300.jpg\" class=\"attachment-medium size-medium\" alt=\"36 \u2020 Michalska Zofia (30.03.1869 \u2013 27.04.1895) \" aria-describedby=\"gallery-42-29401\" \/><\/a>\n\t\t\t<\/div>\n\t\t\t\t<figcaption class='wp-caption-text gallery-caption' id='gallery-42-29401'>\n\t\t\t\t\u2020 Michalska Zofia (30.03.1869 \u2013 27.04.1895)\n\t\t\t\t<\/figcaption><\/figure><figure class='gallery-item'>\n\t\t\t<div class='gallery-icon portrait'>\n\t\t\t\t<a href='https:\/\/polishwomen.md\/wp-content\/uploads\/2023\/12\/36-\u2020-michalska-zofia-30.03.1869-\u2013-27.04.1895.jpg'><img loading=\"lazy\" decoding=\"async\" width=\"200\" height=\"300\" src=\"https:\/\/polishwomen.md\/wp-content\/uploads\/2023\/12\/36-\u2020-michalska-zofia-30.03.1869-\u2013-27.04.1895-200x300.jpg\" class=\"attachment-medium size-medium\" alt=\"36 \u2020 Michalska Zofia (30.03.1869 \u2013 27.04.1895)\" aria-describedby=\"gallery-42-29404\" \/><\/a>\n\t\t\t<\/div>\n\t\t\t\t<figcaption class='wp-caption-text gallery-caption' id='gallery-42-29404'>\n\t\t\t\t\u2020 Michalska Zofia (30.03.1869 \u2013 27.04.1895)\n\t\t\t\t<\/figcaption><\/figure>\n\t\t<\/div>\n<\/p>\t\t\t\t\t\t<\/div>\n\t\t\t\t\t<\/div>\n\t\t\t\t<\/div>\n\n\t\t\t\n\t\t\t\t<div class=\"sa-ac-item\">\n\t\t\t\t\t<div class=\"sa-ac-trigger\">\n\n\t\t\t\t\t\t<div class=\"sa-title-wrapper\">\n\t\t\t\t\t\t\t\t\t\t\t\t\t\t<h4 class=\"sa--title sa--text-title sa-ac-title sa-m-0 sa-p-0\">  \u2020 Mierzwi\u0144ska Maria (zm. 7 pa\u017adziernika w 75 roku \u017cycia)  <\/h4>\t\t\t\t\t\t<\/div>\n\t\t\t\t\t\t<span class=\"sa-trigger-icon sa-icon-wrapper sa-ac-icon-right\">\n\t\t\t\t\t\t\t<span class=\"sa-ac-icon-closed sa-icon-wrap\">\n\t\t\t\t\t\t\t\t<i class=\"fas fa-plus\"><\/i>\t\t\t\t\t\t\t<\/span>\n\t\t\t\t\t\t\t<span class=\"sa-ac-icon-opened sa-icon-wrap\">\n\t\t\t\t\t\t\t\t<i class=\"fas fa-minus\"><\/i>\t\t\t\t\t\t\t<\/span>\n\t\t\t\t\t\t<\/span>\n\t\t\t\t\t<\/div>\n\t\t\t\t\t<div class=\"sa-ac-panel\">\n\t\t\t\t\t\t<div class=\"sa-ac-content\">\n\t\t\t\t\t\t\t<p><div id='gallery-43' class='gallery galleryid-30589 gallery-columns-2 gallery-size-medium'><figure class='gallery-item'>\n\t\t\t<div class='gallery-icon portrait'>\n\t\t\t\t<a href='https:\/\/polishwomen.md\/wp-content\/uploads\/2023\/12\/\u2020-mierzwinska-maria-zm.-7-pazdziernika-w-75-roku-zycia-_.jpg'><img loading=\"lazy\" decoding=\"async\" width=\"200\" height=\"300\" src=\"https:\/\/polishwomen.md\/wp-content\/uploads\/2023\/12\/\u2020-mierzwinska-maria-zm.-7-pazdziernika-w-75-roku-zycia-_-200x300.jpg\" class=\"attachment-medium size-medium\" alt=\"\u2020 Mierzwi\u0144ska Maria (zm. 7 Pa\u017adziernika W 75 Roku \u017cycia) \" aria-describedby=\"gallery-43-29743\" \/><\/a>\n\t\t\t<\/div>\n\t\t\t\t<figcaption class='wp-caption-text gallery-caption' id='gallery-43-29743'>\n\t\t\t\t\u2020 Mierzwi\u0144ska Maria (zm. 7 pa\u017adziernika w 75 roku \u017cycia) \n\t\t\t\t<\/figcaption><\/figure><figure class='gallery-item'>\n\t\t\t<div class='gallery-icon portrait'>\n\t\t\t\t<a href='https:\/\/polishwomen.md\/wp-content\/uploads\/2023\/12\/\u2020-mierzwinska-maria-zm.-7-pazdziernika-w-75-roku-zycia.jpg'><img loading=\"lazy\" decoding=\"async\" width=\"200\" height=\"300\" src=\"https:\/\/polishwomen.md\/wp-content\/uploads\/2023\/12\/\u2020-mierzwinska-maria-zm.-7-pazdziernika-w-75-roku-zycia-200x300.jpg\" class=\"attachment-medium size-medium\" alt=\"\u2020 Mierzwi\u0144ska Maria (zm. 7 Pa\u017adziernika W 75 Roku \u017cycia)\" aria-describedby=\"gallery-43-29746\" \/><\/a>\n\t\t\t<\/div>\n\t\t\t\t<figcaption class='wp-caption-text gallery-caption' id='gallery-43-29746'>\n\t\t\t\t\u2020 Mierzwi\u0144ska Maria (zm. 7 pa\u017adziernika w 75 roku \u017cycia) \n\t\t\t\t<\/figcaption><\/figure>\n\t\t<\/div>\n<\/p>\t\t\t\t\t\t<\/div>\n\t\t\t\t\t<\/div>\n\t\t\t\t<\/div>\n\n\t\t\t\n\t\t\t\t<div class=\"sa-ac-item\">\n\t\t\t\t\t<div class=\"sa-ac-trigger\">\n\n\t\t\t\t\t\t<div class=\"sa-title-wrapper\">\n\t\t\t\t\t\t\t\t\t\t\t\t\t\t<h4 class=\"sa--title sa--text-title sa-ac-title sa-m-0 sa-p-0\"> 37. \u2020 Mikulska Stefania (ok. 1868 \u2013 7.01.1899) <\/h4>\t\t\t\t\t\t<\/div>\n\t\t\t\t\t\t<span class=\"sa-trigger-icon sa-icon-wrapper sa-ac-icon-right\">\n\t\t\t\t\t\t\t<span class=\"sa-ac-icon-closed sa-icon-wrap\">\n\t\t\t\t\t\t\t\t<i class=\"fas fa-plus\"><\/i>\t\t\t\t\t\t\t<\/span>\n\t\t\t\t\t\t\t<span class=\"sa-ac-icon-opened sa-icon-wrap\">\n\t\t\t\t\t\t\t\t<i class=\"fas fa-minus\"><\/i>\t\t\t\t\t\t\t<\/span>\n\t\t\t\t\t\t<\/span>\n\t\t\t\t\t<\/div>\n\t\t\t\t\t<div class=\"sa-ac-panel\">\n\t\t\t\t\t\t<div class=\"sa-ac-content\">\n\t\t\t\t\t\t\t<p><div id='gallery-44' class='gallery galleryid-30589 gallery-columns-3 gallery-size-medium'><figure class='gallery-item'>\n\t\t\t<div class='gallery-icon portrait'>\n\t\t\t\t<a href='https:\/\/polishwomen.md\/wp-content\/uploads\/2023\/12\/37-\u2020-mikulska-stefania-ok.-1868-\u2013-7.01.1899_.jpg'><img loading=\"lazy\" decoding=\"async\" width=\"200\" height=\"300\" src=\"https:\/\/polishwomen.md\/wp-content\/uploads\/2023\/12\/37-\u2020-mikulska-stefania-ok.-1868-\u2013-7.01.1899_-200x300.jpg\" class=\"attachment-medium size-medium\" alt=\"37 \u2020 Mikulska Stefania (ok. 1868 \u2013 7.01.1899) \" aria-describedby=\"gallery-44-29414\" \/><\/a>\n\t\t\t<\/div>\n\t\t\t\t<figcaption class='wp-caption-text gallery-caption' id='gallery-44-29414'>\n\t\t\t\t\u2020 Mikulska Stefania (ok. 1868 \u2013 7.01.1899)\n\t\t\t\t<\/figcaption><\/figure><figure class='gallery-item'>\n\t\t\t<div class='gallery-icon portrait'>\n\t\t\t\t<a href='https:\/\/polishwomen.md\/wp-content\/uploads\/2023\/12\/37-\u2020-mikulska-stefania-ok.-1868-\u2013-7.01.1899.jpg'><img loading=\"lazy\" decoding=\"async\" width=\"200\" height=\"300\" src=\"https:\/\/polishwomen.md\/wp-content\/uploads\/2023\/12\/37-\u2020-mikulska-stefania-ok.-1868-\u2013-7.01.1899-200x300.jpg\" class=\"attachment-medium size-medium\" alt=\"37 \u2020 Mikulska Stefania (ok. 1868 \u2013 7.01.1899)\" aria-describedby=\"gallery-44-29411\" \/><\/a>\n\t\t\t<\/div>\n\t\t\t\t<figcaption class='wp-caption-text gallery-caption' id='gallery-44-29411'>\n\t\t\t\t\u2020 Mikulska Stefania (ok. 1868 \u2013 7.01.1899)\n\t\t\t\t<\/figcaption><\/figure><figure class='gallery-item'>\n\t\t\t<div class='gallery-icon portrait'>\n\t\t\t\t<a href='https:\/\/polishwomen.md\/wp-content\/uploads\/2023\/12\/37-\u2020-mikulska-stefania-ok.-1868-\u2013-7.01.1899-_.jpg'><img loading=\"lazy\" decoding=\"async\" width=\"200\" height=\"300\" src=\"https:\/\/polishwomen.md\/wp-content\/uploads\/2023\/12\/37-\u2020-mikulska-stefania-ok.-1868-\u2013-7.01.1899-_-200x300.jpg\" class=\"attachment-medium size-medium\" alt=\"37 \u2020 Mikulska Stefania (ok. 1868 \u2013 7.01.1899) \" aria-describedby=\"gallery-44-29420\" \/><\/a>\n\t\t\t<\/div>\n\t\t\t\t<figcaption class='wp-caption-text gallery-caption' id='gallery-44-29420'>\n\t\t\t\t\u2020 Mikulska Stefania (ok. 1868 \u2013 7.01.1899)\n\t\t\t\t<\/figcaption><\/figure>\n\t\t<\/div>\n<\/p>\t\t\t\t\t\t<\/div>\n\t\t\t\t\t<\/div>\n\t\t\t\t<\/div>\n\n\t\t\t\n\t\t\t\t<div class=\"sa-ac-item\">\n\t\t\t\t\t<div class=\"sa-ac-trigger\">\n\n\t\t\t\t\t\t<div class=\"sa-title-wrapper\">\n\t\t\t\t\t\t\t\t\t\t\t\t\t\t<h4 class=\"sa--title sa--text-title sa-ac-title sa-m-0 sa-p-0\"> 38. \u2020 Mirowski Kazimierz (ok. 1888 \u2013 18.03.1909) <\/h4>\t\t\t\t\t\t<\/div>\n\t\t\t\t\t\t<span class=\"sa-trigger-icon sa-icon-wrapper sa-ac-icon-right\">\n\t\t\t\t\t\t\t<span class=\"sa-ac-icon-closed sa-icon-wrap\">\n\t\t\t\t\t\t\t\t<i class=\"fas fa-plus\"><\/i>\t\t\t\t\t\t\t<\/span>\n\t\t\t\t\t\t\t<span class=\"sa-ac-icon-opened sa-icon-wrap\">\n\t\t\t\t\t\t\t\t<i class=\"fas fa-minus\"><\/i>\t\t\t\t\t\t\t<\/span>\n\t\t\t\t\t\t<\/span>\n\t\t\t\t\t<\/div>\n\t\t\t\t\t<div class=\"sa-ac-panel\">\n\t\t\t\t\t\t<div class=\"sa-ac-content\">\n\t\t\t\t\t\t\t<p><div id='gallery-45' class='gallery galleryid-30589 gallery-columns-2 gallery-size-medium'><figure class='gallery-item'>\n\t\t\t<div class='gallery-icon portrait'>\n\t\t\t\t<a href='https:\/\/polishwomen.md\/wp-content\/uploads\/2023\/12\/38-\u2020-mirowski-kazimierz-ok.-1888-\u2013-18.03.1909.jpg'><img loading=\"lazy\" decoding=\"async\" width=\"200\" height=\"300\" src=\"https:\/\/polishwomen.md\/wp-content\/uploads\/2023\/12\/38-\u2020-mirowski-kazimierz-ok.-1888-\u2013-18.03.1909-200x300.jpg\" class=\"attachment-medium size-medium\" alt=\"38 \u2020 Mirowski Kazimierz (ok. 1888 \u2013 18.03.1909)\" aria-describedby=\"gallery-45-29888\" \/><\/a>\n\t\t\t<\/div>\n\t\t\t\t<figcaption class='wp-caption-text gallery-caption' id='gallery-45-29888'>\n\t\t\t\t\u2020 Mirowski Kazimierz (ok. 1888 \u2013 18.03.1909)\n\t\t\t\t<\/figcaption><\/figure><figure class='gallery-item'>\n\t\t\t<div class='gallery-icon landscape'>\n\t\t\t\t<a href='https:\/\/polishwomen.md\/wp-content\/uploads\/2023\/12\/38-\u2020-mirowski-kazimierz-ok.-1888-\u2013-18.03.1909_.jpg'><img loading=\"lazy\" decoding=\"async\" width=\"300\" height=\"200\" src=\"https:\/\/polishwomen.md\/wp-content\/uploads\/2023\/12\/38-\u2020-mirowski-kazimierz-ok.-1888-\u2013-18.03.1909_-300x200.jpg\" class=\"attachment-medium size-medium\" alt=\"38 \u2020 Mirowski Kazimierz (ok. 1888 \u2013 18.03.1909) \" aria-describedby=\"gallery-45-29885\" \/><\/a>\n\t\t\t<\/div>\n\t\t\t\t<figcaption class='wp-caption-text gallery-caption' id='gallery-45-29885'>\n\t\t\t\t\u2020 Mirowski Kazimierz (ok. 1888 \u2013 18.03.1909)\n\t\t\t\t<\/figcaption><\/figure>\n\t\t<\/div>\n<\/p>\t\t\t\t\t\t<\/div>\n\t\t\t\t\t<\/div>\n\t\t\t\t<\/div>\n\n\t\t\t\n\t\t\t\t<div class=\"sa-ac-item\">\n\t\t\t\t\t<div class=\"sa-ac-trigger\">\n\n\t\t\t\t\t\t<div class=\"sa-title-wrapper\">\n\t\t\t\t\t\t\t\t\t\t\t\t\t\t<h4 class=\"sa--title sa--text-title sa-ac-title sa-m-0 sa-p-0\"> 39. \u2020 Moreau Maria <\/h4>\t\t\t\t\t\t<\/div>\n\t\t\t\t\t\t<span class=\"sa-trigger-icon sa-icon-wrapper sa-ac-icon-right\">\n\t\t\t\t\t\t\t<span class=\"sa-ac-icon-closed sa-icon-wrap\">\n\t\t\t\t\t\t\t\t<i class=\"fas fa-plus\"><\/i>\t\t\t\t\t\t\t<\/span>\n\t\t\t\t\t\t\t<span class=\"sa-ac-icon-opened sa-icon-wrap\">\n\t\t\t\t\t\t\t\t<i class=\"fas fa-minus\"><\/i>\t\t\t\t\t\t\t<\/span>\n\t\t\t\t\t\t<\/span>\n\t\t\t\t\t<\/div>\n\t\t\t\t\t<div class=\"sa-ac-panel\">\n\t\t\t\t\t\t<div class=\"sa-ac-content\">\n\t\t\t\t\t\t\t<p><div id='gallery-46' class='gallery galleryid-30589 gallery-columns-2 gallery-size-medium'><figure class='gallery-item'>\n\t\t\t<div class='gallery-icon portrait'>\n\t\t\t\t<a href='https:\/\/polishwomen.md\/wp-content\/uploads\/2023\/12\/39-\u2020-moreau-maria.jpg'><img loading=\"lazy\" decoding=\"async\" width=\"200\" height=\"300\" src=\"https:\/\/polishwomen.md\/wp-content\/uploads\/2023\/12\/39-\u2020-moreau-maria-200x300.jpg\" class=\"attachment-medium size-medium\" alt=\"39 \u2020 Moreau Maria\" aria-describedby=\"gallery-46-29583\" \/><\/a>\n\t\t\t<\/div>\n\t\t\t\t<figcaption class='wp-caption-text gallery-caption' id='gallery-46-29583'>\n\t\t\t\t\u2020 Moreau Maria\n\t\t\t\t<\/figcaption><\/figure><figure class='gallery-item'>\n\t\t\t<div class='gallery-icon landscape'>\n\t\t\t\t<a href='https:\/\/polishwomen.md\/wp-content\/uploads\/2023\/12\/39-\u2020-moreau-maria_.jpg'><img loading=\"lazy\" decoding=\"async\" width=\"300\" height=\"200\" src=\"https:\/\/polishwomen.md\/wp-content\/uploads\/2023\/12\/39-\u2020-moreau-maria_-300x200.jpg\" class=\"attachment-medium size-medium\" alt=\"39 \u2020 Moreau Maria \" aria-describedby=\"gallery-46-29580\" \/><\/a>\n\t\t\t<\/div>\n\t\t\t\t<figcaption class='wp-caption-text gallery-caption' id='gallery-46-29580'>\n\t\t\t\t\u2020 Moreau Maria\n\t\t\t\t<\/figcaption><\/figure>\n\t\t<\/div>\n<\/p>\t\t\t\t\t\t<\/div>\n\t\t\t\t\t<\/div>\n\t\t\t\t<\/div>\n\n\t\t\t\n\t\t\t\t<div class=\"sa-ac-item\">\n\t\t\t\t\t<div class=\"sa-ac-trigger\">\n\n\t\t\t\t\t\t<div class=\"sa-title-wrapper\">\n\t\t\t\t\t\t\t\t\t\t\t\t\t\t<h4 class=\"sa--title sa--text-title sa-ac-title sa-m-0 sa-p-0\"> 39. Nagrobek NN <\/h4>\t\t\t\t\t\t<\/div>\n\t\t\t\t\t\t<span class=\"sa-trigger-icon sa-icon-wrapper sa-ac-icon-right\">\n\t\t\t\t\t\t\t<span class=\"sa-ac-icon-closed sa-icon-wrap\">\n\t\t\t\t\t\t\t\t<i class=\"fas fa-plus\"><\/i>\t\t\t\t\t\t\t<\/span>\n\t\t\t\t\t\t\t<span class=\"sa-ac-icon-opened sa-icon-wrap\">\n\t\t\t\t\t\t\t\t<i class=\"fas fa-minus\"><\/i>\t\t\t\t\t\t\t<\/span>\n\t\t\t\t\t\t<\/span>\n\t\t\t\t\t<\/div>\n\t\t\t\t\t<div class=\"sa-ac-panel\">\n\t\t\t\t\t\t<div class=\"sa-ac-content\">\n\t\t\t\t\t\t\t<p><div id='gallery-47' class='gallery galleryid-30589 gallery-columns-2 gallery-size-medium'><figure class='gallery-item'>\n\t\t\t<div class='gallery-icon portrait'>\n\t\t\t\t<a href='https:\/\/polishwomen.md\/wp-content\/uploads\/2023\/12\/nagrobek-nn-_.jpg'><img loading=\"lazy\" decoding=\"async\" width=\"200\" height=\"300\" src=\"https:\/\/polishwomen.md\/wp-content\/uploads\/2023\/12\/nagrobek-nn-_-200x300.jpg\" class=\"attachment-medium size-medium\" alt=\"Nagrobek Nn \" aria-describedby=\"gallery-47-29590\" \/><\/a>\n\t\t\t<\/div>\n\t\t\t\t<figcaption class='wp-caption-text gallery-caption' id='gallery-47-29590'>\n\t\t\t\tNagrobek NN\n\t\t\t\t<\/figcaption><\/figure><figure class='gallery-item'>\n\t\t\t<div class='gallery-icon landscape'>\n\t\t\t\t<a href='https:\/\/polishwomen.md\/wp-content\/uploads\/2023\/12\/nagrobek-nn__.jpg'><img loading=\"lazy\" decoding=\"async\" width=\"300\" height=\"200\" src=\"https:\/\/polishwomen.md\/wp-content\/uploads\/2023\/12\/nagrobek-nn__-300x200.jpg\" class=\"attachment-medium size-medium\" alt=\"Nagrobek Nn \" aria-describedby=\"gallery-47-29593\" \/><\/a>\n\t\t\t<\/div>\n\t\t\t\t<figcaption class='wp-caption-text gallery-caption' id='gallery-47-29593'>\n\t\t\t\tNagrobek NN\n\t\t\t\t<\/figcaption><\/figure>\n\t\t<\/div>\n<\/p>\t\t\t\t\t\t<\/div>\n\t\t\t\t\t<\/div>\n\t\t\t\t<\/div>\n\n\t\t\t\n\t\t\t\t<div class=\"sa-ac-item\">\n\t\t\t\t\t<div class=\"sa-ac-trigger\">\n\n\t\t\t\t\t\t<div class=\"sa-title-wrapper\">\n\t\t\t\t\t\t\t\t\t\t\t\t\t\t<h4 class=\"sa--title sa--text-title sa-ac-title sa-m-0 sa-p-0\">  41. \u2020 Nikitenko Wiktorya <\/h4>\t\t\t\t\t\t<\/div>\n\t\t\t\t\t\t<span class=\"sa-trigger-icon sa-icon-wrapper sa-ac-icon-right\">\n\t\t\t\t\t\t\t<span class=\"sa-ac-icon-closed sa-icon-wrap\">\n\t\t\t\t\t\t\t\t<i class=\"fas fa-plus\"><\/i>\t\t\t\t\t\t\t<\/span>\n\t\t\t\t\t\t\t<span class=\"sa-ac-icon-opened sa-icon-wrap\">\n\t\t\t\t\t\t\t\t<i class=\"fas fa-minus\"><\/i>\t\t\t\t\t\t\t<\/span>\n\t\t\t\t\t\t<\/span>\n\t\t\t\t\t<\/div>\n\t\t\t\t\t<div class=\"sa-ac-panel\">\n\t\t\t\t\t\t<div class=\"sa-ac-content\">\n\t\t\t\t\t\t\t<p><div id='gallery-48' class='gallery galleryid-30589 gallery-columns-2 gallery-size-medium'><figure class='gallery-item'>\n\t\t\t<div class='gallery-icon landscape'>\n\t\t\t\t<a href='https:\/\/polishwomen.md\/wp-content\/uploads\/2023\/12\/41-\u2020-nikitenko-wiktorya-_.jpg'><img loading=\"lazy\" decoding=\"async\" width=\"300\" height=\"200\" src=\"https:\/\/polishwomen.md\/wp-content\/uploads\/2023\/12\/41-\u2020-nikitenko-wiktorya-_-300x200.jpg\" class=\"attachment-medium size-medium\" alt=\"41 \u2020 Nikitenko Wiktorya \" aria-describedby=\"gallery-48-29385\" \/><\/a>\n\t\t\t<\/div>\n\t\t\t\t<figcaption class='wp-caption-text gallery-caption' id='gallery-48-29385'>\n\t\t\t\t\u2020 Nikitenko Wiktorya\n\t\t\t\t<\/figcaption><\/figure><figure class='gallery-item'>\n\t\t\t<div class='gallery-icon portrait'>\n\t\t\t\t<a href='https:\/\/polishwomen.md\/wp-content\/uploads\/2023\/12\/41-\u2020-nikitenko-wiktorya.jpg'><img loading=\"lazy\" decoding=\"async\" width=\"200\" height=\"300\" src=\"https:\/\/polishwomen.md\/wp-content\/uploads\/2023\/12\/41-\u2020-nikitenko-wiktorya-200x300.jpg\" class=\"attachment-medium size-medium\" alt=\"41 \u2020 Nikitenko Wiktorya\" aria-describedby=\"gallery-48-29382\" \/><\/a>\n\t\t\t<\/div>\n\t\t\t\t<figcaption class='wp-caption-text gallery-caption' id='gallery-48-29382'>\n\t\t\t\t\u2020 Nikitenko Wiktorya\n\t\t\t\t<\/figcaption><\/figure>\n\t\t<\/div>\n<\/p>\t\t\t\t\t\t<\/div>\n\t\t\t\t\t<\/div>\n\t\t\t\t<\/div>\n\n\t\t\t\n\t\t\t\t<div class=\"sa-ac-item\">\n\t\t\t\t\t<div class=\"sa-ac-trigger\">\n\n\t\t\t\t\t\t<div class=\"sa-title-wrapper\">\n\t\t\t\t\t\t\t\t\t\t\t\t\t\t<h4 class=\"sa--title sa--text-title sa-ac-title sa-m-0 sa-p-0\">  43. \u2020 Ohanowicz Anna (16.08.1880 \u2013 13.07.1898, zmar\u0142a w kwiecie wieku) <\/h4>\t\t\t\t\t\t<\/div>\n\t\t\t\t\t\t<span class=\"sa-trigger-icon sa-icon-wrapper sa-ac-icon-right\">\n\t\t\t\t\t\t\t<span class=\"sa-ac-icon-closed sa-icon-wrap\">\n\t\t\t\t\t\t\t\t<i class=\"fas fa-plus\"><\/i>\t\t\t\t\t\t\t<\/span>\n\t\t\t\t\t\t\t<span class=\"sa-ac-icon-opened sa-icon-wrap\">\n\t\t\t\t\t\t\t\t<i class=\"fas fa-minus\"><\/i>\t\t\t\t\t\t\t<\/span>\n\t\t\t\t\t\t<\/span>\n\t\t\t\t\t<\/div>\n\t\t\t\t\t<div class=\"sa-ac-panel\">\n\t\t\t\t\t\t<div class=\"sa-ac-content\">\n\t\t\t\t\t\t\t<p><div id='gallery-49' class='gallery galleryid-30589 gallery-columns-2 gallery-size-medium'><figure class='gallery-item'>\n\t\t\t<div class='gallery-icon portrait'>\n\t\t\t\t<a href='https:\/\/polishwomen.md\/wp-content\/uploads\/2023\/12\/43-\u2020-ohanowicz-anna-16.08.1880-\u2013-13.07.1898-zmarla-w-kwiecie-wieku.jpg'><img loading=\"lazy\" decoding=\"async\" width=\"200\" height=\"300\" src=\"https:\/\/polishwomen.md\/wp-content\/uploads\/2023\/12\/43-\u2020-ohanowicz-anna-16.08.1880-\u2013-13.07.1898-zmarla-w-kwiecie-wieku-200x300.jpg\" class=\"attachment-medium size-medium\" alt=\"43 \u2020 Ohanowicz Anna (16.08.1880 \u2013 13.07.1898, Zmar\u0142a W Kwiecie Wieku)\" aria-describedby=\"gallery-49-29520\" \/><\/a>\n\t\t\t<\/div>\n\t\t\t\t<figcaption class='wp-caption-text gallery-caption' id='gallery-49-29520'>\n\t\t\t\t\u2020 Ohanowicz Anna (16.08.1880 \u2013 13.07.1898, zmar\u0142a w kwiecie wieku)\n\t\t\t\t<\/figcaption><\/figure><figure class='gallery-item'>\n\t\t\t<div class='gallery-icon portrait'>\n\t\t\t\t<a href='https:\/\/polishwomen.md\/wp-content\/uploads\/2023\/12\/43-\u2020-ohanowicz-anna-16.08.1880-\u2013-13.07.1898-zmarla-w-kwiecie-wieku_.jpg'><img loading=\"lazy\" decoding=\"async\" width=\"200\" height=\"300\" src=\"https:\/\/polishwomen.md\/wp-content\/uploads\/2023\/12\/43-\u2020-ohanowicz-anna-16.08.1880-\u2013-13.07.1898-zmarla-w-kwiecie-wieku_-200x300.jpg\" class=\"attachment-medium size-medium\" alt=\"43 \u2020 Ohanowicz Anna (16.08.1880 \u2013 13.07.1898, Zmar\u0142a W Kwiecie Wieku) \" aria-describedby=\"gallery-49-29523\" \/><\/a>\n\t\t\t<\/div>\n\t\t\t\t<figcaption class='wp-caption-text gallery-caption' id='gallery-49-29523'>\n\t\t\t\t\u2020 Ohanowicz Anna (16.08.1880 \u2013 13.07.1898, zmar\u0142a w kwiecie wieku)\n\t\t\t\t<\/figcaption><\/figure>\n\t\t<\/div>\n<\/p>\t\t\t\t\t\t<\/div>\n\t\t\t\t\t<\/div>\n\t\t\t\t<\/div>\n\n\t\t\t\n\t\t\t\t<div class=\"sa-ac-item\">\n\t\t\t\t\t<div class=\"sa-ac-trigger\">\n\n\t\t\t\t\t\t<div class=\"sa-title-wrapper\">\n\t\t\t\t\t\t\t\t\t\t\t\t\t\t<h4 class=\"sa--title sa--text-title sa-ac-title sa-m-0 sa-p-0\">  44. \u2020 Ostrowski Adam (27.07.1868 \u2013 23.10.1912) <\/h4>\t\t\t\t\t\t<\/div>\n\t\t\t\t\t\t<span class=\"sa-trigger-icon sa-icon-wrapper sa-ac-icon-right\">\n\t\t\t\t\t\t\t<span class=\"sa-ac-icon-closed sa-icon-wrap\">\n\t\t\t\t\t\t\t\t<i class=\"fas fa-plus\"><\/i>\t\t\t\t\t\t\t<\/span>\n\t\t\t\t\t\t\t<span class=\"sa-ac-icon-opened sa-icon-wrap\">\n\t\t\t\t\t\t\t\t<i class=\"fas fa-minus\"><\/i>\t\t\t\t\t\t\t<\/span>\n\t\t\t\t\t\t<\/span>\n\t\t\t\t\t<\/div>\n\t\t\t\t\t<div class=\"sa-ac-panel\">\n\t\t\t\t\t\t<div class=\"sa-ac-content\">\n\t\t\t\t\t\t\t<p><div id='gallery-50' class='gallery galleryid-30589 gallery-columns-2 gallery-size-medium'><figure class='gallery-item'>\n\t\t\t<div class='gallery-icon landscape'>\n\t\t\t\t<a href='https:\/\/polishwomen.md\/wp-content\/uploads\/2023\/12\/44-\u2020-ostrowski-adam-27.07.1868-\u2013-23.10.1912-_1.jpg'><img loading=\"lazy\" decoding=\"async\" width=\"300\" height=\"200\" src=\"https:\/\/polishwomen.md\/wp-content\/uploads\/2023\/12\/44-\u2020-ostrowski-adam-27.07.1868-\u2013-23.10.1912-_1-300x200.jpg\" class=\"attachment-medium size-medium\" alt=\"44 \u2020 Ostrowski Adam (27.07.1868 \u2013 23.10.1912) 1\" aria-describedby=\"gallery-50-29214\" \/><\/a>\n\t\t\t<\/div>\n\t\t\t\t<figcaption class='wp-caption-text gallery-caption' id='gallery-50-29214'>\n\t\t\t\t\u2020 Ostrowski Adam (27.07.1868 \u2013 23.10.1912)\n\t\t\t\t<\/figcaption><\/figure><figure class='gallery-item'>\n\t\t\t<div class='gallery-icon portrait'>\n\t\t\t\t<a href='https:\/\/polishwomen.md\/wp-content\/uploads\/2023\/12\/44-\u2020-ostrowski-adam-27.07.1868-\u2013-23.10.1912-_2.jpg'><img loading=\"lazy\" decoding=\"async\" width=\"225\" height=\"300\" src=\"https:\/\/polishwomen.md\/wp-content\/uploads\/2023\/12\/44-\u2020-ostrowski-adam-27.07.1868-\u2013-23.10.1912-_2-225x300.jpg\" class=\"attachment-medium size-medium\" alt=\"44 \u2020 Ostrowski Adam (27.07.1868 \u2013 23.10.1912) 2\" aria-describedby=\"gallery-50-29217\" \/><\/a>\n\t\t\t<\/div>\n\t\t\t\t<figcaption class='wp-caption-text gallery-caption' id='gallery-50-29217'>\n\t\t\t\t\u2020 Ostrowski Adam (27.07.1868 \u2013 23.10.1912)\n\t\t\t\t<\/figcaption><\/figure>\n\t\t<\/div>\n<\/p>\t\t\t\t\t\t<\/div>\n\t\t\t\t\t<\/div>\n\t\t\t\t<\/div>\n\n\t\t\t\n\t\t\t\t<div class=\"sa-ac-item\">\n\t\t\t\t\t<div class=\"sa-ac-trigger\">\n\n\t\t\t\t\t\t<div class=\"sa-title-wrapper\">\n\t\t\t\t\t\t\t\t\t\t\t\t\t\t<h4 class=\"sa--title sa--text-title sa-ac-title sa-m-0 sa-p-0\"> 47. \u2020 Pie\u0144kowski W\u0142adys\u0142aw (zm. 1882) <\/h4>\t\t\t\t\t\t<\/div>\n\t\t\t\t\t\t<span class=\"sa-trigger-icon sa-icon-wrapper sa-ac-icon-right\">\n\t\t\t\t\t\t\t<span class=\"sa-ac-icon-closed sa-icon-wrap\">\n\t\t\t\t\t\t\t\t<i class=\"fas fa-plus\"><\/i>\t\t\t\t\t\t\t<\/span>\n\t\t\t\t\t\t\t<span class=\"sa-ac-icon-opened sa-icon-wrap\">\n\t\t\t\t\t\t\t\t<i class=\"fas fa-minus\"><\/i>\t\t\t\t\t\t\t<\/span>\n\t\t\t\t\t\t<\/span>\n\t\t\t\t\t<\/div>\n\t\t\t\t\t<div class=\"sa-ac-panel\">\n\t\t\t\t\t\t<div class=\"sa-ac-content\">\n\t\t\t\t\t\t\t<p><div id='gallery-51' class='gallery galleryid-30589 gallery-columns-2 gallery-size-medium'><figure class='gallery-item'>\n\t\t\t<div class='gallery-icon portrait'>\n\t\t\t\t<a href='https:\/\/polishwomen.md\/wp-content\/uploads\/2023\/12\/47-\u2020-pienkowski-wladyslaw-zm.-1882.jpg'><img loading=\"lazy\" decoding=\"async\" width=\"200\" height=\"300\" src=\"https:\/\/polishwomen.md\/wp-content\/uploads\/2023\/12\/47-\u2020-pienkowski-wladyslaw-zm.-1882-200x300.jpg\" class=\"attachment-medium size-medium\" alt=\"47 \u2020 Pie\u0144kowski W\u0142adys\u0142aw (zm. 1882)\" aria-describedby=\"gallery-51-29472\" \/><\/a>\n\t\t\t<\/div>\n\t\t\t\t<figcaption class='wp-caption-text gallery-caption' id='gallery-51-29472'>\n\t\t\t\t\u2020 Pie\u0144kowski W\u0142adys\u0142aw (zm. 1882)\n\t\t\t\t<\/figcaption><\/figure><figure class='gallery-item'>\n\t\t\t<div class='gallery-icon portrait'>\n\t\t\t\t<a href='https:\/\/polishwomen.md\/wp-content\/uploads\/2023\/12\/47-\u2020-pienkowski-wladyslaw-zm.-1882-.jpg'><img loading=\"lazy\" decoding=\"async\" width=\"200\" height=\"300\" src=\"https:\/\/polishwomen.md\/wp-content\/uploads\/2023\/12\/47-\u2020-pienkowski-wladyslaw-zm.-1882--200x300.jpg\" class=\"attachment-medium size-medium\" alt=\"47 \u2020 Pie\u0144kowski W\u0142adys\u0142aw (zm. 1882) \" aria-describedby=\"gallery-51-29469\" \/><\/a>\n\t\t\t<\/div>\n\t\t\t\t<figcaption class='wp-caption-text gallery-caption' id='gallery-51-29469'>\n\t\t\t\t\u2020 Pie\u0144kowski W\u0142adys\u0142aw (zm. 1882)\n\t\t\t\t<\/figcaption><\/figure>\n\t\t<\/div>\n<\/p>\t\t\t\t\t\t<\/div>\n\t\t\t\t\t<\/div>\n\t\t\t\t<\/div>\n\n\t\t\t\n\t\t\t\t<div class=\"sa-ac-item\">\n\t\t\t\t\t<div class=\"sa-ac-trigger\">\n\n\t\t\t\t\t\t<div class=\"sa-title-wrapper\">\n\t\t\t\t\t\t\t\t\t\t\t\t\t\t<h4 class=\"sa--title sa--text-title sa-ac-title sa-m-0 sa-p-0\"> 48. \u2020 Pi\u0142awski Stanis\u0142aw (ok. 1880 \u2013 23.05.1904) <\/h4>\t\t\t\t\t\t<\/div>\n\t\t\t\t\t\t<span class=\"sa-trigger-icon sa-icon-wrapper sa-ac-icon-right\">\n\t\t\t\t\t\t\t<span class=\"sa-ac-icon-closed sa-icon-wrap\">\n\t\t\t\t\t\t\t\t<i class=\"fas fa-plus\"><\/i>\t\t\t\t\t\t\t<\/span>\n\t\t\t\t\t\t\t<span class=\"sa-ac-icon-opened sa-icon-wrap\">\n\t\t\t\t\t\t\t\t<i class=\"fas fa-minus\"><\/i>\t\t\t\t\t\t\t<\/span>\n\t\t\t\t\t\t<\/span>\n\t\t\t\t\t<\/div>\n\t\t\t\t\t<div class=\"sa-ac-panel\">\n\t\t\t\t\t\t<div class=\"sa-ac-content\">\n\t\t\t\t\t\t\t<p><div id='gallery-52' class='gallery galleryid-30589 gallery-columns-2 gallery-size-medium'><figure class='gallery-item'>\n\t\t\t<div class='gallery-icon portrait'>\n\t\t\t\t<a href='https:\/\/polishwomen.md\/wp-content\/uploads\/2023\/12\/48-\u2020-pilawski-stanislaw-ok.-1880-\u2013-23.05.1904.jpg'><img loading=\"lazy\" decoding=\"async\" width=\"200\" height=\"300\" src=\"https:\/\/polishwomen.md\/wp-content\/uploads\/2023\/12\/48-\u2020-pilawski-stanislaw-ok.-1880-\u2013-23.05.1904-200x300.jpg\" class=\"attachment-medium size-medium\" alt=\"48 \u2020 Pi\u0142awski Stanis\u0142aw (ok. 1880 \u2013 23.05.1904)\" aria-describedby=\"gallery-52-29849\" \/><\/a>\n\t\t\t<\/div>\n\t\t\t\t<figcaption class='wp-caption-text gallery-caption' id='gallery-52-29849'>\n\t\t\t\t\u2020 Pi\u0142awski Stanis\u0142aw (ok. 1880 \u2013 23.05.1904)\n\t\t\t\t<\/figcaption><\/figure><figure class='gallery-item'>\n\t\t\t<div class='gallery-icon landscape'>\n\t\t\t\t<a href='https:\/\/polishwomen.md\/wp-content\/uploads\/2023\/12\/48-\u2020-pilawski-stanislaw-ok.-1880-\u2013-23.05.1904_.jpg'><img loading=\"lazy\" decoding=\"async\" width=\"300\" height=\"200\" src=\"https:\/\/polishwomen.md\/wp-content\/uploads\/2023\/12\/48-\u2020-pilawski-stanislaw-ok.-1880-\u2013-23.05.1904_-300x200.jpg\" class=\"attachment-medium size-medium\" alt=\"48 \u2020 Pi\u0142awski Stanis\u0142aw (ok. 1880 \u2013 23.05.1904) \" aria-describedby=\"gallery-52-29852\" \/><\/a>\n\t\t\t<\/div>\n\t\t\t\t<figcaption class='wp-caption-text gallery-caption' id='gallery-52-29852'>\n\t\t\t\t\u2020 Pi\u0142awski Stanis\u0142aw (ok. 1880 \u2013 23.05.1904)\n\t\t\t\t<\/figcaption><\/figure>\n\t\t<\/div>\n<\/p>\t\t\t\t\t\t<\/div>\n\t\t\t\t\t<\/div>\n\t\t\t\t<\/div>\n\n\t\t\t\n\t\t\t\t<div class=\"sa-ac-item\">\n\t\t\t\t\t<div class=\"sa-ac-trigger\">\n\n\t\t\t\t\t\t<div class=\"sa-title-wrapper\">\n\t\t\t\t\t\t\t\t\t\t\t\t\t\t<h4 class=\"sa--title sa--text-title sa-ac-title sa-m-0 sa-p-0\"> 49. \u2020 Piotrowski Hipolit (ur. 11 sierpnia 1849 r. \u2013 zm. 24 stycznia 1903 r.) <\/h4>\t\t\t\t\t\t<\/div>\n\t\t\t\t\t\t<span class=\"sa-trigger-icon sa-icon-wrapper sa-ac-icon-right\">\n\t\t\t\t\t\t\t<span class=\"sa-ac-icon-closed sa-icon-wrap\">\n\t\t\t\t\t\t\t\t<i class=\"fas fa-plus\"><\/i>\t\t\t\t\t\t\t<\/span>\n\t\t\t\t\t\t\t<span class=\"sa-ac-icon-opened sa-icon-wrap\">\n\t\t\t\t\t\t\t\t<i class=\"fas fa-minus\"><\/i>\t\t\t\t\t\t\t<\/span>\n\t\t\t\t\t\t<\/span>\n\t\t\t\t\t<\/div>\n\t\t\t\t\t<div class=\"sa-ac-panel\">\n\t\t\t\t\t\t<div class=\"sa-ac-content\">\n\t\t\t\t\t\t\t<p><div id='gallery-53' class='gallery galleryid-30589 gallery-columns-2 gallery-size-medium'><figure class='gallery-item'>\n\t\t\t<div class='gallery-icon portrait'>\n\t\t\t\t<a href='https:\/\/polishwomen.md\/wp-content\/uploads\/2023\/12\/49-\u2020-piotrowski-hipolit-ur.-11-sierpnia-1849-r.-\u2013-zm.-24-stycznia-1903-r.jpg'><img loading=\"lazy\" decoding=\"async\" width=\"200\" height=\"300\" src=\"https:\/\/polishwomen.md\/wp-content\/uploads\/2023\/12\/49-\u2020-piotrowski-hipolit-ur.-11-sierpnia-1849-r.-\u2013-zm.-24-stycznia-1903-r-200x300.jpg\" class=\"attachment-medium size-medium\" alt=\"49 \u2020 Piotrowski Hipolit (ur. 11 Sierpnia 1849 R. \u2013 Zm. 24 Stycznia 1903 R.)\" aria-describedby=\"gallery-53-29622\" \/><\/a>\n\t\t\t<\/div>\n\t\t\t\t<figcaption class='wp-caption-text gallery-caption' id='gallery-53-29622'>\n\t\t\t\t\u2020 Piotrowski Hipolit (ur. 11 sierpnia 1849 r. \u2013 zm. 24 stycznia 1903 r.)\n\t\t\t\t<\/figcaption><\/figure><figure class='gallery-item'>\n\t\t\t<div class='gallery-icon landscape'>\n\t\t\t\t<a href='https:\/\/polishwomen.md\/wp-content\/uploads\/2023\/12\/49-\u2020-piotrowski-hipolit-ur.-11-sierpnia-1849-r.-\u2013-zm.-24-stycznia-1903-r.-_.jpg'><img loading=\"lazy\" decoding=\"async\" width=\"300\" height=\"200\" src=\"https:\/\/polishwomen.md\/wp-content\/uploads\/2023\/12\/49-\u2020-piotrowski-hipolit-ur.-11-sierpnia-1849-r.-\u2013-zm.-24-stycznia-1903-r.-_-300x200.jpg\" class=\"attachment-medium size-medium\" alt=\"49 \u2020 Piotrowski Hipolit (ur. 11 Sierpnia 1849 R. \u2013 Zm. 24 Stycznia 1903 R.) \" aria-describedby=\"gallery-53-29619\" \/><\/a>\n\t\t\t<\/div>\n\t\t\t\t<figcaption class='wp-caption-text gallery-caption' id='gallery-53-29619'>\n\t\t\t\t\u2020 Piotrowski Hipolit (ur. 11 sierpnia 1849 r. \u2013 zm. 24 stycznia 1903 r.)\n\t\t\t\t<\/figcaption><\/figure>\n\t\t<\/div>\n<\/p>\t\t\t\t\t\t<\/div>\n\t\t\t\t\t<\/div>\n\t\t\t\t<\/div>\n\n\t\t\t\n\t\t\t\t<div class=\"sa-ac-item\">\n\t\t\t\t\t<div class=\"sa-ac-trigger\">\n\n\t\t\t\t\t\t<div class=\"sa-title-wrapper\">\n\t\t\t\t\t\t\t\t\t\t\t\t\t\t<h4 class=\"sa--title sa--text-title sa-ac-title sa-m-0 sa-p-0\">  \u2020 P\u0142aszek Katarzyna  (31.05.1941-5.022013) <\/h4>\t\t\t\t\t\t<\/div>\n\t\t\t\t\t\t<span class=\"sa-trigger-icon sa-icon-wrapper sa-ac-icon-right\">\n\t\t\t\t\t\t\t<span class=\"sa-ac-icon-closed sa-icon-wrap\">\n\t\t\t\t\t\t\t\t<i class=\"fas fa-plus\"><\/i>\t\t\t\t\t\t\t<\/span>\n\t\t\t\t\t\t\t<span class=\"sa-ac-icon-opened sa-icon-wrap\">\n\t\t\t\t\t\t\t\t<i class=\"fas fa-minus\"><\/i>\t\t\t\t\t\t\t<\/span>\n\t\t\t\t\t\t<\/span>\n\t\t\t\t\t<\/div>\n\t\t\t\t\t<div class=\"sa-ac-panel\">\n\t\t\t\t\t\t<div class=\"sa-ac-content\">\n\t\t\t\t\t\t\t<p><div id='gallery-54' class='gallery galleryid-30589 gallery-columns-2 gallery-size-medium'><figure class='gallery-item'>\n\t\t\t<div class='gallery-icon portrait'>\n\t\t\t\t<a href='https:\/\/polishwomen.md\/wp-content\/uploads\/2023\/12\/\u2020-plaszek-katarzyna-31.05.1941-5.022013_.jpg'><img loading=\"lazy\" decoding=\"async\" width=\"200\" height=\"300\" src=\"https:\/\/polishwomen.md\/wp-content\/uploads\/2023\/12\/\u2020-plaszek-katarzyna-31.05.1941-5.022013_-200x300.jpg\" class=\"attachment-medium size-medium\" alt=\"\u2020 P\u0142aszek Katarzyna (31.05.1941 5.022013) \" aria-describedby=\"gallery-54-29501\" \/><\/a>\n\t\t\t<\/div>\n\t\t\t\t<figcaption class='wp-caption-text gallery-caption' id='gallery-54-29501'>\n\t\t\t\t \u2020 P\u0142aszek Katarzyna  (31.05.1941-5.022013)\n\t\t\t\t<\/figcaption><\/figure><figure class='gallery-item'>\n\t\t\t<div class='gallery-icon portrait'>\n\t\t\t\t<a href='https:\/\/polishwomen.md\/wp-content\/uploads\/2023\/12\/\u2020-plaszek-katarzyna-31.05.1941-5.022013.jpg'><img loading=\"lazy\" decoding=\"async\" width=\"200\" height=\"300\" src=\"https:\/\/polishwomen.md\/wp-content\/uploads\/2023\/12\/\u2020-plaszek-katarzyna-31.05.1941-5.022013-200x300.jpg\" class=\"attachment-medium size-medium\" alt=\"\u2020 P\u0142aszek Katarzyna (31.05.1941 5.022013)\" aria-describedby=\"gallery-54-29498\" \/><\/a>\n\t\t\t<\/div>\n\t\t\t\t<figcaption class='wp-caption-text gallery-caption' id='gallery-54-29498'>\n\t\t\t\t \u2020 P\u0142aszek Katarzyna  (31.05.1941-5.022013)\n\t\t\t\t<\/figcaption><\/figure>\n\t\t<\/div>\n<\/p>\t\t\t\t\t\t<\/div>\n\t\t\t\t\t<\/div>\n\t\t\t\t<\/div>\n\n\t\t\t\n\t\t\t\t<div class=\"sa-ac-item\">\n\t\t\t\t\t<div class=\"sa-ac-trigger\">\n\n\t\t\t\t\t\t<div class=\"sa-title-wrapper\">\n\t\t\t\t\t\t\t\t\t\t\t\t\t\t<h4 class=\"sa--title sa--text-title sa-ac-title sa-m-0 sa-p-0\"> 52.  \u2020 Rautschi Cezar <\/h4>\t\t\t\t\t\t<\/div>\n\t\t\t\t\t\t<span class=\"sa-trigger-icon sa-icon-wrapper sa-ac-icon-right\">\n\t\t\t\t\t\t\t<span class=\"sa-ac-icon-closed sa-icon-wrap\">\n\t\t\t\t\t\t\t\t<i class=\"fas fa-plus\"><\/i>\t\t\t\t\t\t\t<\/span>\n\t\t\t\t\t\t\t<span class=\"sa-ac-icon-opened sa-icon-wrap\">\n\t\t\t\t\t\t\t\t<i class=\"fas fa-minus\"><\/i>\t\t\t\t\t\t\t<\/span>\n\t\t\t\t\t\t<\/span>\n\t\t\t\t\t<\/div>\n\t\t\t\t\t<div class=\"sa-ac-panel\">\n\t\t\t\t\t\t<div class=\"sa-ac-content\">\n\t\t\t\t\t\t\t<p><div id='gallery-55' class='gallery galleryid-30589 gallery-columns-2 gallery-size-medium'><figure class='gallery-item'>\n\t\t\t<div class='gallery-icon landscape'>\n\t\t\t\t<a href='https:\/\/polishwomen.md\/wp-content\/uploads\/2023\/12\/52-\u2020-rautschi-cezar-_.jpg'><img loading=\"lazy\" decoding=\"async\" width=\"300\" height=\"200\" src=\"https:\/\/polishwomen.md\/wp-content\/uploads\/2023\/12\/52-\u2020-rautschi-cezar-_-300x200.jpg\" class=\"attachment-medium size-medium\" alt=\"52 \u2020 Rautschi Cezar \" aria-describedby=\"gallery-55-29346\" \/><\/a>\n\t\t\t<\/div>\n\t\t\t\t<figcaption class='wp-caption-text gallery-caption' id='gallery-55-29346'>\n\t\t\t\t\u2020 Rautschi Cezar\n\t\t\t\t<\/figcaption><\/figure><figure class='gallery-item'>\n\t\t\t<div class='gallery-icon portrait'>\n\t\t\t\t<a href='https:\/\/polishwomen.md\/wp-content\/uploads\/2023\/12\/52-\u2020-rautschi-cezar.jpg'><img loading=\"lazy\" decoding=\"async\" width=\"200\" height=\"300\" src=\"https:\/\/polishwomen.md\/wp-content\/uploads\/2023\/12\/52-\u2020-rautschi-cezar-200x300.jpg\" class=\"attachment-medium size-medium\" alt=\"52 \u2020 Rautschi Cezar\" aria-describedby=\"gallery-55-29340\" \/><\/a>\n\t\t\t<\/div>\n\t\t\t\t<figcaption class='wp-caption-text gallery-caption' id='gallery-55-29340'>\n\t\t\t\t\u2020 Rautschi Cezar\n\t\t\t\t<\/figcaption><\/figure>\n\t\t<\/div>\n<\/p>\t\t\t\t\t\t<\/div>\n\t\t\t\t\t<\/div>\n\t\t\t\t<\/div>\n\n\t\t\t\n\t\t\t\t<div class=\"sa-ac-item\">\n\t\t\t\t\t<div class=\"sa-ac-trigger\">\n\n\t\t\t\t\t\t<div class=\"sa-title-wrapper\">\n\t\t\t\t\t\t\t\t\t\t\t\t\t\t<h4 class=\"sa--title sa--text-title sa-ac-title sa-m-0 sa-p-0\">  56. \u2020 Siarczy\u0144ska Ludwiga <\/h4>\t\t\t\t\t\t<\/div>\n\t\t\t\t\t\t<span class=\"sa-trigger-icon sa-icon-wrapper sa-ac-icon-right\">\n\t\t\t\t\t\t\t<span class=\"sa-ac-icon-closed sa-icon-wrap\">\n\t\t\t\t\t\t\t\t<i class=\"fas fa-plus\"><\/i>\t\t\t\t\t\t\t<\/span>\n\t\t\t\t\t\t\t<span class=\"sa-ac-icon-opened sa-icon-wrap\">\n\t\t\t\t\t\t\t\t<i class=\"fas fa-minus\"><\/i>\t\t\t\t\t\t\t<\/span>\n\t\t\t\t\t\t<\/span>\n\t\t\t\t\t<\/div>\n\t\t\t\t\t<div class=\"sa-ac-panel\">\n\t\t\t\t\t\t<div class=\"sa-ac-content\">\n\t\t\t\t\t\t\t<p><div id='gallery-56' class='gallery galleryid-30589 gallery-columns-1 gallery-size-medium'><figure class='gallery-item'>\n\t\t\t<div class='gallery-icon portrait'>\n\t\t\t\t<a href='https:\/\/polishwomen.md\/wp-content\/uploads\/2023\/12\/56.-\u2020-siarczynska-ludwiga.jpg'><img loading=\"lazy\" decoding=\"async\" width=\"200\" height=\"300\" src=\"https:\/\/polishwomen.md\/wp-content\/uploads\/2023\/12\/56.-\u2020-siarczynska-ludwiga-200x300.jpg\" class=\"attachment-medium size-medium\" alt=\"56. \u2020 Siarczy\u0144ska Ludwiga\" aria-describedby=\"gallery-56-29223\" \/><\/a>\n\t\t\t<\/div>\n\t\t\t\t<figcaption class='wp-caption-text gallery-caption' id='gallery-56-29223'>\n\t\t\t\t\u2020 Siarczy\u0144ska Ludwiga\n\t\t\t\t<\/figcaption><\/figure>\n\t\t<\/div>\n<\/p>\t\t\t\t\t\t<\/div>\n\t\t\t\t\t<\/div>\n\t\t\t\t<\/div>\n\n\t\t\t\n\t\t\t\t<div class=\"sa-ac-item\">\n\t\t\t\t\t<div class=\"sa-ac-trigger\">\n\n\t\t\t\t\t\t<div class=\"sa-title-wrapper\">\n\t\t\t\t\t\t\t\t\t\t\t\t\t\t<h4 class=\"sa--title sa--text-title sa-ac-title sa-m-0 sa-p-0\"> \u2020 Sl\u0105kin Teodozjusz (10 maja 1904 r. \u2013 27 stycznia 1966 r.)  <\/h4>\t\t\t\t\t\t<\/div>\n\t\t\t\t\t\t<span class=\"sa-trigger-icon sa-icon-wrapper sa-ac-icon-right\">\n\t\t\t\t\t\t\t<span class=\"sa-ac-icon-closed sa-icon-wrap\">\n\t\t\t\t\t\t\t\t<i class=\"fas fa-plus\"><\/i>\t\t\t\t\t\t\t<\/span>\n\t\t\t\t\t\t\t<span class=\"sa-ac-icon-opened sa-icon-wrap\">\n\t\t\t\t\t\t\t\t<i class=\"fas fa-minus\"><\/i>\t\t\t\t\t\t\t<\/span>\n\t\t\t\t\t\t<\/span>\n\t\t\t\t\t<\/div>\n\t\t\t\t\t<div class=\"sa-ac-panel\">\n\t\t\t\t\t\t<div class=\"sa-ac-content\">\n\t\t\t\t\t\t\t<p><div id='gallery-57' class='gallery galleryid-30589 gallery-columns-2 gallery-size-medium'><figure class='gallery-item'>\n\t\t\t<div class='gallery-icon landscape'>\n\t\t\t\t<a href='https:\/\/polishwomen.md\/wp-content\/uploads\/2023\/12\/\u2020-slakina-olga-z-domu-chalamowska-30.01.1949-\u2013-05.04.2004.jpg'><img loading=\"lazy\" decoding=\"async\" width=\"300\" height=\"200\" src=\"https:\/\/polishwomen.md\/wp-content\/uploads\/2023\/12\/\u2020-slakina-olga-z-domu-chalamowska-30.01.1949-\u2013-05.04.2004-300x200.jpg\" class=\"attachment-medium size-medium\" alt=\"\u2020 Sl\u0105kina Olga Z Domu Chalamowska (30.01.1949 \u2013 05.04.2004)\" aria-describedby=\"gallery-57-29599\" \/><\/a>\n\t\t\t<\/div>\n\t\t\t\t<figcaption class='wp-caption-text gallery-caption' id='gallery-57-29599'>\n\t\t\t\t\u2020 Sl\u0105kina Olga z domu Chalamowska  (30.01.1949 \u2013 05.04.2004)\n\t\t\t\t<\/figcaption><\/figure><figure class='gallery-item'>\n\t\t\t<div class='gallery-icon portrait'>\n\t\t\t\t<a href='https:\/\/polishwomen.md\/wp-content\/uploads\/2023\/12\/\u2020-slakin-teodozjusz-10-maja-1904-r.-\u2013-27-stycznia-1966-r.jpg'><img loading=\"lazy\" decoding=\"async\" width=\"200\" height=\"300\" src=\"https:\/\/polishwomen.md\/wp-content\/uploads\/2023\/12\/\u2020-slakin-teodozjusz-10-maja-1904-r.-\u2013-27-stycznia-1966-r-200x300.jpg\" class=\"attachment-medium size-medium\" alt=\"\u2020 Sl\u0105kin Teodozjusz (10 Maja 1904 R. \u2013 27 Stycznia 1966 R.)\" aria-describedby=\"gallery-57-29613\" \/><\/a>\n\t\t\t<\/div>\n\t\t\t\t<figcaption class='wp-caption-text gallery-caption' id='gallery-57-29613'>\n\t\t\t\t\u2020 Sl\u0105kin Teodozjusz (10 maja 1904 r. \u2013 27 stycznia 1966 r.) \n\t\t\t\t<\/figcaption><\/figure>\n\t\t<\/div>\n<\/p>\t\t\t\t\t\t<\/div>\n\t\t\t\t\t<\/div>\n\t\t\t\t<\/div>\n\n\t\t\t\n\t\t\t\t<div class=\"sa-ac-item\">\n\t\t\t\t\t<div class=\"sa-ac-trigger\">\n\n\t\t\t\t\t\t<div class=\"sa-title-wrapper\">\n\t\t\t\t\t\t\t\t\t\t\t\t\t\t<h4 class=\"sa--title sa--text-title sa-ac-title sa-m-0 sa-p-0\"> \u2020 Sl\u0105kina Olga z domu Chalamowska  (30.01.1949 \u2013 05.04.2004) <\/h4>\t\t\t\t\t\t<\/div>\n\t\t\t\t\t\t<span class=\"sa-trigger-icon sa-icon-wrapper sa-ac-icon-right\">\n\t\t\t\t\t\t\t<span class=\"sa-ac-icon-closed sa-icon-wrap\">\n\t\t\t\t\t\t\t\t<i class=\"fas fa-plus\"><\/i>\t\t\t\t\t\t\t<\/span>\n\t\t\t\t\t\t\t<span class=\"sa-ac-icon-opened sa-icon-wrap\">\n\t\t\t\t\t\t\t\t<i class=\"fas fa-minus\"><\/i>\t\t\t\t\t\t\t<\/span>\n\t\t\t\t\t\t<\/span>\n\t\t\t\t\t<\/div>\n\t\t\t\t\t<div class=\"sa-ac-panel\">\n\t\t\t\t\t\t<div class=\"sa-ac-content\">\n\t\t\t\t\t\t\t<p><div id='gallery-58' class='gallery galleryid-30589 gallery-columns-2 gallery-size-medium'><figure class='gallery-item'>\n\t\t\t<div class='gallery-icon landscape'>\n\t\t\t\t<a href='https:\/\/polishwomen.md\/wp-content\/uploads\/2023\/12\/\u2020-slakina-olga-z-domu-chalamowska-30.01.1949-\u2013-05.04.2004.jpg'><img loading=\"lazy\" decoding=\"async\" width=\"300\" height=\"200\" src=\"https:\/\/polishwomen.md\/wp-content\/uploads\/2023\/12\/\u2020-slakina-olga-z-domu-chalamowska-30.01.1949-\u2013-05.04.2004-300x200.jpg\" class=\"attachment-medium size-medium\" alt=\"\u2020 Sl\u0105kina Olga Z Domu Chalamowska (30.01.1949 \u2013 05.04.2004)\" aria-describedby=\"gallery-58-29599\" \/><\/a>\n\t\t\t<\/div>\n\t\t\t\t<figcaption class='wp-caption-text gallery-caption' id='gallery-58-29599'>\n\t\t\t\t\u2020 Sl\u0105kina Olga z domu Chalamowska  (30.01.1949 \u2013 05.04.2004)\n\t\t\t\t<\/figcaption><\/figure><figure class='gallery-item'>\n\t\t\t<div class='gallery-icon portrait'>\n\t\t\t\t<a href='https:\/\/polishwomen.md\/wp-content\/uploads\/2023\/12\/\u2020-slakina-olga-z-domu-chalamowska-30.01.1949-\u2013-05.04.2004-_.jpg'><img loading=\"lazy\" decoding=\"async\" width=\"200\" height=\"300\" src=\"https:\/\/polishwomen.md\/wp-content\/uploads\/2023\/12\/\u2020-slakina-olga-z-domu-chalamowska-30.01.1949-\u2013-05.04.2004-_-200x300.jpg\" class=\"attachment-medium size-medium\" alt=\"\u2020 Sl\u0105kina Olga Z Domu Chalamowska (30.01.1949 \u2013 05.04.2004) \" aria-describedby=\"gallery-58-29596\" \/><\/a>\n\t\t\t<\/div>\n\t\t\t\t<figcaption class='wp-caption-text gallery-caption' id='gallery-58-29596'>\n\t\t\t\t\u2020 Sl\u0105kina Olga z domu Chalamowska  (30.01.1949 \u2013 05.04.2004)\n\t\t\t\t<\/figcaption><\/figure>\n\t\t<\/div>\n<\/p>\t\t\t\t\t\t<\/div>\n\t\t\t\t\t<\/div>\n\t\t\t\t<\/div>\n\n\t\t\t\n\t\t\t\t<div class=\"sa-ac-item\">\n\t\t\t\t\t<div class=\"sa-ac-trigger\">\n\n\t\t\t\t\t\t<div class=\"sa-title-wrapper\">\n\t\t\t\t\t\t\t\t\t\t\t\t\t\t<h4 class=\"sa--title sa--text-title sa-ac-title sa-m-0 sa-p-0\"> \u2020 Sl\u0105kin Wiktor  (05.11.1948 \u2013 06.09.2022) <\/h4>\t\t\t\t\t\t<\/div>\n\t\t\t\t\t\t<span class=\"sa-trigger-icon sa-icon-wrapper sa-ac-icon-right\">\n\t\t\t\t\t\t\t<span class=\"sa-ac-icon-closed sa-icon-wrap\">\n\t\t\t\t\t\t\t\t<i class=\"fas fa-plus\"><\/i>\t\t\t\t\t\t\t<\/span>\n\t\t\t\t\t\t\t<span class=\"sa-ac-icon-opened sa-icon-wrap\">\n\t\t\t\t\t\t\t\t<i class=\"fas fa-minus\"><\/i>\t\t\t\t\t\t\t<\/span>\n\t\t\t\t\t\t<\/span>\n\t\t\t\t\t<\/div>\n\t\t\t\t\t<div class=\"sa-ac-panel\">\n\t\t\t\t\t\t<div class=\"sa-ac-content\">\n\t\t\t\t\t\t\t<p><div id='gallery-59' class='gallery galleryid-30589 gallery-columns-2 gallery-size-medium'><figure class='gallery-item'>\n\t\t\t<div class='gallery-icon landscape'>\n\t\t\t\t<a href='https:\/\/polishwomen.md\/wp-content\/uploads\/2023\/12\/\u2020-slakina-olga-z-domu-chalamowska-30.01.1949-\u2013-05.04.2004.jpg'><img loading=\"lazy\" decoding=\"async\" width=\"300\" height=\"200\" src=\"https:\/\/polishwomen.md\/wp-content\/uploads\/2023\/12\/\u2020-slakina-olga-z-domu-chalamowska-30.01.1949-\u2013-05.04.2004-300x200.jpg\" class=\"attachment-medium size-medium\" alt=\"\u2020 Sl\u0105kina Olga Z Domu Chalamowska (30.01.1949 \u2013 05.04.2004)\" aria-describedby=\"gallery-59-29599\" \/><\/a>\n\t\t\t<\/div>\n\t\t\t\t<figcaption class='wp-caption-text gallery-caption' id='gallery-59-29599'>\n\t\t\t\t\u2020 Sl\u0105kina Olga z domu Chalamowska  (30.01.1949 \u2013 05.04.2004)\n\t\t\t\t<\/figcaption><\/figure><figure class='gallery-item'>\n\t\t\t<div class='gallery-icon landscape'>\n\t\t\t\t<a href='https:\/\/polishwomen.md\/wp-content\/uploads\/2023\/12\/\u2020-slakin-wiktor-05.11.1948-\u2013-06.09.2022.jpg'><img loading=\"lazy\" decoding=\"async\" width=\"300\" height=\"200\" src=\"https:\/\/polishwomen.md\/wp-content\/uploads\/2023\/12\/\u2020-slakin-wiktor-05.11.1948-\u2013-06.09.2022-300x200.jpg\" class=\"attachment-medium size-medium\" alt=\"\u2020 Sl\u0105kin Wiktor (05.11.1948 \u2013 06.09.2022)\" aria-describedby=\"gallery-59-29606\" \/><\/a>\n\t\t\t<\/div>\n\t\t\t\t<figcaption class='wp-caption-text gallery-caption' id='gallery-59-29606'>\n\t\t\t\t\u2020 \n\t\t\t\t<\/figcaption><\/figure>\n\t\t<\/div>\n<\/p>\t\t\t\t\t\t<\/div>\n\t\t\t\t\t<\/div>\n\t\t\t\t<\/div>\n\n\t\t\t\n\t\t\t\t<div class=\"sa-ac-item\">\n\t\t\t\t\t<div class=\"sa-ac-trigger\">\n\n\t\t\t\t\t\t<div class=\"sa-title-wrapper\">\n\t\t\t\t\t\t\t\t\t\t\t\t\t\t<h4 class=\"sa--title sa--text-title sa-ac-title sa-m-0 sa-p-0\"> 59. \u2020 \u015awiszczewski Antoni (ur. 1851 \u2013 zm. 1887, Panie w Tobie Wiara, Nadzieja, Mi\u0142o\u015b\u0107)\n <\/h4>\t\t\t\t\t\t<\/div>\n\t\t\t\t\t\t<span class=\"sa-trigger-icon sa-icon-wrapper sa-ac-icon-right\">\n\t\t\t\t\t\t\t<span class=\"sa-ac-icon-closed sa-icon-wrap\">\n\t\t\t\t\t\t\t\t<i class=\"fas fa-plus\"><\/i>\t\t\t\t\t\t\t<\/span>\n\t\t\t\t\t\t\t<span class=\"sa-ac-icon-opened sa-icon-wrap\">\n\t\t\t\t\t\t\t\t<i class=\"fas fa-minus\"><\/i>\t\t\t\t\t\t\t<\/span>\n\t\t\t\t\t\t<\/span>\n\t\t\t\t\t<\/div>\n\t\t\t\t\t<div class=\"sa-ac-panel\">\n\t\t\t\t\t\t<div class=\"sa-ac-content\">\n\t\t\t\t\t\t\t<p><div id='gallery-60' class='gallery galleryid-30589 gallery-columns-2 gallery-size-medium'><figure class='gallery-item'>\n\t\t\t<div class='gallery-icon portrait'>\n\t\t\t\t<a href='https:\/\/polishwomen.md\/wp-content\/uploads\/2023\/12\/\u2020-swiszczewski-antoni-ur.-1851-\u2013-zm.-1887-panie-w-tobie-wiara-nadzieja_.jpg'><img loading=\"lazy\" decoding=\"async\" width=\"200\" height=\"300\" src=\"https:\/\/polishwomen.md\/wp-content\/uploads\/2023\/12\/\u2020-swiszczewski-antoni-ur.-1851-\u2013-zm.-1887-panie-w-tobie-wiara-nadzieja_-200x300.jpg\" class=\"attachment-medium size-medium\" alt=\"\u2020 \u015awiszczewski Antoni (ur. 1851 \u2013 Zm. 1887, Panie W Tobie Wiara, Nadzieja, \" aria-describedby=\"gallery-60-29752\" \/><\/a>\n\t\t\t<\/div>\n\t\t\t\t<figcaption class='wp-caption-text gallery-caption' id='gallery-60-29752'>\n\t\t\t\t\u2020 \u015awiszczewski Antoni (ur. 1851 \u2013 zm. 1887, Panie w Tobie Wiara, Nadzieja,\nMi\u0142o\u015b\u0107)\n\n\t\t\t\t<\/figcaption><\/figure><figure class='gallery-item'>\n\t\t\t<div class='gallery-icon portrait'>\n\t\t\t\t<a href='https:\/\/polishwomen.md\/wp-content\/uploads\/2023\/12\/\u2020-swiszczewski-antoni-ur.-1851-\u2013-zm.-1887-panie-w-tobie-wiara-nadzieja_-1.jpg'><img loading=\"lazy\" decoding=\"async\" width=\"200\" height=\"300\" src=\"https:\/\/polishwomen.md\/wp-content\/uploads\/2023\/12\/\u2020-swiszczewski-antoni-ur.-1851-\u2013-zm.-1887-panie-w-tobie-wiara-nadzieja_-1-200x300.jpg\" class=\"attachment-medium size-medium\" alt=\"\u2020 \u015awiszczewski Antoni (ur. 1851 \u2013 Zm. 1887, Panie W Tobie Wiara, Nadzieja, \" aria-describedby=\"gallery-60-29756\" \/><\/a>\n\t\t\t<\/div>\n\t\t\t\t<figcaption class='wp-caption-text gallery-caption' id='gallery-60-29756'>\n\t\t\t\t\u2020 \u015awiszczewski Antoni (ur. 1851 \u2013 zm. 1887, Panie w Tobie Wiara, Nadzieja,\nMi\u0142o\u015b\u0107)\n\n\t\t\t\t<\/figcaption><\/figure>\n\t\t<\/div>\n<\/p>\t\t\t\t\t\t<\/div>\n\t\t\t\t\t<\/div>\n\t\t\t\t<\/div>\n\n\t\t\t\n\t\t\t\t<div class=\"sa-ac-item\">\n\t\t\t\t\t<div class=\"sa-ac-trigger\">\n\n\t\t\t\t\t\t<div class=\"sa-title-wrapper\">\n\t\t\t\t\t\t\t\t\t\t\t\t\t\t<h4 class=\"sa--title sa--text-title sa-ac-title sa-m-0 sa-p-0\"> \u2020 Tarczynski Kazimierz (zm.17 marca 1818 r., mia\u0142 77 lat)  <\/h4>\t\t\t\t\t\t<\/div>\n\t\t\t\t\t\t<span class=\"sa-trigger-icon sa-icon-wrapper sa-ac-icon-right\">\n\t\t\t\t\t\t\t<span class=\"sa-ac-icon-closed sa-icon-wrap\">\n\t\t\t\t\t\t\t\t<i class=\"fas fa-plus\"><\/i>\t\t\t\t\t\t\t<\/span>\n\t\t\t\t\t\t\t<span class=\"sa-ac-icon-opened sa-icon-wrap\">\n\t\t\t\t\t\t\t\t<i class=\"fas fa-minus\"><\/i>\t\t\t\t\t\t\t<\/span>\n\t\t\t\t\t\t<\/span>\n\t\t\t\t\t<\/div>\n\t\t\t\t\t<div class=\"sa-ac-panel\">\n\t\t\t\t\t\t<div class=\"sa-ac-content\">\n\t\t\t\t\t\t\t<p><div id='gallery-61' class='gallery galleryid-30589 gallery-columns-2 gallery-size-medium'><figure class='gallery-item'>\n\t\t\t<div class='gallery-icon portrait'>\n\t\t\t\t<a href='https:\/\/polishwomen.md\/wp-content\/uploads\/2023\/12\/\u2020-tarczynski-kazimierz-zm.17-marca-1818-r.-mial-77-lat-_2.jpg'><img loading=\"lazy\" decoding=\"async\" width=\"200\" height=\"300\" src=\"https:\/\/polishwomen.md\/wp-content\/uploads\/2023\/12\/\u2020-tarczynski-kazimierz-zm.17-marca-1818-r.-mial-77-lat-_2-200x300.jpg\" class=\"attachment-medium size-medium\" alt=\"\u2020 Tarczynski Kazimierz (zm.17 Marca 1818 R., Mia\u0142 77 Lat) 2\" aria-describedby=\"gallery-61-29333\" \/><\/a>\n\t\t\t<\/div>\n\t\t\t\t<figcaption class='wp-caption-text gallery-caption' id='gallery-61-29333'>\n\t\t\t\t\u2020 Tarczynski Kazimierz (zm.17 marca 1818 r., mia\u0142 77 lat) \n\t\t\t\t<\/figcaption><\/figure><figure class='gallery-item'>\n\t\t\t<div class='gallery-icon portrait'>\n\t\t\t\t<a href='https:\/\/polishwomen.md\/wp-content\/uploads\/2023\/12\/\u2020-tarczynski-kazimierz-zm.17-marca-1818-r.-mial-77-lat.jpg'><img loading=\"lazy\" decoding=\"async\" width=\"200\" height=\"300\" src=\"https:\/\/polishwomen.md\/wp-content\/uploads\/2023\/12\/\u2020-tarczynski-kazimierz-zm.17-marca-1818-r.-mial-77-lat-200x300.jpg\" class=\"attachment-medium size-medium\" alt=\"\u2020 Tarczynski Kazimierz (zm.17 Marca 1818 R., Mia\u0142 77 Lat)\" aria-describedby=\"gallery-61-29330\" \/><\/a>\n\t\t\t<\/div>\n\t\t\t\t<figcaption class='wp-caption-text gallery-caption' id='gallery-61-29330'>\n\t\t\t\t\u2020 Tarczynski Kazimierz (zm.17 marca 1818 r., mia\u0142 77 lat) \n\t\t\t\t<\/figcaption><\/figure>\n\t\t<\/div>\n<\/p>\t\t\t\t\t\t<\/div>\n\t\t\t\t\t<\/div>\n\t\t\t\t<\/div>\n\n\t\t\t\n\t\t\t\t<div class=\"sa-ac-item\">\n\t\t\t\t\t<div class=\"sa-ac-trigger\">\n\n\t\t\t\t\t\t<div class=\"sa-title-wrapper\">\n\t\t\t\t\t\t\t\t\t\t\t\t\t\t<h4 class=\"sa--title sa--text-title sa-ac-title sa-m-0 sa-p-0\"> 61. \u2020 Tautu Antonina (1871 \u2013 1972[R.B.-L.]) <\/h4>\t\t\t\t\t\t<\/div>\n\t\t\t\t\t\t<span class=\"sa-trigger-icon sa-icon-wrapper sa-ac-icon-right\">\n\t\t\t\t\t\t\t<span class=\"sa-ac-icon-closed sa-icon-wrap\">\n\t\t\t\t\t\t\t\t<i class=\"fas fa-plus\"><\/i>\t\t\t\t\t\t\t<\/span>\n\t\t\t\t\t\t\t<span class=\"sa-ac-icon-opened sa-icon-wrap\">\n\t\t\t\t\t\t\t\t<i class=\"fas fa-minus\"><\/i>\t\t\t\t\t\t\t<\/span>\n\t\t\t\t\t\t<\/span>\n\t\t\t\t\t<\/div>\n\t\t\t\t\t<div class=\"sa-ac-panel\">\n\t\t\t\t\t\t<div class=\"sa-ac-content\">\n\t\t\t\t\t\t\t<p><div id='gallery-62' class='gallery galleryid-30589 gallery-columns-2 gallery-size-medium'><figure class='gallery-item'>\n\t\t\t<div class='gallery-icon landscape'>\n\t\t\t\t<a href='https:\/\/polishwomen.md\/ru\/kladbishhe\/61-%e2%80%a0-tautu-antonina-1871-1972r-b-l-_2-2\/'><img loading=\"lazy\" decoding=\"async\" width=\"300\" height=\"200\" src=\"https:\/\/polishwomen.md\/wp-content\/uploads\/2023\/12\/61.-\u2020-tautu-antonina-1871-\u2013-1972r.b.-l._2-300x200.jpg\" class=\"attachment-medium size-medium\" alt=\"61. \u2020 Tautu Antonina (1871 \u2013 1972[r.b. L.]) 2\" \/><\/a>\n\t\t\t<\/div><\/figure><figure class='gallery-item'>\n\t\t\t<div class='gallery-icon portrait'>\n\t\t\t\t<a href='https:\/\/polishwomen.md\/ru\/kladbishhe\/61-%e2%80%a0-tautu-antonina-1871-1972r-b-l-2\/'><img loading=\"lazy\" decoding=\"async\" width=\"225\" height=\"300\" src=\"https:\/\/polishwomen.md\/wp-content\/uploads\/2023\/12\/61.-\u2020-tautu-antonina-1871-\u2013-1972r.b.-l-225x300.jpg\" class=\"attachment-medium size-medium\" alt=\"61. \u2020 Tautu Antonina (1871 \u2013 1972[r.b. L.])\" \/><\/a>\n\t\t\t<\/div><\/figure>\n\t\t<\/div>\n<\/p>\t\t\t\t\t\t<\/div>\n\t\t\t\t\t<\/div>\n\t\t\t\t<\/div>\n\n\t\t\t\n\t\t\t\t<div class=\"sa-ac-item\">\n\t\t\t\t\t<div class=\"sa-ac-trigger\">\n\n\t\t\t\t\t\t<div class=\"sa-title-wrapper\">\n\t\t\t\t\t\t\t\t\t\t\t\t\t\t<h4 class=\"sa--title sa--text-title sa-ac-title sa-m-0 sa-p-0\"> 62.\u2020 Trojanowski Micha\u0142 (ok. 1846 \u2013 9.03.1885, Za dusz\u0119 brata upraszam o wieczno\u015b\u0107 do Boga), topograf wojenny\n <\/h4>\t\t\t\t\t\t<\/div>\n\t\t\t\t\t\t<span class=\"sa-trigger-icon sa-icon-wrapper sa-ac-icon-right\">\n\t\t\t\t\t\t\t<span class=\"sa-ac-icon-closed sa-icon-wrap\">\n\t\t\t\t\t\t\t\t<i class=\"fas fa-plus\"><\/i>\t\t\t\t\t\t\t<\/span>\n\t\t\t\t\t\t\t<span class=\"sa-ac-icon-opened sa-icon-wrap\">\n\t\t\t\t\t\t\t\t<i class=\"fas fa-minus\"><\/i>\t\t\t\t\t\t\t<\/span>\n\t\t\t\t\t\t<\/span>\n\t\t\t\t\t<\/div>\n\t\t\t\t\t<div class=\"sa-ac-panel\">\n\t\t\t\t\t\t<div class=\"sa-ac-content\">\n\t\t\t\t\t\t\t<p><div id='gallery-63' class='gallery galleryid-30589 gallery-columns-2 gallery-size-medium'><figure class='gallery-item'>\n\t\t\t<div class='gallery-icon portrait'>\n\t\t\t\t<a href='https:\/\/polishwomen.md\/wp-content\/uploads\/2023\/12\/62-\u2020-trojanowski-michal-ok.-1846-\u2013-9.03.1885.jpg'><img loading=\"lazy\" decoding=\"async\" width=\"200\" height=\"300\" src=\"https:\/\/polishwomen.md\/wp-content\/uploads\/2023\/12\/62-\u2020-trojanowski-michal-ok.-1846-\u2013-9.03.1885-200x300.jpg\" class=\"attachment-medium size-medium\" alt=\"62 \u2020 Trojanowski Micha\u0142 (ok. 1846 \u2013 9.03.1885,\" aria-describedby=\"gallery-63-29772\" \/><\/a>\n\t\t\t<\/div>\n\t\t\t\t<figcaption class='wp-caption-text gallery-caption' id='gallery-63-29772'>\n\t\t\t\t\u2020 Trojanowski Micha\u0142 (ok. 1846 \u2013 9.03.1885, Za dusz\u0119 brata upraszam o\nwieczno\u015b\u0107 do Boga), topograf wojenny\n\n\t\t\t\t<\/figcaption><\/figure><figure class='gallery-item'>\n\t\t\t<div class='gallery-icon portrait'>\n\t\t\t\t<a href='https:\/\/polishwomen.md\/wp-content\/uploads\/2023\/12\/62-\u2020-trojanowski-michal-ok.-1846-\u2013-9.03.1885-_.jpg'><img loading=\"lazy\" decoding=\"async\" width=\"200\" height=\"300\" src=\"https:\/\/polishwomen.md\/wp-content\/uploads\/2023\/12\/62-\u2020-trojanowski-michal-ok.-1846-\u2013-9.03.1885-_-200x300.jpg\" class=\"attachment-medium size-medium\" alt=\"62 \u2020 Trojanowski Micha\u0142 (ok. 1846 \u2013 9.03.1885 ,\" aria-describedby=\"gallery-63-29775\" \/><\/a>\n\t\t\t<\/div>\n\t\t\t\t<figcaption class='wp-caption-text gallery-caption' id='gallery-63-29775'>\n\t\t\t\t\u2020 Trojanowski Micha\u0142 (ok. 1846 \u2013 9.03.1885, Za dusz\u0119 brata upraszam o\nwieczno\u015b\u0107 do Boga), topograf wojenny\n\n\t\t\t\t<\/figcaption><\/figure>\n\t\t<\/div>\n<\/p>\t\t\t\t\t\t<\/div>\n\t\t\t\t\t<\/div>\n\t\t\t\t<\/div>\n\n\t\t\t\n\t\t\t\t<div class=\"sa-ac-item\">\n\t\t\t\t\t<div class=\"sa-ac-trigger\">\n\n\t\t\t\t\t\t<div class=\"sa-title-wrapper\">\n\t\t\t\t\t\t\t\t\t\t\t\t\t\t<h4 class=\"sa--title sa--text-title sa-ac-title sa-m-0 sa-p-0\"> 63. \u2020 Tysski Hippolit (zm. 27 lipca 1898 r.) i \u2020 Oktawia (zm. 7 stycznia 1900 r.) <\/h4>\t\t\t\t\t\t<\/div>\n\t\t\t\t\t\t<span class=\"sa-trigger-icon sa-icon-wrapper sa-ac-icon-right\">\n\t\t\t\t\t\t\t<span class=\"sa-ac-icon-closed sa-icon-wrap\">\n\t\t\t\t\t\t\t\t<i class=\"fas fa-plus\"><\/i>\t\t\t\t\t\t\t<\/span>\n\t\t\t\t\t\t\t<span class=\"sa-ac-icon-opened sa-icon-wrap\">\n\t\t\t\t\t\t\t\t<i class=\"fas fa-minus\"><\/i>\t\t\t\t\t\t\t<\/span>\n\t\t\t\t\t\t<\/span>\n\t\t\t\t\t<\/div>\n\t\t\t\t\t<div class=\"sa-ac-panel\">\n\t\t\t\t\t\t<div class=\"sa-ac-content\">\n\t\t\t\t\t\t\t<p><div id='gallery-64' class='gallery galleryid-30589 gallery-columns-2 gallery-size-medium'><figure class='gallery-item'>\n\t\t\t<div class='gallery-icon portrait'>\n\t\t\t\t<a href='https:\/\/polishwomen.md\/wp-content\/uploads\/2023\/12\/63-\u2020-tysski-hippolit-zm.-27-lipca-1898-r.-i-\u2020-oktawia-zm.-7-stycznia-1900-r._.jpg'><img loading=\"lazy\" decoding=\"async\" width=\"200\" height=\"300\" src=\"https:\/\/polishwomen.md\/wp-content\/uploads\/2023\/12\/63-\u2020-tysski-hippolit-zm.-27-lipca-1898-r.-i-\u2020-oktawia-zm.-7-stycznia-1900-r._-200x300.jpg\" class=\"attachment-medium size-medium\" alt=\"63 \u2020 Tysski Hippolit (zm. 27 Lipca 1898 R.) I \u2020 Oktawia (zm. 7 Stycznia 1900 R.) \" aria-describedby=\"gallery-64-29368\" \/><\/a>\n\t\t\t<\/div>\n\t\t\t\t<figcaption class='wp-caption-text gallery-caption' id='gallery-64-29368'>\n\t\t\t\t\u2020 Tysski Hippolit (zm. 27 lipca 1898 r.) i \u2020 Oktawia (zm. 7 stycznia 1900 r.)\n\t\t\t\t<\/figcaption><\/figure><figure class='gallery-item'>\n\t\t\t<div class='gallery-icon portrait'>\n\t\t\t\t<a href='https:\/\/polishwomen.md\/wp-content\/uploads\/2023\/12\/63.-\u2020-tysski-hippolit-zm.-27-lipca-1898-r.-i-\u2020-oktawia-zm.-7-stycznia-1900-r.jpg'><img loading=\"lazy\" decoding=\"async\" width=\"200\" height=\"300\" src=\"https:\/\/polishwomen.md\/wp-content\/uploads\/2023\/12\/63.-\u2020-tysski-hippolit-zm.-27-lipca-1898-r.-i-\u2020-oktawia-zm.-7-stycznia-1900-r-200x300.jpg\" class=\"attachment-medium size-medium\" alt=\"63. \u2020 Tysski Hippolit (zm. 27 Lipca 1898 R.) I \u2020 Oktawia (zm. 7 Stycznia 1900 R.)\" aria-describedby=\"gallery-64-29365\" \/><\/a>\n\t\t\t<\/div>\n\t\t\t\t<figcaption class='wp-caption-text gallery-caption' id='gallery-64-29365'>\n\t\t\t\t\u2020 Tysski Hippolit (zm. 27 lipca 1898 r.) i \u2020 Oktawia (zm. 7 stycznia 1900 r.)\n\t\t\t\t<\/figcaption><\/figure>\n\t\t<\/div>\n<\/p>\t\t\t\t\t\t<\/div>\n\t\t\t\t\t<\/div>\n\t\t\t\t<\/div>\n\n\t\t\t\n\t\t\t\t<div class=\"sa-ac-item\">\n\t\t\t\t\t<div class=\"sa-ac-trigger\">\n\n\t\t\t\t\t\t<div class=\"sa-title-wrapper\">\n\t\t\t\t\t\t\t\t\t\t\t\t\t\t<h4 class=\"sa--title sa--text-title sa-ac-title sa-m-0 sa-p-0\"> 66. \u2020 Wielig\u00f3rscy (\u2026 zm. 6.01.1913), r\u00f3d szlachecki <\/h4>\t\t\t\t\t\t<\/div>\n\t\t\t\t\t\t<span class=\"sa-trigger-icon sa-icon-wrapper sa-ac-icon-right\">\n\t\t\t\t\t\t\t<span class=\"sa-ac-icon-closed sa-icon-wrap\">\n\t\t\t\t\t\t\t\t<i class=\"fas fa-plus\"><\/i>\t\t\t\t\t\t\t<\/span>\n\t\t\t\t\t\t\t<span class=\"sa-ac-icon-opened sa-icon-wrap\">\n\t\t\t\t\t\t\t\t<i class=\"fas fa-minus\"><\/i>\t\t\t\t\t\t\t<\/span>\n\t\t\t\t\t\t<\/span>\n\t\t\t\t\t<\/div>\n\t\t\t\t\t<div class=\"sa-ac-panel\">\n\t\t\t\t\t\t<div class=\"sa-ac-content\">\n\t\t\t\t\t\t\t<p><div id='gallery-65' class='gallery galleryid-30589 gallery-columns-2 gallery-size-medium'><figure class='gallery-item'>\n\t\t\t<div class='gallery-icon portrait'>\n\t\t\t\t<a href='https:\/\/polishwomen.md\/wp-content\/uploads\/2023\/12\/66-\u2020-wieligorscy-\u2026-zm.-6.01.1913-rod-szlachecki-_.jpg'><img loading=\"lazy\" decoding=\"async\" width=\"200\" height=\"300\" src=\"https:\/\/polishwomen.md\/wp-content\/uploads\/2023\/12\/66-\u2020-wieligorscy-\u2026-zm.-6.01.1913-rod-szlachecki-_-200x300.jpg\" class=\"attachment-medium size-medium\" alt=\"66 \u2020 Wielig\u00f3rscy (\u2026 Zm. 6.01.1913), R\u00f3d Szlachecki \" aria-describedby=\"gallery-65-29436\" \/><\/a>\n\t\t\t<\/div>\n\t\t\t\t<figcaption class='wp-caption-text gallery-caption' id='gallery-65-29436'>\n\t\t\t\t\u2020 Wielig\u00f3rscy (\u2026 zm. 6.01.1913), r\u00f3d szlachecki\n\t\t\t\t<\/figcaption><\/figure><figure class='gallery-item'>\n\t\t\t<div class='gallery-icon portrait'>\n\t\t\t\t<a href='https:\/\/polishwomen.md\/wp-content\/uploads\/2023\/12\/66-\u2020-wieligorscy-\u2026-zm.-6.01.1913-rod-szlachecki.jpg'><img loading=\"lazy\" decoding=\"async\" width=\"200\" height=\"300\" src=\"https:\/\/polishwomen.md\/wp-content\/uploads\/2023\/12\/66-\u2020-wieligorscy-\u2026-zm.-6.01.1913-rod-szlachecki-200x300.jpg\" class=\"attachment-medium size-medium\" alt=\"66 \u2020 Wielig\u00f3rscy (\u2026 Zm. 6.01.1913), R\u00f3d Szlachecki\" aria-describedby=\"gallery-65-29433\" \/><\/a>\n\t\t\t<\/div>\n\t\t\t\t<figcaption class='wp-caption-text gallery-caption' id='gallery-65-29433'>\n\t\t\t\t\u2020 Wielig\u00f3rscy (\u2026 zm. 6.01.1913), r\u00f3d szlachecki\n\t\t\t\t<\/figcaption><\/figure>\n\t\t<\/div>\n<\/p>\t\t\t\t\t\t<\/div>\n\t\t\t\t\t<\/div>\n\t\t\t\t<\/div>\n\n\t\t\t\n\t\t\t\t<div class=\"sa-ac-item\">\n\t\t\t\t\t<div class=\"sa-ac-trigger\">\n\n\t\t\t\t\t\t<div class=\"sa-title-wrapper\">\n\t\t\t\t\t\t\t\t\t\t\t\t\t\t<h4 class=\"sa--title sa--text-title sa-ac-title sa-m-0 sa-p-0\"> 67. \u2020 Wi\u0144kowska Maria (zm. 19.07.1936) <\/h4>\t\t\t\t\t\t<\/div>\n\t\t\t\t\t\t<span class=\"sa-trigger-icon sa-icon-wrapper sa-ac-icon-right\">\n\t\t\t\t\t\t\t<span class=\"sa-ac-icon-closed sa-icon-wrap\">\n\t\t\t\t\t\t\t\t<i class=\"fas fa-plus\"><\/i>\t\t\t\t\t\t\t<\/span>\n\t\t\t\t\t\t\t<span class=\"sa-ac-icon-opened sa-icon-wrap\">\n\t\t\t\t\t\t\t\t<i class=\"fas fa-minus\"><\/i>\t\t\t\t\t\t\t<\/span>\n\t\t\t\t\t\t<\/span>\n\t\t\t\t\t<\/div>\n\t\t\t\t\t<div class=\"sa-ac-panel\">\n\t\t\t\t\t\t<div class=\"sa-ac-content\">\n\t\t\t\t\t\t\t<p><div id='gallery-66' class='gallery galleryid-30589 gallery-columns-2 gallery-size-medium'><figure class='gallery-item'>\n\t\t\t<div class='gallery-icon portrait'>\n\t\t\t\t<a href='https:\/\/polishwomen.md\/wp-content\/uploads\/2023\/12\/67-\u2020-winkowska-maria-zm.-19.07.1936.jpg'><img loading=\"lazy\" decoding=\"async\" width=\"200\" height=\"300\" src=\"https:\/\/polishwomen.md\/wp-content\/uploads\/2023\/12\/67-\u2020-winkowska-maria-zm.-19.07.1936-200x300.jpg\" class=\"attachment-medium size-medium\" alt=\"67 \u2020 Wi\u0144kowska Maria (zm. 19.07.1936)\" aria-describedby=\"gallery-66-29733\" \/><\/a>\n\t\t\t<\/div>\n\t\t\t\t<figcaption class='wp-caption-text gallery-caption' id='gallery-66-29733'>\n\t\t\t\t\u2020 Wi\u0144kowska Maria (zm. 19.07.1936)\n\t\t\t\t<\/figcaption><\/figure><figure class='gallery-item'>\n\t\t\t<div class='gallery-icon landscape'>\n\t\t\t\t<a href='https:\/\/polishwomen.md\/wp-content\/uploads\/2023\/12\/67-\u2020-winkowska-maria-zm.-19.07.1936-_.jpg'><img loading=\"lazy\" decoding=\"async\" width=\"300\" height=\"200\" src=\"https:\/\/polishwomen.md\/wp-content\/uploads\/2023\/12\/67-\u2020-winkowska-maria-zm.-19.07.1936-_-300x200.jpg\" class=\"attachment-medium size-medium\" alt=\"67 \u2020 Wi\u0144kowska Maria (zm. 19.07.1936) \" aria-describedby=\"gallery-66-29736\" \/><\/a>\n\t\t\t<\/div>\n\t\t\t\t<figcaption class='wp-caption-text gallery-caption' id='gallery-66-29736'>\n\t\t\t\t\u2020 Wi\u0144kowska Maria (zm. 19.07.1936)\n\t\t\t\t<\/figcaption><\/figure>\n\t\t<\/div>\n<\/p>\t\t\t\t\t\t<\/div>\n\t\t\t\t\t<\/div>\n\t\t\t\t<\/div>\n\n\t\t\t\n\t\t\t\t<div class=\"sa-ac-item\">\n\t\t\t\t\t<div class=\"sa-ac-trigger\">\n\n\t\t\t\t\t\t<div class=\"sa-title-wrapper\">\n\t\t\t\t\t\t\t\t\t\t\t\t\t\t<h4 class=\"sa--title sa--text-title sa-ac-title sa-m-0 sa-p-0\"> 69.\u2020 Wodzicka Justyna (1822 \u2013 15.06.1907, \u017cy\u0142a lat 85)\n\u2020 Janowa-Kosko Maria, z d. Wodzicka (1859 \u2013 29.10.1911, \u017cy\u0142a lat 52)\n <\/h4>\t\t\t\t\t\t<\/div>\n\t\t\t\t\t\t<span class=\"sa-trigger-icon sa-icon-wrapper sa-ac-icon-right\">\n\t\t\t\t\t\t\t<span class=\"sa-ac-icon-closed sa-icon-wrap\">\n\t\t\t\t\t\t\t\t<i class=\"fas fa-plus\"><\/i>\t\t\t\t\t\t\t<\/span>\n\t\t\t\t\t\t\t<span class=\"sa-ac-icon-opened sa-icon-wrap\">\n\t\t\t\t\t\t\t\t<i class=\"fas fa-minus\"><\/i>\t\t\t\t\t\t\t<\/span>\n\t\t\t\t\t\t<\/span>\n\t\t\t\t\t<\/div>\n\t\t\t\t\t<div class=\"sa-ac-panel\">\n\t\t\t\t\t\t<div class=\"sa-ac-content\">\n\t\t\t\t\t\t\t<p><div id='gallery-67' class='gallery galleryid-30589 gallery-columns-3 gallery-size-medium'><figure class='gallery-item'>\n\t\t\t<div class='gallery-icon portrait'>\n\t\t\t\t<a href='https:\/\/polishwomen.md\/wp-content\/uploads\/2023\/12\/69-\u2020-wodzicka-justyna-1822-\u2013-15.06.1907-zyla-lat-85.jpg'><img loading=\"lazy\" decoding=\"async\" width=\"200\" height=\"300\" src=\"https:\/\/polishwomen.md\/wp-content\/uploads\/2023\/12\/69-\u2020-wodzicka-justyna-1822-\u2013-15.06.1907-zyla-lat-85-200x300.jpg\" class=\"attachment-medium size-medium\" alt=\"69 \u2020 Wodzicka Justyna (1822 \u2013 15.06.1907, \u017cy\u0142a Lat 85)\" aria-describedby=\"gallery-67-29632\" \/><\/a>\n\t\t\t<\/div>\n\t\t\t\t<figcaption class='wp-caption-text gallery-caption' id='gallery-67-29632'>\n\t\t\t\t\u2020 Wodzicka Justyna (1822 \u2013 15.06.1907, \u017cy\u0142a lat 85)\n\u2020 Janowa-Kosko Maria, z d. Wodzicka (1859 \u2013 29.10.1911, \u017cy\u0142a lat 52)\n\n\t\t\t\t<\/figcaption><\/figure><figure class='gallery-item'>\n\t\t\t<div class='gallery-icon landscape'>\n\t\t\t\t<a href='https:\/\/polishwomen.md\/wp-content\/uploads\/2023\/12\/69-\u2020-wodzicka-justyna-1822-\u2013-15.06.1907-zyla-lat-85-_.jpg'><img loading=\"lazy\" decoding=\"async\" width=\"300\" height=\"200\" src=\"https:\/\/polishwomen.md\/wp-content\/uploads\/2023\/12\/69-\u2020-wodzicka-justyna-1822-\u2013-15.06.1907-zyla-lat-85-_-300x200.jpg\" class=\"attachment-medium size-medium\" alt=\"69 \u2020 Wodzicka Justyna (1822 \u2013 15.06.1907, \u017cy\u0142a Lat 85) \" aria-describedby=\"gallery-67-29629\" \/><\/a>\n\t\t\t<\/div>\n\t\t\t\t<figcaption class='wp-caption-text gallery-caption' id='gallery-67-29629'>\n\t\t\t\t\u2020 Wodzicka Justyna (1822 \u2013 15.06.1907, \u017cy\u0142a lat 85)\n\u2020 Janowa-Kosko Maria, z d. Wodzicka (1859 \u2013 29.10.1911, \u017cy\u0142a lat 52)\n\n\t\t\t\t<\/figcaption><\/figure><figure class='gallery-item'>\n\t\t\t<div class='gallery-icon landscape'>\n\t\t\t\t<a href='https:\/\/polishwomen.md\/wp-content\/uploads\/2023\/12\/69-\u2020-wodzicka-justyna-1822-\u2013-15.06.1907-zyla-lat-85-__.jpg'><img loading=\"lazy\" decoding=\"async\" width=\"300\" height=\"200\" src=\"https:\/\/polishwomen.md\/wp-content\/uploads\/2023\/12\/69-\u2020-wodzicka-justyna-1822-\u2013-15.06.1907-zyla-lat-85-__-300x200.jpg\" class=\"attachment-medium size-medium\" alt=\"69 \u2020 Wodzicka Justyna (1822 \u2013 15.06.1907, \u017cy\u0142a Lat 85) \" aria-describedby=\"gallery-67-29635\" \/><\/a>\n\t\t\t<\/div>\n\t\t\t\t<figcaption class='wp-caption-text gallery-caption' id='gallery-67-29635'>\n\t\t\t\t\u2020 Wodzicka Justyna (1822 \u2013 15.06.1907, \u017cy\u0142a lat 85)\n\u2020 Janowa-Kosko Maria, z d. Wodzicka (1859 \u2013 29.10.1911, \u017cy\u0142a lat 52)\n\n\t\t\t\t<\/figcaption><\/figure>\n\t\t<\/div>\n<\/p>\t\t\t\t\t\t<\/div>\n\t\t\t\t\t<\/div>\n\t\t\t\t<\/div>\n\n\t\t\t\n\t\t\t\t<div class=\"sa-ac-item\">\n\t\t\t\t\t<div class=\"sa-ac-trigger\">\n\n\t\t\t\t\t\t<div class=\"sa-title-wrapper\">\n\t\t\t\t\t\t\t\t\t\t\t\t\t\t<h4 class=\"sa--title sa--text-title sa-ac-title sa-m-0 sa-p-0\"> 70.  \u2020 Wojnarowicz Maria (zm. 5.04.1890) <\/h4>\t\t\t\t\t\t<\/div>\n\t\t\t\t\t\t<span class=\"sa-trigger-icon sa-icon-wrapper sa-ac-icon-right\">\n\t\t\t\t\t\t\t<span class=\"sa-ac-icon-closed sa-icon-wrap\">\n\t\t\t\t\t\t\t\t<i class=\"fas fa-plus\"><\/i>\t\t\t\t\t\t\t<\/span>\n\t\t\t\t\t\t\t<span class=\"sa-ac-icon-opened sa-icon-wrap\">\n\t\t\t\t\t\t\t\t<i class=\"fas fa-minus\"><\/i>\t\t\t\t\t\t\t<\/span>\n\t\t\t\t\t\t<\/span>\n\t\t\t\t\t<\/div>\n\t\t\t\t\t<div class=\"sa-ac-panel\">\n\t\t\t\t\t\t<div class=\"sa-ac-content\">\n\t\t\t\t\t\t\t<p><div id='gallery-68' class='gallery galleryid-30589 gallery-columns-2 gallery-size-medium'><figure class='gallery-item'>\n\t\t\t<div class='gallery-icon portrait'>\n\t\t\t\t<a href='https:\/\/polishwomen.md\/wp-content\/uploads\/2023\/12\/70-\u2020-wojnarowicz-maria-zm.-5.04.1890-_.jpg'><img loading=\"lazy\" decoding=\"async\" width=\"200\" height=\"300\" src=\"https:\/\/polishwomen.md\/wp-content\/uploads\/2023\/12\/70-\u2020-wojnarowicz-maria-zm.-5.04.1890-_-200x300.jpg\" class=\"attachment-medium size-medium\" alt=\"70 \u2020 Wojnarowicz Maria (zm. 5.04.1890) \" aria-describedby=\"gallery-68-29542\" \/><\/a>\n\t\t\t<\/div>\n\t\t\t\t<figcaption class='wp-caption-text gallery-caption' id='gallery-68-29542'>\n\t\t\t\t\u2020 Wojnarowicz Maria (zm. 5.04.1890)\n\t\t\t\t<\/figcaption><\/figure><figure class='gallery-item'>\n\t\t\t<div class='gallery-icon portrait'>\n\t\t\t\t<a href='https:\/\/polishwomen.md\/wp-content\/uploads\/2023\/12\/70-\u2020-wojnarowicz-maria-zm.-5.04.1890.jpg'><img loading=\"lazy\" decoding=\"async\" width=\"200\" height=\"300\" src=\"https:\/\/polishwomen.md\/wp-content\/uploads\/2023\/12\/70-\u2020-wojnarowicz-maria-zm.-5.04.1890-200x300.jpg\" class=\"attachment-medium size-medium\" alt=\"70 \u2020 Wojnarowicz Maria (zm. 5.04.1890)\" aria-describedby=\"gallery-68-29545\" \/><\/a>\n\t\t\t<\/div>\n\t\t\t\t<figcaption class='wp-caption-text gallery-caption' id='gallery-68-29545'>\n\t\t\t\t\u2020 Wojnarowicz Maria (zm. 5.04.1890)\n\t\t\t\t<\/figcaption><\/figure>\n\t\t<\/div>\n<\/p>\t\t\t\t\t\t<\/div>\n\t\t\t\t\t<\/div>\n\t\t\t\t<\/div>\n\n\t\t\t\n\t\t\t\t<div class=\"sa-ac-item\">\n\t\t\t\t\t<div class=\"sa-ac-trigger\">\n\n\t\t\t\t\t\t<div class=\"sa-title-wrapper\">\n\t\t\t\t\t\t\t\t\t\t\t\t\t\t<h4 class=\"sa--title sa--text-title sa-ac-title sa-m-0 sa-p-0\"> 72.  \u2020  Wonsek Antoni <\/h4>\t\t\t\t\t\t<\/div>\n\t\t\t\t\t\t<span class=\"sa-trigger-icon sa-icon-wrapper sa-ac-icon-right\">\n\t\t\t\t\t\t\t<span class=\"sa-ac-icon-closed sa-icon-wrap\">\n\t\t\t\t\t\t\t\t<i class=\"fas fa-plus\"><\/i>\t\t\t\t\t\t\t<\/span>\n\t\t\t\t\t\t\t<span class=\"sa-ac-icon-opened sa-icon-wrap\">\n\t\t\t\t\t\t\t\t<i class=\"fas fa-minus\"><\/i>\t\t\t\t\t\t\t<\/span>\n\t\t\t\t\t\t<\/span>\n\t\t\t\t\t<\/div>\n\t\t\t\t\t<div class=\"sa-ac-panel\">\n\t\t\t\t\t\t<div class=\"sa-ac-content\">\n\t\t\t\t\t\t\t<p><div id='gallery-69' class='gallery galleryid-30589 gallery-columns-2 gallery-size-medium'><figure class='gallery-item'>\n\t\t\t<div class='gallery-icon portrait'>\n\t\t\t\t<a href='https:\/\/polishwomen.md\/wp-content\/uploads\/2023\/12\/72-\u2020-wonsek-antoni-_.jpg'><img loading=\"lazy\" decoding=\"async\" width=\"200\" height=\"300\" src=\"https:\/\/polishwomen.md\/wp-content\/uploads\/2023\/12\/72-\u2020-wonsek-antoni-_-200x300.jpg\" class=\"attachment-medium size-medium\" alt=\"72 \u2020 Wonsek Antoni \" aria-describedby=\"gallery-69-29679\" \/><\/a>\n\t\t\t<\/div>\n\t\t\t\t<figcaption class='wp-caption-text gallery-caption' id='gallery-69-29679'>\n\t\t\t\t\u2020 Wonsek Antoni\n\t\t\t\t<\/figcaption><\/figure><figure class='gallery-item'>\n\t\t\t<div class='gallery-icon portrait'>\n\t\t\t\t<a href='https:\/\/polishwomen.md\/wp-content\/uploads\/2023\/12\/72-\u2020-wonsek-antoni.jpg'><img loading=\"lazy\" decoding=\"async\" width=\"200\" height=\"300\" src=\"https:\/\/polishwomen.md\/wp-content\/uploads\/2023\/12\/72-\u2020-wonsek-antoni-200x300.jpg\" class=\"attachment-medium size-medium\" alt=\"72 \u2020 Wonsek Antoni\" aria-describedby=\"gallery-69-29682\" \/><\/a>\n\t\t\t<\/div>\n\t\t\t\t<figcaption class='wp-caption-text gallery-caption' id='gallery-69-29682'>\n\t\t\t\t\u2020 Wonsek Antoni\n\t\t\t\t<\/figcaption><\/figure>\n\t\t<\/div>\n<\/p>\t\t\t\t\t\t<\/div>\n\t\t\t\t\t<\/div>\n\t\t\t\t<\/div>\n\n\t\t\t\n\t\t\t\t<div class=\"sa-ac-item\">\n\t\t\t\t\t<div class=\"sa-ac-trigger\">\n\n\t\t\t\t\t\t<div class=\"sa-title-wrapper\">\n\t\t\t\t\t\t\t\t\t\t\t\t\t\t<h4 class=\"sa--title sa--text-title sa-ac-title sa-m-0 sa-p-0\"> 73.  \u2020 Woyciechowski Walentiy, profesor architektury, badacz twierdzy w Sorokach (30.11.1909 \u2013 11.05.1977) <\/h4>\t\t\t\t\t\t<\/div>\n\t\t\t\t\t\t<span class=\"sa-trigger-icon sa-icon-wrapper sa-ac-icon-right\">\n\t\t\t\t\t\t\t<span class=\"sa-ac-icon-closed sa-icon-wrap\">\n\t\t\t\t\t\t\t\t<i class=\"fas fa-plus\"><\/i>\t\t\t\t\t\t\t<\/span>\n\t\t\t\t\t\t\t<span class=\"sa-ac-icon-opened sa-icon-wrap\">\n\t\t\t\t\t\t\t\t<i class=\"fas fa-minus\"><\/i>\t\t\t\t\t\t\t<\/span>\n\t\t\t\t\t\t<\/span>\n\t\t\t\t\t<\/div>\n\t\t\t\t\t<div class=\"sa-ac-panel\">\n\t\t\t\t\t\t<div class=\"sa-ac-content\">\n\t\t\t\t\t\t\t<p><div id='gallery-70' class='gallery galleryid-30589 gallery-columns-2 gallery-size-medium'><figure class='gallery-item'>\n\t\t\t<div class='gallery-icon landscape'>\n\t\t\t\t<a href='https:\/\/polishwomen.md\/wp-content\/uploads\/2023\/12\/73-\u2020-woyciechowski-walenty-profesor-architektury-badacz-twierdzy-w-sorokach-30.11.1909-\u2013-11.05.1977.jpg'><img loading=\"lazy\" decoding=\"async\" width=\"300\" height=\"200\" src=\"https:\/\/polishwomen.md\/wp-content\/uploads\/2023\/12\/73-\u2020-woyciechowski-walenty-profesor-architektury-badacz-twierdzy-w-sorokach-30.11.1909-\u2013-11.05.1977-300x200.jpg\" class=\"attachment-medium size-medium\" alt=\"73 \u2020 Woyciechowski Walenty, Profesor Architektury, Badacz Twierdzy W Sorokach (30.11.1909 \u2013 11.05.1977)\" aria-describedby=\"gallery-70-29882\" \/><\/a>\n\t\t\t<\/div>\n\t\t\t\t<figcaption class='wp-caption-text gallery-caption' id='gallery-70-29882'>\n\t\t\t\t\u2020 Woyciechowski Walenty, profesor architektury, badacz twierdzy w Sorokach (30.11.1909 \u2013 11.05.1977)\n\t\t\t\t<\/figcaption><\/figure><figure class='gallery-item'>\n\t\t\t<div class='gallery-icon portrait'>\n\t\t\t\t<a href='https:\/\/polishwomen.md\/wp-content\/uploads\/2023\/12\/73-\u2020-woyciechowski-walenty-profesor-architektury-badacz-twierdzy-w-sorokach-30.11.1909-\u2013-11.05.1977_.jpg'><img loading=\"lazy\" decoding=\"async\" width=\"200\" height=\"300\" src=\"https:\/\/polishwomen.md\/wp-content\/uploads\/2023\/12\/73-\u2020-woyciechowski-walenty-profesor-architektury-badacz-twierdzy-w-sorokach-30.11.1909-\u2013-11.05.1977_-200x300.jpg\" class=\"attachment-medium size-medium\" alt=\"73 \u2020 Woyciechowski Walenty, Profesor Architektury, Badacz Twierdzy W Sorokach (30.11.1909 \u2013 11.05.1977) \" aria-describedby=\"gallery-70-29879\" \/><\/a>\n\t\t\t<\/div>\n\t\t\t\t<figcaption class='wp-caption-text gallery-caption' id='gallery-70-29879'>\n\t\t\t\t\u2020 Woyciechowski Walenty, profesor architektury, badacz twierdzy w Sorokach (30.11.1909 \u2013 11.05.1977)\n\t\t\t\t<\/figcaption><\/figure>\n\t\t<\/div>\n<\/p>\t\t\t\t\t\t<\/div>\n\t\t\t\t\t<\/div>\n\t\t\t\t<\/div>\n\n\t\t\t\n\t\t\t\t<div class=\"sa-ac-item\">\n\t\t\t\t\t<div class=\"sa-ac-trigger\">\n\n\t\t\t\t\t\t<div class=\"sa-title-wrapper\">\n\t\t\t\t\t\t\t\t\t\t\t\t\t\t<h4 class=\"sa--title sa--text-title sa-ac-title sa-m-0 sa-p-0\"> 74.  \u2020 Zalewska Adela (ur. 16.12. 1899 \u2013 zm. 11.12.1914) <\/h4>\t\t\t\t\t\t<\/div>\n\t\t\t\t\t\t<span class=\"sa-trigger-icon sa-icon-wrapper sa-ac-icon-right\">\n\t\t\t\t\t\t\t<span class=\"sa-ac-icon-closed sa-icon-wrap\">\n\t\t\t\t\t\t\t\t<i class=\"fas fa-plus\"><\/i>\t\t\t\t\t\t\t<\/span>\n\t\t\t\t\t\t\t<span class=\"sa-ac-icon-opened sa-icon-wrap\">\n\t\t\t\t\t\t\t\t<i class=\"fas fa-minus\"><\/i>\t\t\t\t\t\t\t<\/span>\n\t\t\t\t\t\t<\/span>\n\t\t\t\t\t<\/div>\n\t\t\t\t\t<div class=\"sa-ac-panel\">\n\t\t\t\t\t\t<div class=\"sa-ac-content\">\n\t\t\t\t\t\t\t<p><div id='gallery-71' class='gallery galleryid-30589 gallery-columns-2 gallery-size-medium'><figure class='gallery-item'>\n\t\t\t<div class='gallery-icon portrait'>\n\t\t\t\t<a href='https:\/\/polishwomen.md\/wp-content\/uploads\/2023\/12\/74-\u2020-zalewska-adela-ur.-16.12.-1899-\u2013-zm.-11.12.1914.jpg'><img loading=\"lazy\" decoding=\"async\" width=\"200\" height=\"300\" src=\"https:\/\/polishwomen.md\/wp-content\/uploads\/2023\/12\/74-\u2020-zalewska-adela-ur.-16.12.-1899-\u2013-zm.-11.12.1914-200x300.jpg\" class=\"attachment-medium size-medium\" alt=\"74 \u2020 Zalewska Adela (ur. 16.12. 1899 \u2013 Zm. 11.12.1914)\" aria-describedby=\"gallery-71-29536\" \/><\/a>\n\t\t\t<\/div>\n\t\t\t\t<figcaption class='wp-caption-text gallery-caption' id='gallery-71-29536'>\n\t\t\t\t\u2020 Zalewska Adela (ur. 16.12. 1899 \u2013 zm. 11.12.1914)\n\t\t\t\t<\/figcaption><\/figure><figure class='gallery-item'>\n\t\t\t<div class='gallery-icon landscape'>\n\t\t\t\t<a href='https:\/\/polishwomen.md\/wp-content\/uploads\/2023\/12\/74-\u2020-zalewska-adela-ur.-16.12.-1899-\u2013-zm.-11.12.1914_.jpg'><img loading=\"lazy\" decoding=\"async\" width=\"300\" height=\"200\" src=\"https:\/\/polishwomen.md\/wp-content\/uploads\/2023\/12\/74-\u2020-zalewska-adela-ur.-16.12.-1899-\u2013-zm.-11.12.1914_-300x200.jpg\" class=\"attachment-medium size-medium\" alt=\"74 \u2020 Zalewska Adela (ur. 16.12. 1899 \u2013 Zm. 11.12.1914) \" aria-describedby=\"gallery-71-29539\" \/><\/a>\n\t\t\t<\/div>\n\t\t\t\t<figcaption class='wp-caption-text gallery-caption' id='gallery-71-29539'>\n\t\t\t\t\u2020 Zalewska Adela (ur. 16.12. 1899 \u2013 zm. 11.12.1914)\n\t\t\t\t<\/figcaption><\/figure>\n\t\t<\/div>\n<\/p>\t\t\t\t\t\t<\/div>\n\t\t\t\t\t<\/div>\n\t\t\t\t<\/div>\n\n\t\t\t\n\t\t\t\t<div class=\"sa-ac-item\">\n\t\t\t\t\t<div class=\"sa-ac-trigger\">\n\n\t\t\t\t\t\t<div class=\"sa-title-wrapper\">\n\t\t\t\t\t\t\t\t\t\t\t\t\t\t<h4 class=\"sa--title sa--text-title sa-ac-title sa-m-0 sa-p-0\"> 75.   \u2020 Zrohomierecka Maria (1779 - 1852)  <\/h4>\t\t\t\t\t\t<\/div>\n\t\t\t\t\t\t<span class=\"sa-trigger-icon sa-icon-wrapper sa-ac-icon-right\">\n\t\t\t\t\t\t\t<span class=\"sa-ac-icon-closed sa-icon-wrap\">\n\t\t\t\t\t\t\t\t<i class=\"fas fa-plus\"><\/i>\t\t\t\t\t\t\t<\/span>\n\t\t\t\t\t\t\t<span class=\"sa-ac-icon-opened sa-icon-wrap\">\n\t\t\t\t\t\t\t\t<i class=\"fas fa-minus\"><\/i>\t\t\t\t\t\t\t<\/span>\n\t\t\t\t\t\t<\/span>\n\t\t\t\t\t<\/div>\n\t\t\t\t\t<div class=\"sa-ac-panel\">\n\t\t\t\t\t\t<div class=\"sa-ac-content\">\n\t\t\t\t\t\t\t<p><div id='gallery-72' class='gallery galleryid-30589 gallery-columns-2 gallery-size-medium'><figure class='gallery-item'>\n\t\t\t<div class='gallery-icon portrait'>\n\t\t\t\t<a href='https:\/\/polishwomen.md\/wp-content\/uploads\/2023\/12\/75.-\u2020-zrohomierecka-maria-1779-1852.jpg'><img loading=\"lazy\" decoding=\"async\" width=\"200\" height=\"300\" src=\"https:\/\/polishwomen.md\/wp-content\/uploads\/2023\/12\/75.-\u2020-zrohomierecka-maria-1779-1852-200x300.jpg\" class=\"attachment-medium size-medium\" alt=\"75. \u2020 Zrohomierecka Maria (1779 1852)\" aria-describedby=\"gallery-72-29573\" \/><\/a>\n\t\t\t<\/div>\n\t\t\t\t<figcaption class='wp-caption-text gallery-caption' id='gallery-72-29573'>\n\t\t\t\t\u2020 Zrohomierecka Maria (1779 &#8211; 1852) \n\t\t\t\t<\/figcaption><\/figure><figure class='gallery-item'>\n\t\t\t<div class='gallery-icon portrait'>\n\t\t\t\t<a href='https:\/\/polishwomen.md\/wp-content\/uploads\/2023\/12\/75-\u2020-zrohomierecka-maria-1779-1852-_.jpg'><img loading=\"lazy\" decoding=\"async\" width=\"200\" height=\"300\" src=\"https:\/\/polishwomen.md\/wp-content\/uploads\/2023\/12\/75-\u2020-zrohomierecka-maria-1779-1852-_-200x300.jpg\" class=\"attachment-medium size-medium\" alt=\"75 \u2020 Zrohomierecka Maria (1779 1852) \" aria-describedby=\"gallery-72-29570\" \/><\/a>\n\t\t\t<\/div>\n\t\t\t\t<figcaption class='wp-caption-text gallery-caption' id='gallery-72-29570'>\n\t\t\t\t\u2020 Zrohomierecka Maria (1779 &#8211; 1852) \n\t\t\t\t<\/figcaption><\/figure>\n\t\t<\/div>\n<\/p>\t\t\t\t\t\t<\/div>\n\t\t\t\t\t<\/div>\n\t\t\t\t<\/div>\n\n\t\t\t\n\t\t\t\t<div class=\"sa-ac-item\">\n\t\t\t\t\t<div class=\"sa-ac-trigger\">\n\n\t\t\t\t\t\t<div class=\"sa-title-wrapper\">\n\t\t\t\t\t\t\t\t\t\t\t\t\t\t<h4 class=\"sa--title sa--text-title sa-ac-title sa-m-0 sa-p-0\">    \u2020 Nagrobek NN (kobiety) <\/h4>\t\t\t\t\t\t<\/div>\n\t\t\t\t\t\t<span class=\"sa-trigger-icon sa-icon-wrapper sa-ac-icon-right\">\n\t\t\t\t\t\t\t<span class=\"sa-ac-icon-closed sa-icon-wrap\">\n\t\t\t\t\t\t\t\t<i class=\"fas fa-plus\"><\/i>\t\t\t\t\t\t\t<\/span>\n\t\t\t\t\t\t\t<span class=\"sa-ac-icon-opened sa-icon-wrap\">\n\t\t\t\t\t\t\t\t<i class=\"fas fa-minus\"><\/i>\t\t\t\t\t\t\t<\/span>\n\t\t\t\t\t\t<\/span>\n\t\t\t\t\t<\/div>\n\t\t\t\t\t<div class=\"sa-ac-panel\">\n\t\t\t\t\t\t<div class=\"sa-ac-content\">\n\t\t\t\t\t\t\t<p><div id='gallery-73' class='gallery galleryid-30589 gallery-columns-1 gallery-size-medium'><figure class='gallery-item'>\n\t\t\t<div class='gallery-icon portrait'>\n\t\t\t\t<a href='https:\/\/polishwomen.md\/wp-content\/uploads\/2023\/12\/76.-nagrobek-nn-kobiety.jpg'><img loading=\"lazy\" decoding=\"async\" width=\"200\" height=\"300\" src=\"https:\/\/polishwomen.md\/wp-content\/uploads\/2023\/12\/76.-nagrobek-nn-kobiety-200x300.jpg\" class=\"attachment-medium size-medium\" alt=\"76. Nagrobek Nn (kobiety)\" aria-describedby=\"gallery-73-29294\" \/><\/a>\n\t\t\t<\/div>\n\t\t\t\t<figcaption class='wp-caption-text gallery-caption' id='gallery-73-29294'>\n\t\t\t\tNagrobek NN (kobiety)\n\t\t\t\t<\/figcaption><\/figure>\n\t\t<\/div>\n<\/p>\t\t\t\t\t\t<\/div>\n\t\t\t\t\t<\/div>\n\t\t\t\t<\/div>\n\n\t\t\t\n\t\t\t\t<div class=\"sa-ac-item\">\n\t\t\t\t\t<div class=\"sa-ac-trigger\">\n\n\t\t\t\t\t\t<div class=\"sa-title-wrapper\">\n\t\t\t\t\t\t\t\t\t\t\t\t\t\t<h4 class=\"sa--title sa--text-title sa-ac-title sa-m-0 sa-p-0\"> 78.   \u2020 Wienckowski Piotr, syn Jana (1832 \u2013 1911) <\/h4>\t\t\t\t\t\t<\/div>\n\t\t\t\t\t\t<span class=\"sa-trigger-icon sa-icon-wrapper sa-ac-icon-right\">\n\t\t\t\t\t\t\t<span class=\"sa-ac-icon-closed sa-icon-wrap\">\n\t\t\t\t\t\t\t\t<i class=\"fas fa-plus\"><\/i>\t\t\t\t\t\t\t<\/span>\n\t\t\t\t\t\t\t<span class=\"sa-ac-icon-opened sa-icon-wrap\">\n\t\t\t\t\t\t\t\t<i class=\"fas fa-minus\"><\/i>\t\t\t\t\t\t\t<\/span>\n\t\t\t\t\t\t<\/span>\n\t\t\t\t\t<\/div>\n\t\t\t\t\t<div class=\"sa-ac-panel\">\n\t\t\t\t\t\t<div class=\"sa-ac-content\">\n\t\t\t\t\t\t\t<p>Urz\u0119dnik pa\u0144stwowy, prezes Besarabskiego S\u0105du Komercyjnego, po\u015bmiertny fundator budowy w 1912 r. domu staro\u015bci przy cmentarzu <br \/>rzymskokatolickim.<\/p><p><div id='gallery-74' class='gallery galleryid-30589 gallery-columns-1 gallery-size-large'><figure class='gallery-item'>\n\t\t\t<div class='gallery-icon landscape'>\n\t\t\t\t<a href='https:\/\/polishwomen.md\/wp-content\/uploads\/2023\/12\/78-\u2020-wienckowski-piotr-syn-jana-1832-\u2013-1911.jpg'><img loading=\"lazy\" decoding=\"async\" width=\"640\" height=\"427\" src=\"https:\/\/polishwomen.md\/wp-content\/uploads\/2023\/12\/78-\u2020-wienckowski-piotr-syn-jana-1832-\u2013-1911.jpg\" class=\"attachment-large size-large\" alt=\"78 \u2020 Wienckowski Piotr, Syn Jana (1832 \u2013 1911)\" aria-describedby=\"gallery-74-29206\" \/><\/a>\n\t\t\t<\/div>\n\t\t\t\t<figcaption class='wp-caption-text gallery-caption' id='gallery-74-29206'>\n\t\t\t\turz\u0119dnik pa\u0144stwowy, prezes Besarabskiego \nS\u0105du Komercyjnego, po\u015bmiertny fundator budowy w 1912 r. domu staro\u015bci przy cmentarzu \nrzymskokatolickim\n\t\t\t\t<\/figcaption><\/figure>\n\t\t<\/div>\n<\/p>\t\t\t\t\t\t<\/div>\n\t\t\t\t\t<\/div>\n\t\t\t\t<\/div>\n\n\t\t\t\n\t\t\t\t<div class=\"sa-ac-item\">\n\t\t\t\t\t<div class=\"sa-ac-trigger\">\n\n\t\t\t\t\t\t<div class=\"sa-title-wrapper\">\n\t\t\t\t\t\t\t\t\t\t\t\t\t\t<h4 class=\"sa--title sa--text-title sa-ac-title sa-m-0 sa-p-0\"> 147. \u2020 Szeydewandt  Adelajda, z d. Dasked (zm. 27 listopada 1879 r. lat 44, \u017cona L. Szeydewandta)  <\/h4>\t\t\t\t\t\t<\/div>\n\t\t\t\t\t\t<span class=\"sa-trigger-icon sa-icon-wrapper sa-ac-icon-right\">\n\t\t\t\t\t\t\t<span class=\"sa-ac-icon-closed sa-icon-wrap\">\n\t\t\t\t\t\t\t\t<i class=\"fas fa-plus\"><\/i>\t\t\t\t\t\t\t<\/span>\n\t\t\t\t\t\t\t<span class=\"sa-ac-icon-opened sa-icon-wrap\">\n\t\t\t\t\t\t\t\t<i class=\"fas fa-minus\"><\/i>\t\t\t\t\t\t\t<\/span>\n\t\t\t\t\t\t<\/span>\n\t\t\t\t\t<\/div>\n\t\t\t\t\t<div class=\"sa-ac-panel\">\n\t\t\t\t\t\t<div class=\"sa-ac-content\">\n\t\t\t\t\t\t\t<p>ojciec \u2020 Osip Gasket, architekt<br \/>brat \u2020 Karol-Eugeniusz Gasket (zm. 27 listopada 1879 r.), architekt<br \/>dzieci: \u2020 Fiodor, \u2020 Piotr, \u2020 Leopold, \u2020 Iwan, \u2020 J\u00f3zef, \u2020 Adelajda,<br \/>\u2020 Klotylda, \u2020 Eugenia<\/p><p><div id='gallery-75' class='gallery galleryid-30589 gallery-columns-3 gallery-size-medium'><figure class='gallery-item'>\n\t\t\t<div class='gallery-icon portrait'>\n\t\t\t\t<a href='https:\/\/polishwomen.md\/wp-content\/uploads\/2023\/12\/147-\u2020szeydewandt-adelajda-z-d.-dasked-zm.-27-listopada-1879-r.-lat-44-zona-l.-szeydewandta-_-1.jpg'><img loading=\"lazy\" decoding=\"async\" width=\"200\" height=\"300\" src=\"https:\/\/polishwomen.md\/wp-content\/uploads\/2023\/12\/147-\u2020szeydewandt-adelajda-z-d.-dasked-zm.-27-listopada-1879-r.-lat-44-zona-l.-szeydewandta-_-1-200x300.jpg\" class=\"attachment-medium size-medium\" alt=\"147 \u2020szeydewandt Adelajda, Z D. Dasked (zm. 27 Listopada 1879 R. Lat 44, \u017cona L. Szeydewandta )\" aria-describedby=\"gallery-75-29673\" \/><\/a>\n\t\t\t<\/div>\n\t\t\t\t<figcaption class='wp-caption-text gallery-caption' id='gallery-75-29673'>\n\t\t\t\t\u2020Szeydewandt  Adelajda, z d. Dasked (zm. 27 listopada 1879 r. lat 44, \u017cona L. Szeydewandta) \n\t\t\t\t<\/figcaption><\/figure><figure class='gallery-item'>\n\t\t\t<div class='gallery-icon landscape'>\n\t\t\t\t<a href='https:\/\/polishwomen.md\/wp-content\/uploads\/2023\/12\/147-\u2020szeydewandt-adelajda-z-d.-dasked-zm.-27-listopada-1879-r.-lat-44-zona-l.-szeydewandta-_.jpg'><img loading=\"lazy\" decoding=\"async\" width=\"300\" height=\"200\" src=\"https:\/\/polishwomen.md\/wp-content\/uploads\/2023\/12\/147-\u2020szeydewandt-adelajda-z-d.-dasked-zm.-27-listopada-1879-r.-lat-44-zona-l.-szeydewandta-_-300x200.jpg\" class=\"attachment-medium size-medium\" alt=\"147 \u2020szeydewandt Adelajda, Z D. Dasked (zm. 27 Listopada 1879 R. Lat 44, \u017cona L. Szeydewandta) \" aria-describedby=\"gallery-75-29667\" \/><\/a>\n\t\t\t<\/div>\n\t\t\t\t<figcaption class='wp-caption-text gallery-caption' id='gallery-75-29667'>\n\t\t\t\t\u2020Szeydewandt  Adelajda, z d. Dasked (zm. 27 listopada 1879 r. lat 44, \u017cona L. Szeydewandta) \n\t\t\t\t<\/figcaption><\/figure><figure class='gallery-item'>\n\t\t\t<div class='gallery-icon portrait'>\n\t\t\t\t<a href='https:\/\/polishwomen.md\/wp-content\/uploads\/2023\/12\/147-\u2020szeydewandt-adelajda-z-d.-dasked-zm.-27-listopada-1879-r.-lat-44-zona-l.-szeydewandta.jpg'><img loading=\"lazy\" decoding=\"async\" width=\"200\" height=\"300\" src=\"https:\/\/polishwomen.md\/wp-content\/uploads\/2023\/12\/147-\u2020szeydewandt-adelajda-z-d.-dasked-zm.-27-listopada-1879-r.-lat-44-zona-l.-szeydewandta-200x300.jpg\" class=\"attachment-medium size-medium\" alt=\"147 \u2020szeydewandt Adelajda, Z D. Dasked (zm. 27 Listopada 1879 R. Lat 44, \u017cona L. Szeydewandta)\" aria-describedby=\"gallery-75-29670\" \/><\/a>\n\t\t\t<\/div>\n\t\t\t\t<figcaption class='wp-caption-text gallery-caption' id='gallery-75-29670'>\n\t\t\t\t\u2020Szeydewandt  Adelajda, z d. Dasked (zm. 27 listopada 1879 r. lat 44, \u017cona L. Szeydewandta) \n\t\t\t\t<\/figcaption><\/figure>\n\t\t<\/div>\n<\/p>\t\t\t\t\t\t<\/div>\n\t\t\t\t\t<\/div>\n\t\t\t\t<\/div>\n\n\t\t\t\n\t\t\t\t<div class=\"sa-ac-item\">\n\t\t\t\t\t<div class=\"sa-ac-trigger\">\n\n\t\t\t\t\t\t<div class=\"sa-title-wrapper\">\n\t\t\t\t\t\t\t\t\t\t\t\t\t\t<h4 class=\"sa--title sa--text-title sa-ac-title sa-m-0 sa-p-0\"> 148. \u2020 Szeydewand  Leopold, architekt m. Kiszyniowa w latach 1862-1883 (ur. 1829 \u2013 zm. 3 listopada 1894 r.)  <\/h4>\t\t\t\t\t\t<\/div>\n\t\t\t\t\t\t<span class=\"sa-trigger-icon sa-icon-wrapper sa-ac-icon-right\">\n\t\t\t\t\t\t\t<span class=\"sa-ac-icon-closed sa-icon-wrap\">\n\t\t\t\t\t\t\t\t<i class=\"fas fa-plus\"><\/i>\t\t\t\t\t\t\t<\/span>\n\t\t\t\t\t\t\t<span class=\"sa-ac-icon-opened sa-icon-wrap\">\n\t\t\t\t\t\t\t\t<i class=\"fas fa-minus\"><\/i>\t\t\t\t\t\t\t<\/span>\n\t\t\t\t\t\t<\/span>\n\t\t\t\t\t<\/div>\n\t\t\t\t\t<div class=\"sa-ac-panel\">\n\t\t\t\t\t\t<div class=\"sa-ac-content\">\n\t\t\t\t\t\t\t<p><div id='gallery-76' class='gallery galleryid-30589 gallery-columns-2 gallery-size-medium'><figure class='gallery-item'>\n\t\t\t<div class='gallery-icon portrait'>\n\t\t\t\t<a href='https:\/\/polishwomen.md\/wp-content\/uploads\/2023\/12\/60-\u2020-szeydewand-leopold-architekt-m.-kiszyniowa-w-latach-1862-1883-ur.-1829-\u2013-zm.-3-listopada-1894-r.jpg'><img loading=\"lazy\" decoding=\"async\" width=\"200\" height=\"300\" src=\"https:\/\/polishwomen.md\/wp-content\/uploads\/2023\/12\/60-\u2020-szeydewand-leopold-architekt-m.-kiszyniowa-w-latach-1862-1883-ur.-1829-\u2013-zm.-3-listopada-1894-r-200x300.jpg\" class=\"attachment-medium size-medium\" alt=\"60 \u2020 Szeydewand Leopold, Architekt M. Kiszyniowa W Latach 1862 1883 (ur. 1829 \u2013 Zm. 3 Listopada 1894 R.)\" aria-describedby=\"gallery-76-29657\" \/><\/a>\n\t\t\t<\/div>\n\t\t\t\t<figcaption class='wp-caption-text gallery-caption' id='gallery-76-29657'>\n\t\t\t\t\u2020 Szeydewand  Leopold, architekt m. Kiszyniowa w latach 1862-1883 (ur. 1829 \u2013 zm. 3 listopada 1894 r.) \n\t\t\t\t<\/figcaption><\/figure><figure class='gallery-item'>\n\t\t\t<div class='gallery-icon landscape'>\n\t\t\t\t<a href='https:\/\/polishwomen.md\/wp-content\/uploads\/2023\/12\/60-\u2020-szeydewand-leopold-architekt-m.-kiszyniowa-w-latach-1862-1883-ur.-1829-\u2013-zm.-3-listopada-1894-r.-_.jpg'><img loading=\"lazy\" decoding=\"async\" width=\"300\" height=\"200\" src=\"https:\/\/polishwomen.md\/wp-content\/uploads\/2023\/12\/60-\u2020-szeydewand-leopold-architekt-m.-kiszyniowa-w-latach-1862-1883-ur.-1829-\u2013-zm.-3-listopada-1894-r.-_-300x200.jpg\" class=\"attachment-medium size-medium\" alt=\"60 \u2020 Szeydewand Leopold, Architekt M. Kiszyniowa W Latach 1862 1883 (ur. 1829 \u2013 Zm. 3 Listopada 1894 R.) \" aria-describedby=\"gallery-76-29660\" \/><\/a>\n\t\t\t<\/div>\n\t\t\t\t<figcaption class='wp-caption-text gallery-caption' id='gallery-76-29660'>\n\t\t\t\t\u2020 Szeydewand  Leopold, architekt m. Kiszyniowa w latach 1862-1883 (ur. 1829 \u2013 zm. 3 listopada 1894 r.) \n\t\t\t\t<\/figcaption><\/figure>\n\t\t<\/div>\n<\/p>\t\t\t\t\t\t<\/div>\n\t\t\t\t\t<\/div>\n\t\t\t\t<\/div>\n\n\t\t\t\n\t\t\t\t<div class=\"sa-ac-item\">\n\t\t\t\t\t<div class=\"sa-ac-trigger\">\n\n\t\t\t\t\t\t<div class=\"sa-title-wrapper\">\n\t\t\t\t\t\t\t\t\t\t\t\t\t\t<h4 class=\"sa--title sa--text-title sa-ac-title sa-m-0 sa-p-0\"> \u2020 Sojecka Helena (1862 \u2013 5.11.1931)  <\/h4>\t\t\t\t\t\t<\/div>\n\t\t\t\t\t\t<span class=\"sa-trigger-icon sa-icon-wrapper sa-ac-icon-right\">\n\t\t\t\t\t\t\t<span class=\"sa-ac-icon-closed sa-icon-wrap\">\n\t\t\t\t\t\t\t\t<i class=\"fas fa-plus\"><\/i>\t\t\t\t\t\t\t<\/span>\n\t\t\t\t\t\t\t<span class=\"sa-ac-icon-opened sa-icon-wrap\">\n\t\t\t\t\t\t\t\t<i class=\"fas fa-minus\"><\/i>\t\t\t\t\t\t\t<\/span>\n\t\t\t\t\t\t<\/span>\n\t\t\t\t\t<\/div>\n\t\t\t\t\t<div class=\"sa-ac-panel\">\n\t\t\t\t\t\t<div class=\"sa-ac-content\">\n\t\t\t\t\t\t\t<p><div id='gallery-77' class='gallery galleryid-30589 gallery-columns-4 gallery-size-medium'><figure class='gallery-item'>\n\t\t\t<div class='gallery-icon landscape'>\n\t\t\t\t<a href='https:\/\/polishwomen.md\/wp-content\/uploads\/2023\/12\/\u2020-sojecka-helena-1862-\u2013-6.11.1931.jpg'><img loading=\"lazy\" decoding=\"async\" width=\"300\" height=\"200\" src=\"https:\/\/polishwomen.md\/wp-content\/uploads\/2023\/12\/\u2020-sojecka-helena-1862-\u2013-6.11.1931-300x200.jpg\" class=\"attachment-medium size-medium\" alt=\"\u2020 Sojecka Helena (1862 \u2013 6().11.1931)\" aria-describedby=\"gallery-77-29557\" \/><\/a>\n\t\t\t<\/div>\n\t\t\t\t<figcaption class='wp-caption-text gallery-caption' id='gallery-77-29557'>\n\t\t\t\t\u2020 Sojecka Helena (1862 \u2013 5.11.1931) \n\t\t\t\t<\/figcaption><\/figure><figure class='gallery-item'>\n\t\t\t<div class='gallery-icon portrait'>\n\t\t\t\t<a href='https:\/\/polishwomen.md\/wp-content\/uploads\/2023\/12\/\u2020-sojecka-helena-1862-\u2013-6.11.1931-_.jpg'><img loading=\"lazy\" decoding=\"async\" width=\"200\" height=\"300\" src=\"https:\/\/polishwomen.md\/wp-content\/uploads\/2023\/12\/\u2020-sojecka-helena-1862-\u2013-6.11.1931-_-200x300.jpg\" class=\"attachment-medium size-medium\" alt=\"\u2020 Sojecka Helena (1862 \u2013 6().11.1931) \" aria-describedby=\"gallery-77-29551\" \/><\/a>\n\t\t\t<\/div>\n\t\t\t\t<figcaption class='wp-caption-text gallery-caption' id='gallery-77-29551'>\n\t\t\t\t\u2020 Sojecka Helena (1862 \u2013 5.11.1931) \n\t\t\t\t<\/figcaption><\/figure><figure class='gallery-item'>\n\t\t\t<div class='gallery-icon landscape'>\n\t\t\t\t<a href='https:\/\/polishwomen.md\/wp-content\/uploads\/2023\/12\/\u2020-sojecka-helena-1862-\u2013-5.11.1931.jpg'><img loading=\"lazy\" decoding=\"async\" width=\"300\" height=\"200\" src=\"https:\/\/polishwomen.md\/wp-content\/uploads\/2023\/12\/\u2020-sojecka-helena-1862-\u2013-5.11.1931-300x200.jpg\" class=\"attachment-medium size-medium\" alt=\"\u2020 Sojecka Helena (1862 \u2013 5.11.1931)\" aria-describedby=\"gallery-77-29548\" \/><\/a>\n\t\t\t<\/div>\n\t\t\t\t<figcaption class='wp-caption-text gallery-caption' id='gallery-77-29548'>\n\t\t\t\t\u2020 Sojecka Helena (1862 \u2013 5.11.1931) \n\t\t\t\t<\/figcaption><\/figure><figure class='gallery-item'>\n\t\t\t<div class='gallery-icon portrait'>\n\t\t\t\t<a href='https:\/\/polishwomen.md\/wp-content\/uploads\/2023\/12\/\u2020-sojecka-helena-1862-\u2013-6.11.1931-__.jpg'><img loading=\"lazy\" decoding=\"async\" width=\"200\" height=\"300\" src=\"https:\/\/polishwomen.md\/wp-content\/uploads\/2023\/12\/\u2020-sojecka-helena-1862-\u2013-6.11.1931-__-200x300.jpg\" class=\"attachment-medium size-medium\" alt=\"\u2020 Sojecka Helena (1862 \u2013 6().11.1931) \" aria-describedby=\"gallery-77-29554\" \/><\/a>\n\t\t\t<\/div>\n\t\t\t\t<figcaption class='wp-caption-text gallery-caption' id='gallery-77-29554'>\n\t\t\t\t\u2020 Sojecka Helena (1862 \u2013 5.11.1931) \n\t\t\t\t<\/figcaption><\/figure>\n\t\t<\/div>\n<\/p>\t\t\t\t\t\t<\/div>\n\t\t\t\t\t<\/div>\n\t\t\t\t<\/div>\n\n\t\t\t\n\t\t\t\t<div class=\"sa-ac-item\">\n\t\t\t\t\t<div class=\"sa-ac-trigger\">\n\n\t\t\t\t\t\t<div class=\"sa-title-wrapper\">\n\t\t\t\t\t\t\t\t\t\t\t\t\t\t<h4 class=\"sa--title sa--text-title sa-ac-title sa-m-0 sa-p-0\">  \u2020 Tarnawska Maria (08.09.1923 \u2013 09.09.2014) \u2020 Tarnawski Jan Feliks (23.05.1874 \u2013 9.04.1935) <\/h4>\t\t\t\t\t\t<\/div>\n\t\t\t\t\t\t<span class=\"sa-trigger-icon sa-icon-wrapper sa-ac-icon-right\">\n\t\t\t\t\t\t\t<span class=\"sa-ac-icon-closed sa-icon-wrap\">\n\t\t\t\t\t\t\t\t<i class=\"fas fa-plus\"><\/i>\t\t\t\t\t\t\t<\/span>\n\t\t\t\t\t\t\t<span class=\"sa-ac-icon-opened sa-icon-wrap\">\n\t\t\t\t\t\t\t\t<i class=\"fas fa-minus\"><\/i>\t\t\t\t\t\t\t<\/span>\n\t\t\t\t\t\t<\/span>\n\t\t\t\t\t<\/div>\n\t\t\t\t\t<div class=\"sa-ac-panel\">\n\t\t\t\t\t\t<div class=\"sa-ac-content\">\n\t\t\t\t\t\t\t<p><div id='gallery-78' class='gallery galleryid-30589 gallery-columns-2 gallery-size-medium'><figure class='gallery-item'>\n\t\t\t<div class='gallery-icon portrait'>\n\t\t\t\t<a href='https:\/\/polishwomen.md\/wp-content\/uploads\/2023\/12\/\u2020-tarnawska-maria-08.09.1923-\u2013-09.09.2014-\u2020-tarnawski-jan-feliks-23.05.1874-\u2013-9.04.1935-_.jpg'><img loading=\"lazy\" decoding=\"async\" width=\"200\" height=\"300\" src=\"https:\/\/polishwomen.md\/wp-content\/uploads\/2023\/12\/\u2020-tarnawska-maria-08.09.1923-\u2013-09.09.2014-\u2020-tarnawski-jan-feliks-23.05.1874-\u2013-9.04.1935-_-200x300.jpg\" class=\"attachment-medium size-medium\" alt=\"\u2020 Tarnawska Maria (08.09.1923 \u2013 09.09.2014) \u2020 Tarnawski Jan Feliks (23.05.1874 \u2013 9.04.1935) \" aria-describedby=\"gallery-78-29494\" \/><\/a>\n\t\t\t<\/div>\n\t\t\t\t<figcaption class='wp-caption-text gallery-caption' id='gallery-78-29494'>\n\t\t\t\t \u2020 Tarnawska Maria (08.09.1923 \u2013 09.09.2014) \u2020 Tarnawski Jan Feliks (23.05.1874 \u2013 9.04.1935)\n\t\t\t\t<\/figcaption><\/figure><figure class='gallery-item'>\n\t\t\t<div class='gallery-icon portrait'>\n\t\t\t\t<a href='https:\/\/polishwomen.md\/wp-content\/uploads\/2023\/12\/\u2020-tarnawska-maria-08.09.1923-\u2013-09.09.2014-\u2020-tarnawski-jan-feliks-23.05.1874-\u2013-9.04.1935.jpg'><img loading=\"lazy\" decoding=\"async\" width=\"200\" height=\"300\" src=\"https:\/\/polishwomen.md\/wp-content\/uploads\/2023\/12\/\u2020-tarnawska-maria-08.09.1923-\u2013-09.09.2014-\u2020-tarnawski-jan-feliks-23.05.1874-\u2013-9.04.1935-200x300.jpg\" class=\"attachment-medium size-medium\" alt=\"\u2020 Tarnawska Maria (08.09.1923 \u2013 09.09.2014) \u2020 Tarnawski Jan Feliks (23.05.1874 \u2013 9.04.1935)\" aria-describedby=\"gallery-78-29488\" \/><\/a>\n\t\t\t<\/div>\n\t\t\t\t<figcaption class='wp-caption-text gallery-caption' id='gallery-78-29488'>\n\t\t\t\t \u2020 Tarnawska Maria (08.09.1923 \u2013 09.09.2014) \u2020 Tarnawski Jan Feliks (23.05.1874 \u2013 9.04.1935)\n\t\t\t\t<\/figcaption><\/figure>\n\t\t<\/div>\n<\/p>\t\t\t\t\t\t<\/div>\n\t\t\t\t\t<\/div>\n\t\t\t\t<\/div>\n\n\t\t\t\n\t\t\t\t<div class=\"sa-ac-item\">\n\t\t\t\t\t<div class=\"sa-ac-trigger\">\n\n\t\t\t\t\t\t<div class=\"sa-title-wrapper\">\n\t\t\t\t\t\t\t\t\t\t\t\t\t\t<h4 class=\"sa--title sa--text-title sa-ac-title sa-m-0 sa-p-0\"> 155.   \u2020 Tomaszewicz Wiktor zm. 23.01.1882 <\/h4>\t\t\t\t\t\t<\/div>\n\t\t\t\t\t\t<span class=\"sa-trigger-icon sa-icon-wrapper sa-ac-icon-right\">\n\t\t\t\t\t\t\t<span class=\"sa-ac-icon-closed sa-icon-wrap\">\n\t\t\t\t\t\t\t\t<i class=\"fas fa-plus\"><\/i>\t\t\t\t\t\t\t<\/span>\n\t\t\t\t\t\t\t<span class=\"sa-ac-icon-opened sa-icon-wrap\">\n\t\t\t\t\t\t\t\t<i class=\"fas fa-minus\"><\/i>\t\t\t\t\t\t\t<\/span>\n\t\t\t\t\t\t<\/span>\n\t\t\t\t\t<\/div>\n\t\t\t\t\t<div class=\"sa-ac-panel\">\n\t\t\t\t\t\t<div class=\"sa-ac-content\">\n\t\t\t\t\t\t\t<p><div id='gallery-79' class='gallery galleryid-30589 gallery-columns-2 gallery-size-medium'><figure class='gallery-item'>\n\t\t\t<div class='gallery-icon portrait'>\n\t\t\t\t<a href='https:\/\/polishwomen.md\/wp-content\/uploads\/2023\/12\/155-\u2020-tomaszewicz-wiktor.jpg'><img loading=\"lazy\" decoding=\"async\" width=\"200\" height=\"300\" src=\"https:\/\/polishwomen.md\/wp-content\/uploads\/2023\/12\/155-\u2020-tomaszewicz-wiktor-200x300.jpg\" class=\"attachment-medium size-medium\" alt=\"155 \u2020 Tomaszewicz Wiktor\" aria-describedby=\"gallery-79-29284\" \/><\/a>\n\t\t\t<\/div>\n\t\t\t\t<figcaption class='wp-caption-text gallery-caption' id='gallery-79-29284'>\n\t\t\t\t\u2020 Tomaszewicz Wiktor zm. 23.01.1882\n\t\t\t\t<\/figcaption><\/figure><figure class='gallery-item'>\n\t\t\t<div class='gallery-icon portrait'>\n\t\t\t\t<a href='https:\/\/polishwomen.md\/wp-content\/uploads\/2023\/12\/155.-\u2020-tomaszewicz-wiktor-_2.jpg'><img loading=\"lazy\" decoding=\"async\" width=\"200\" height=\"300\" src=\"https:\/\/polishwomen.md\/wp-content\/uploads\/2023\/12\/155.-\u2020-tomaszewicz-wiktor-_2-200x300.jpg\" class=\"attachment-medium size-medium\" alt=\"155. \u2020 Tomaszewicz Wiktor 2\" aria-describedby=\"gallery-79-29287\" \/><\/a>\n\t\t\t<\/div>\n\t\t\t\t<figcaption class='wp-caption-text gallery-caption' id='gallery-79-29287'>\n\t\t\t\t\u2020 Tomaszewicz Wiktor zm. 23.01.1882\n\t\t\t\t<\/figcaption><\/figure>\n\t\t<\/div>\n<\/p>\t\t\t\t\t\t<\/div>\n\t\t\t\t\t<\/div>\n\t\t\t\t<\/div>\n\n\t\t\t\n\t\t\t\t<div class=\"sa-ac-item\">\n\t\t\t\t\t<div class=\"sa-ac-trigger\">\n\n\t\t\t\t\t\t<div class=\"sa-title-wrapper\">\n\t\t\t\t\t\t\t\t\t\t\t\t\t\t<h4 class=\"sa--title sa--text-title sa-ac-title sa-m-0 sa-p-0\"> 161.   \u2020 Wienckowski Jan, potomek rodu szlacheckiego z Poznania, w\u0142a\u015bciciel nieruchomo\u015bci (ok. 1801 \u2013 15.06.1876) <\/h4>\t\t\t\t\t\t<\/div>\n\t\t\t\t\t\t<span class=\"sa-trigger-icon sa-icon-wrapper sa-ac-icon-right\">\n\t\t\t\t\t\t\t<span class=\"sa-ac-icon-closed sa-icon-wrap\">\n\t\t\t\t\t\t\t\t<i class=\"fas fa-plus\"><\/i>\t\t\t\t\t\t\t<\/span>\n\t\t\t\t\t\t\t<span class=\"sa-ac-icon-opened sa-icon-wrap\">\n\t\t\t\t\t\t\t\t<i class=\"fas fa-minus\"><\/i>\t\t\t\t\t\t\t<\/span>\n\t\t\t\t\t\t<\/span>\n\t\t\t\t\t<\/div>\n\t\t\t\t\t<div class=\"sa-ac-panel\">\n\t\t\t\t\t\t<div class=\"sa-ac-content\">\n\t\t\t\t\t\t\t<p><div id='gallery-80' class='gallery galleryid-30589 gallery-columns-2 gallery-size-medium'><figure class='gallery-item'>\n\t\t\t<div class='gallery-icon portrait'>\n\t\t\t\t<a href='https:\/\/polishwomen.md\/wp-content\/uploads\/2023\/12\/161.-\u2020-wienckowski-jan-_1.jpg'><img loading=\"lazy\" decoding=\"async\" width=\"200\" height=\"300\" src=\"https:\/\/polishwomen.md\/wp-content\/uploads\/2023\/12\/161.-\u2020-wienckowski-jan-_1-200x300.jpg\" class=\"attachment-medium size-medium\" alt=\"161. \u2020 Wienckowski Jan 1\" aria-describedby=\"gallery-80-29300\" \/><\/a>\n\t\t\t<\/div>\n\t\t\t\t<figcaption class='wp-caption-text gallery-caption' id='gallery-80-29300'>\n\t\t\t\t\u2020 Wienckowski Jan, (ok. 1801 \u2013 15.06.1876) \n\t\t\t\t<\/figcaption><\/figure><figure class='gallery-item'>\n\t\t\t<div class='gallery-icon landscape'>\n\t\t\t\t<a href='https:\/\/polishwomen.md\/wp-content\/uploads\/2023\/12\/161.-\u2020-wienckowski-jan-_2.jpg'><img loading=\"lazy\" decoding=\"async\" width=\"300\" height=\"200\" src=\"https:\/\/polishwomen.md\/wp-content\/uploads\/2023\/12\/161.-\u2020-wienckowski-jan-_2-300x200.jpg\" class=\"attachment-medium size-medium\" alt=\"161. \u2020 Wienckowski Jan 2\" aria-describedby=\"gallery-80-29303\" \/><\/a>\n\t\t\t<\/div>\n\t\t\t\t<figcaption class='wp-caption-text gallery-caption' id='gallery-80-29303'>\n\t\t\t\t\u2020 Wienckowski Jan, (ok. 1801 \u2013 15.06.1876) \n\t\t\t\t<\/figcaption><\/figure>\n\t\t<\/div>\n<\/p>\t\t\t\t\t\t<\/div>\n\t\t\t\t\t<\/div>\n\t\t\t\t<\/div>\n\n\t\t\t\n\t\t\t\t<div class=\"sa-ac-item\">\n\t\t\t\t\t<div class=\"sa-ac-trigger\">\n\n\t\t\t\t\t\t<div class=\"sa-title-wrapper\">\n\t\t\t\t\t\t\t\t\t\t\t\t\t\t<h4 class=\"sa--title sa--text-title sa-ac-title sa-m-0 sa-p-0\"> 170.   \u2020 Wo\u0142oszynowski Aleksander (1841 \u2013 10.9.1895)  <\/h4>\t\t\t\t\t\t<\/div>\n\t\t\t\t\t\t<span class=\"sa-trigger-icon sa-icon-wrapper sa-ac-icon-right\">\n\t\t\t\t\t\t\t<span class=\"sa-ac-icon-closed sa-icon-wrap\">\n\t\t\t\t\t\t\t\t<i class=\"fas fa-plus\"><\/i>\t\t\t\t\t\t\t<\/span>\n\t\t\t\t\t\t\t<span class=\"sa-ac-icon-opened sa-icon-wrap\">\n\t\t\t\t\t\t\t\t<i class=\"fas fa-minus\"><\/i>\t\t\t\t\t\t\t<\/span>\n\t\t\t\t\t\t<\/span>\n\t\t\t\t\t<\/div>\n\t\t\t\t\t<div class=\"sa-ac-panel\">\n\t\t\t\t\t\t<div class=\"sa-ac-content\">\n\t\t\t\t\t\t\t<p><div id='gallery-81' class='gallery galleryid-30589 gallery-columns-2 gallery-size-medium'><figure class='gallery-item'>\n\t\t\t<div class='gallery-icon landscape'>\n\t\t\t\t<a href='https:\/\/polishwomen.md\/wp-content\/uploads\/2023\/12\/170-\u2020-woloszynowski-aleksander-1841-\u2013-1895-_.jpg'><img loading=\"lazy\" decoding=\"async\" width=\"300\" height=\"200\" src=\"https:\/\/polishwomen.md\/wp-content\/uploads\/2023\/12\/170-\u2020-woloszynowski-aleksander-1841-\u2013-1895-_-300x200.jpg\" class=\"attachment-medium size-medium\" alt=\"170 \u2020 Wo\u0142oszynowski Aleksander (1841 \u2013 1895) \" aria-describedby=\"gallery-81-29564\" \/><\/a>\n\t\t\t<\/div>\n\t\t\t\t<figcaption class='wp-caption-text gallery-caption' id='gallery-81-29564'>\n\t\t\t\t \u2020 Wo\u0142oszynowski Aleksander (1841 \u2013 10.9.1895) \n\t\t\t\t<\/figcaption><\/figure><figure class='gallery-item'>\n\t\t\t<div class='gallery-icon portrait'>\n\t\t\t\t<a href='https:\/\/polishwomen.md\/wp-content\/uploads\/2023\/12\/170-\u2020-woloszynowski-aleksander-1841-\u2013-1895.jpg'><img loading=\"lazy\" decoding=\"async\" width=\"200\" height=\"300\" src=\"https:\/\/polishwomen.md\/wp-content\/uploads\/2023\/12\/170-\u2020-woloszynowski-aleksander-1841-\u2013-1895-200x300.jpg\" class=\"attachment-medium size-medium\" alt=\"170 \u2020 Wo\u0142oszynowski Aleksander (1841 \u2013 1895)\" aria-describedby=\"gallery-81-29567\" \/><\/a>\n\t\t\t<\/div>\n\t\t\t\t<figcaption class='wp-caption-text gallery-caption' id='gallery-81-29567'>\n\t\t\t\t \u2020 Wo\u0142oszynowski Aleksander (1841 \u2013 10.9.1895) \n\t\t\t\t<\/figcaption><\/figure>\n\t\t<\/div>\n<\/p>\t\t\t\t\t\t<\/div>\n\t\t\t\t\t<\/div>\n\t\t\t\t<\/div>\n\n\t\t\t\n\t\t\t\t<div class=\"sa-ac-item\">\n\t\t\t\t\t<div class=\"sa-ac-trigger\">\n\n\t\t\t\t\t\t<div class=\"sa-title-wrapper\">\n\t\t\t\t\t\t\t\t\t\t\t\t\t\t<h4 class=\"sa--title sa--text-title sa-ac-title sa-m-0 sa-p-0\">     \u2020 Woytkowska Chrystyna-Augustina (zm. 3 lutego1901 r. w 72 roku \u017cycia)  <\/h4>\t\t\t\t\t\t<\/div>\n\t\t\t\t\t\t<span class=\"sa-trigger-icon sa-icon-wrapper sa-ac-icon-right\">\n\t\t\t\t\t\t\t<span class=\"sa-ac-icon-closed sa-icon-wrap\">\n\t\t\t\t\t\t\t\t<i class=\"fas fa-plus\"><\/i>\t\t\t\t\t\t\t<\/span>\n\t\t\t\t\t\t\t<span class=\"sa-ac-icon-opened sa-icon-wrap\">\n\t\t\t\t\t\t\t\t<i class=\"fas fa-minus\"><\/i>\t\t\t\t\t\t\t<\/span>\n\t\t\t\t\t\t<\/span>\n\t\t\t\t\t<\/div>\n\t\t\t\t\t<div class=\"sa-ac-panel\">\n\t\t\t\t\t\t<div class=\"sa-ac-content\">\n\t\t\t\t\t\t\t<p><div id='gallery-82' class='gallery galleryid-30589 gallery-columns-2 gallery-size-medium'><figure class='gallery-item'>\n\t\t\t<div class='gallery-icon portrait'>\n\t\t\t\t<a href='https:\/\/polishwomen.md\/wp-content\/uploads\/2023\/12\/\u2020-woytkowska-chrystyna-ernestina-zm.-3-lutego1901-r.-w-72-roku-zycia-_.jpg'><img loading=\"lazy\" decoding=\"async\" width=\"200\" height=\"300\" src=\"https:\/\/polishwomen.md\/wp-content\/uploads\/2023\/12\/\u2020-woytkowska-chrystyna-ernestina-zm.-3-lutego1901-r.-w-72-roku-zycia-_-200x300.jpg\" class=\"attachment-medium size-medium\" alt=\"\u2020 Woytkowska Chrystyna Ernestina (zm. 3 Lutego1901 R. W 72 Roku \u017cycia) \" aria-describedby=\"gallery-82-29446\" \/><\/a>\n\t\t\t<\/div>\n\t\t\t\t<figcaption class='wp-caption-text gallery-caption' id='gallery-82-29446'>\n\t\t\t\t\u2020 Woytkowska Chrystyna-Augustina (zm. 3 lutego1901 r. w 72 roku \u017cycia)\n\t\t\t\t<\/figcaption><\/figure><figure class='gallery-item'>\n\t\t\t<div class='gallery-icon portrait'>\n\t\t\t\t<a href='https:\/\/polishwomen.md\/wp-content\/uploads\/2023\/12\/\u2020-woytkowska-chrystyna-ernestina-zm.-3-lutego1901-r.-w-72-roku-zycia.jpg'><img loading=\"lazy\" decoding=\"async\" width=\"200\" height=\"300\" src=\"https:\/\/polishwomen.md\/wp-content\/uploads\/2023\/12\/\u2020-woytkowska-chrystyna-ernestina-zm.-3-lutego1901-r.-w-72-roku-zycia-200x300.jpg\" class=\"attachment-medium size-medium\" alt=\"\u2020 Woytkowska Chrystyna Ernestina (zm. 3 Lutego1901 R. W 72 Roku \u017cycia)\" aria-describedby=\"gallery-82-29443\" \/><\/a>\n\t\t\t<\/div>\n\t\t\t\t<figcaption class='wp-caption-text gallery-caption' id='gallery-82-29443'>\n\t\t\t\t\u2020 Woytkowska Chrystyna-Augustina (zm. 3 lutego1901 r. w 72 roku \u017cycia)\n\t\t\t\t<\/figcaption><\/figure>\n\t\t<\/div>\n<\/p>\t\t\t\t\t\t<\/div>\n\t\t\t\t\t<\/div>\n\t\t\t\t<\/div>\n\n\t\t\t\n\t\t\t\t<div class=\"sa-ac-item\">\n\t\t\t\t\t<div class=\"sa-ac-trigger\">\n\n\t\t\t\t\t\t<div class=\"sa-title-wrapper\">\n\t\t\t\t\t\t\t\t\t\t\t\t\t\t<h4 class=\"sa--title sa--text-title sa-ac-title sa-m-0 sa-p-0\"> \u2020 Zaluty\u0144ska Rita (1886 \u2013 1898) <\/h4>\t\t\t\t\t\t<\/div>\n\t\t\t\t\t\t<span class=\"sa-trigger-icon sa-icon-wrapper sa-ac-icon-right\">\n\t\t\t\t\t\t\t<span class=\"sa-ac-icon-closed sa-icon-wrap\">\n\t\t\t\t\t\t\t\t<i class=\"fas fa-plus\"><\/i>\t\t\t\t\t\t\t<\/span>\n\t\t\t\t\t\t\t<span class=\"sa-ac-icon-opened sa-icon-wrap\">\n\t\t\t\t\t\t\t\t<i class=\"fas fa-minus\"><\/i>\t\t\t\t\t\t\t<\/span>\n\t\t\t\t\t\t<\/span>\n\t\t\t\t\t<\/div>\n\t\t\t\t\t<div class=\"sa-ac-panel\">\n\t\t\t\t\t\t<div class=\"sa-ac-content\">\n\t\t\t\t\t\t\t<p><div id='gallery-83' class='gallery galleryid-30589 gallery-columns-1 gallery-size-medium'><figure class='gallery-item'>\n\t\t\t<div class='gallery-icon portrait'>\n\t\t\t\t<a href='https:\/\/polishwomen.md\/wp-content\/uploads\/2023\/12\/\u2020-zalutynska-rita-1886-\u2013-1898.jpg'><img loading=\"lazy\" decoding=\"async\" width=\"200\" height=\"300\" src=\"https:\/\/polishwomen.md\/wp-content\/uploads\/2023\/12\/\u2020-zalutynska-rita-1886-\u2013-1898-200x300.jpg\" class=\"attachment-medium size-medium\" alt=\"\u2020 Zaluty\u0144ska Rita (1886 \u2013 1898)\" aria-describedby=\"gallery-83-29264\" \/><\/a>\n\t\t\t<\/div>\n\t\t\t\t<figcaption class='wp-caption-text gallery-caption' id='gallery-83-29264'>\n\t\t\t\t\u2020 Zaluty\u0144ska Rita (1886 \u2013 1898)\n\t\t\t\t<\/figcaption><\/figure>\n\t\t<\/div>\n<\/p>\t\t\t\t\t\t<\/div>\n\t\t\t\t\t<\/div>\n\t\t\t\t<\/div>\n\n\t\t\t\n\t\t\t\t<div class=\"sa-ac-item\">\n\t\t\t\t\t<div class=\"sa-ac-trigger\">\n\n\t\t\t\t\t\t<div class=\"sa-title-wrapper\">\n\t\t\t\t\t\t\t\t\t\t\t\t\t\t<h4 class=\"sa--title sa--text-title sa-ac-title sa-m-0 sa-p-0\"> \u2020 Zolmanowicz Anna (zm. 8 stycznia 1898 r. w 57 roku \u017cycia)  <\/h4>\t\t\t\t\t\t<\/div>\n\t\t\t\t\t\t<span class=\"sa-trigger-icon sa-icon-wrapper sa-ac-icon-right\">\n\t\t\t\t\t\t\t<span class=\"sa-ac-icon-closed sa-icon-wrap\">\n\t\t\t\t\t\t\t\t<i class=\"fas fa-plus\"><\/i>\t\t\t\t\t\t\t<\/span>\n\t\t\t\t\t\t\t<span class=\"sa-ac-icon-opened sa-icon-wrap\">\n\t\t\t\t\t\t\t\t<i class=\"fas fa-minus\"><\/i>\t\t\t\t\t\t\t<\/span>\n\t\t\t\t\t\t<\/span>\n\t\t\t\t\t<\/div>\n\t\t\t\t\t<div class=\"sa-ac-panel\">\n\t\t\t\t\t\t<div class=\"sa-ac-content\">\n\t\t\t\t\t\t\t<p><div id='gallery-84' class='gallery galleryid-30589 gallery-columns-2 gallery-size-medium'><figure class='gallery-item'>\n\t\t\t<div class='gallery-icon portrait'>\n\t\t\t\t<a href='https:\/\/polishwomen.md\/wp-content\/uploads\/2023\/12\/\u2020-zolmanowicz-anna-zm.-8-stycznia-1898-r.-w-57-roku-zycia-.jpg'><img loading=\"lazy\" decoding=\"async\" width=\"200\" height=\"300\" src=\"https:\/\/polishwomen.md\/wp-content\/uploads\/2023\/12\/\u2020-zolmanowicz-anna-zm.-8-stycznia-1898-r.-w-57-roku-zycia--200x300.jpg\" class=\"attachment-medium size-medium\" alt=\"\u2020 Zolmanowicz Anna (zm. 8 Stycznia 1898 R. W 57 Roku \u017cycia)\" aria-describedby=\"gallery-84-29782\" \/><\/a>\n\t\t\t<\/div>\n\t\t\t\t<figcaption class='wp-caption-text gallery-caption' id='gallery-84-29782'>\n\t\t\t\t\u2020 Zolmanowicz Anna (zm. 8 stycznia 1898 r. w 57 roku \u017cycia) \n\t\t\t\t<\/figcaption><\/figure><figure class='gallery-item'>\n\t\t\t<div class='gallery-icon portrait'>\n\t\t\t\t<a href='https:\/\/polishwomen.md\/wp-content\/uploads\/2023\/12\/\u2020-zolmanowicz-anna-zm.-8-stycznia-1898-r.-w-57-roku-zycia-_.jpg'><img loading=\"lazy\" decoding=\"async\" width=\"200\" height=\"300\" src=\"https:\/\/polishwomen.md\/wp-content\/uploads\/2023\/12\/\u2020-zolmanowicz-anna-zm.-8-stycznia-1898-r.-w-57-roku-zycia-_-200x300.jpg\" class=\"attachment-medium size-medium\" alt=\"\u2020 Zolmanowicz Anna (zm. 8 Stycznia 1898 R. W 57 Roku \u017cycia) ) \" aria-describedby=\"gallery-84-29785\" \/><\/a>\n\t\t\t<\/div>\n\t\t\t\t<figcaption class='wp-caption-text gallery-caption' id='gallery-84-29785'>\n\t\t\t\t\u2020 Zolmanowicz Anna (zm. 8 stycznia 1898 r. w 57 roku \u017cycia) \n\t\t\t\t<\/figcaption><\/figure>\n\t\t<\/div>\n<\/p>\t\t\t\t\t\t<\/div>\n\t\t\t\t\t<\/div>\n\t\t\t\t<\/div>\n\n\t\t\t\n\t\t\t\t<div class=\"sa-ac-item\">\n\t\t\t\t\t<div class=\"sa-ac-trigger\">\n\n\t\t\t\t\t\t<div class=\"sa-title-wrapper\">\n\t\t\t\t\t\t\t\t\t\t\t\t\t\t<h4 class=\"sa--title sa--text-title sa-ac-title sa-m-0 sa-p-0\"> 181.  \u2020 \u017burakowski Marian Walery, doktor nauk medycznych, lekarz szpitala Czerwonego Krzy\u017ca w Kiszyniowie (15.08.1860 \u2013 30 marca1932) <\/h4>\t\t\t\t\t\t<\/div>\n\t\t\t\t\t\t<span class=\"sa-trigger-icon sa-icon-wrapper sa-ac-icon-right\">\n\t\t\t\t\t\t\t<span class=\"sa-ac-icon-closed sa-icon-wrap\">\n\t\t\t\t\t\t\t\t<i class=\"fas fa-plus\"><\/i>\t\t\t\t\t\t\t<\/span>\n\t\t\t\t\t\t\t<span class=\"sa-ac-icon-opened sa-icon-wrap\">\n\t\t\t\t\t\t\t\t<i class=\"fas fa-minus\"><\/i>\t\t\t\t\t\t\t<\/span>\n\t\t\t\t\t\t<\/span>\n\t\t\t\t\t<\/div>\n\t\t\t\t\t<div class=\"sa-ac-panel\">\n\t\t\t\t\t\t<div class=\"sa-ac-content\">\n\t\t\t\t\t\t\t<p><div id='gallery-85' class='gallery galleryid-30589 gallery-columns-1 gallery-size-medium'><figure class='gallery-item'>\n\t\t\t<div class='gallery-icon portrait'>\n\t\t\t\t<a href='https:\/\/polishwomen.md\/wp-content\/uploads\/2023\/12\/181.-\u2020-zurakowski-marian-walery-doktor-nauk-medycznych-lekarz-szpitala-czerwonego-krzyza-w-kiszyniowie-15.08.1860-\u2013-1932.jpg'><img loading=\"lazy\" decoding=\"async\" width=\"200\" height=\"300\" src=\"https:\/\/polishwomen.md\/wp-content\/uploads\/2023\/12\/181.-\u2020-zurakowski-marian-walery-doktor-nauk-medycznych-lekarz-szpitala-czerwonego-krzyza-w-kiszyniowie-15.08.1860-\u2013-1932-200x300.jpg\" class=\"attachment-medium size-medium\" alt=\"181. \u2020 \u017burakowski Marian Walery, Doktor Nauk Medycznych, Lekarz Szpitala Czerwonego Krzy\u017ca W Kiszyniowie (15.08.1860 \u2013 1932)\" aria-describedby=\"gallery-85-29235\" \/><\/a>\n\t\t\t<\/div>\n\t\t\t\t<figcaption class='wp-caption-text gallery-caption' id='gallery-85-29235'>\n\t\t\t\t\u2020 \u017burakowski Marian Walery, doktor nauk medycznych, lekarz szpitala Czerwonego Krzy\u017ca w Kiszyniowie (15.08.1860 \u2013 1932)\n\t\t\t\t<\/figcaption><\/figure>\n\t\t<\/div>\n<\/p>\t\t\t\t\t\t<\/div>\n\t\t\t\t\t<\/div>\n\t\t\t\t<\/div>\n\n\t\t\t\n\t\t<\/div>\n\n\t\t\t\t<\/div>\n\t\t\t\t<\/div>\n\t\t\t\t\t<\/div>\n\t\t<\/div>\n\t\t\t\t\t<\/div>\n\t\t<\/section>\n\t\t\t\t<section class=\"elementor-section elementor-top-section elementor-element elementor-element-23459e4 elementor-section-boxed elementor-section-height-default elementor-section-height-default\" data-id=\"23459e4\" data-element_type=\"section\">\n\t\t\t\t\t\t<div class=\"elementor-container elementor-column-gap-default\">\n\t\t\t\t\t<div class=\"elementor-column elementor-col-100 elementor-top-column elementor-element elementor-element-d7c089d\" data-id=\"d7c089d\" data-element_type=\"column\">\n\t\t\t<div class=\"elementor-widget-wrap\">\n\t\t\t\t\t\t\t<\/div>\n\t\t<\/div>\n\t\t\t\t\t<\/div>\n\t\t<\/section>\n\t\t\t\t<\/div>\n\t\t","protected":false},"excerpt":{"rendered":"<p>Team\u041a\u043b\u0430\u0434\u0431\u0438\u0449\u0435 \u041a\u043b\u0430\u0434\u0431\u0438\u0449\u0435 \u0431\u044b\u043b\u043e \u043e\u0441\u043d\u043e\u0432\u0430\u043d\u043e \u043e\u043a\u043e\u043b\u043e 1813 \u0433\u043e\u0434\u0430 \u043f\u043e \u0440\u0435\u0448\u0435\u043d\u0438\u044e \u043c\u0438\u0442\u0440\u043e\u043f\u043e\u043b\u0438\u0442\u0430 \u0411\u044d\u043d\u0443\u043b\u0435\u0441\u043a\u0443-\u0411\u043e\u0434\u043e\u043d\u0438. \u0417\u0434\u0435\u0441\u044c \u043f\u043e\u043a\u043e\u0438\u0442\u0441\u044f \u043f\u0440\u0430\u0445 \u0437\u043d\u0430\u043c\u0435\u043d\u0438\u0442\u044b\u0445 \u043c\u0435\u0446\u0435\u043d\u0430\u0442\u043e\u0432, \u0434\u0432\u043e\u0440\u044f\u043d, \u043a\u0443\u043f\u0446\u043e\u0432 \u0438 \u0430\u0440\u0445\u0438\u0442\u0435\u043a\u0442\u043e\u0440\u043e\u0432. \u0421\u0440\u0435\u0434\u0438 \u0441\u043e\u0432\u0440\u0435\u043c\u0435\u043d\u043d\u044b\u0445 \u0434\u0435\u044f\u0442\u0435\u043b\u0435\u0439 \u0437\u0434\u0435\u0441\u044c \u043f\u043e\u0445\u043e\u0440\u043e\u043d\u0435\u043d \u0412\u0430\u043b\u0435\u043d\u0442\u0438\u043d \u0412\u043e\u0439\u0446\u0435\u0445\u043e\u0432\u0441\u043a\u0438\u0439. \u0420\u0435\u0435\u0441\u0442\u0440 \u043c\u043e\u0433\u0438\u043b \u0431\u044b\u043b \u043b\u044e\u0431\u0435\u0437\u043d\u043e \u043f\u0440\u0435\u0434\u043e\u0441\u0442\u0430\u0432\u043b\u0435\u043d \u0433-\u0436\u043e\u0439 \u0415\u043a\u0430\u0442\u0435\u0440\u0438\u043d\u043e\u0439 \u042f\u0436\u0433\u0443\u043d\u043e\u0432\u0438\u0447 2 . \u2020 Arciszewska Olimpia (ok. 1835 \u2013 19.05.1902) \u2020 Arciszewska Olimpia (ok. 1835 \u2013 19.05.1902) \u2020 Arciszewska Olimpia (ok&#8230;.<\/p>\n","protected":false},"author":2,"featured_media":0,"parent":0,"menu_order":0,"comment_status":"closed","ping_status":"closed","template":"","meta":{"om_disable_all_campaigns":false,"_uf_show_specific_survey":0,"_uf_disable_surveys":false,"slim_seo":[],"footnotes":""},"class_list":["post-30589","page","type-page","status-publish","hentry"],"_links":{"self":[{"href":"https:\/\/polishwomen.md\/ru\/wp-json\/wp\/v2\/pages\/30589","targetHints":{"allow":["GET"]}}],"collection":[{"href":"https:\/\/polishwomen.md\/ru\/wp-json\/wp\/v2\/pages"}],"about":[{"href":"https:\/\/polishwomen.md\/ru\/wp-json\/wp\/v2\/types\/page"}],"author":[{"embeddable":true,"href":"https:\/\/polishwomen.md\/ru\/wp-json\/wp\/v2\/users\/2"}],"replies":[{"embeddable":true,"href":"https:\/\/polishwomen.md\/ru\/wp-json\/wp\/v2\/comments?post=30589"}],"version-history":[{"count":11,"href":"https:\/\/polishwomen.md\/ru\/wp-json\/wp\/v2\/pages\/30589\/revisions"}],"predecessor-version":[{"id":30607,"href":"https:\/\/polishwomen.md\/ru\/wp-json\/wp\/v2\/pages\/30589\/revisions\/30607"}],"wp:attachment":[{"href":"https:\/\/polishwomen.md\/ru\/wp-json\/wp\/v2\/media?parent=30589"}],"curies":[{"name":"wp","href":"https:\/\/api.w.org\/{rel}","templated":true}]}}